{"version":"1.0","provider_name":"Mondo Camping","provider_url":"https:\/\/www.mondocamping.com\/fr\/","author_name":"Mondo Camping","author_url":"https:\/\/www.mondocamping.com\/fr\/author\/redazione\/","title":"18e Congr\u00e8s croate du camping, 11-13 novembre","type":"rich","width":600,"height":338,"html":"<blockquote class=\"wp-embedded-content\" data-secret=\"9BpckFIC7q\"><a href=\"https:\/\/www.mondocamping.com\/fr\/18e-congres-croate-du-camping-11-13-novembre\/\">18e Congr\u00e8s croate du camping, 11-13 novembre<\/a><\/blockquote><iframe sandbox=\"allow-scripts\" security=\"restricted\" src=\"https:\/\/www.mondocamping.com\/fr\/18e-congres-croate-du-camping-11-13-novembre\/embed\/#?secret=9BpckFIC7q\" width=\"600\" height=\"338\" title=\"\u00ab\u00a018e Congr\u00e8s croate du camping, 11-13 novembre\u00a0\u00bb &#8212; Mondo Camping\" data-secret=\"9BpckFIC7q\" frameborder=\"0\" marginwidth=\"0\" marginheight=\"0\" scrolling=\"no\" class=\"wp-embedded-content\"><\/iframe><script type=\"text\/javascript\">\n\/* <![CDATA[ *\/\n\/*! This file is auto-generated *\/\n!function(d,l){\"use strict\";l.querySelector&&d.addEventListener&&\"undefined\"!=typeof URL&&(d.wp=d.wp||{},d.wp.receiveEmbedMessage||(d.wp.receiveEmbedMessage=function(e){var t=e.data;if((t||t.secret||t.message||t.value)&&!\/[^a-zA-Z0-9]\/.test(t.secret)){for(var s,r,n,a=l.querySelectorAll('iframe[data-secret=\"'+t.secret+'\"]'),o=l.querySelectorAll('blockquote[data-secret=\"'+t.secret+'\"]'),c=new RegExp(\"^https?:$\",\"i\"),i=0;i<o.length;i++)o[i].style.display=\"none\";for(i=0;i<a.length;i++)s=a[i],e.source===s.contentWindow&&(s.removeAttribute(\"style\"),\"height\"===t.message?(1e3<(r=parseInt(t.value,10))?r=1e3:~~r<200&&(r=200),s.height=r):\"link\"===t.message&&(r=new URL(s.getAttribute(\"src\")),n=new URL(t.value),c.test(n.protocol))&&n.host===r.host&&l.activeElement===s&&(d.top.location.href=t.value))}},d.addEventListener(\"message\",d.wp.receiveEmbedMessage,!1),l.addEventListener(\"DOMContentLoaded\",function(){for(var e,t,s=l.querySelectorAll(\"iframe.wp-embedded-content\"),r=0;r<s.length;r++)(t=(e=s[r]).getAttribute(\"data-secret\"))||(t=Math.random().toString(36).substring(2,12),e.src+=\"#?secret=\"+t,e.setAttribute(\"data-secret\",t)),e.contentWindow.postMessage({message:\"ready\",secret:t},\"*\")},!1)))}(window,document);\n\/\/# sourceURL=https:\/\/www.mondocamping.com\/wp-includes\/js\/wp-embed.min.js\n\/* ]]> *\/\n<\/script>\n","thumbnail_url":"https:\/\/www.mondocamping.com\/wp-content\/uploads\/2024\/11\/Screenshot-2024-11-11-alle-15.44.58.png","thumbnail_width":1200,"thumbnail_height":628,"description":"Lever de rideau sur le 18e Congr\u00e8s croate du campingun \u00e9v\u00e9nement d&rsquo;envergure internationale qui rassemble et implique le monde europ\u00e9en duplein air, les institutions concern\u00e9es, les partenaires, ainsi que les repr\u00e9sentants des fabricants et des fournisseurs de divers \u00e9quipements et services de camping, sans oublier tous les amateurs de tourisme de plein air. L&rsquo;\u00e9v\u00e9nement, qui [&hellip;]"}