{"version":"1.0","provider_name":"Mondo Camping","provider_url":"https:\/\/www.mondocamping.com\/fr\/","author_name":"Mondo Camping","author_url":"https:\/\/www.mondocamping.com\/fr\/author\/redazione\/","title":"Sommet autrichien du camping \u00e0 Graz","type":"rich","width":600,"height":338,"html":"<blockquote class=\"wp-embedded-content\" data-secret=\"D3gW94ZU67\"><a href=\"https:\/\/www.mondocamping.com\/fr\/sommet-autrichien-du-camping-a-graz\/\">Sommet autrichien du camping \u00e0 Graz<\/a><\/blockquote><iframe sandbox=\"allow-scripts\" security=\"restricted\" src=\"https:\/\/www.mondocamping.com\/fr\/sommet-autrichien-du-camping-a-graz\/embed\/#?secret=D3gW94ZU67\" width=\"600\" height=\"338\" title=\"\u00ab\u00a0Sommet autrichien du camping \u00e0 Graz\u00a0\u00bb &#8212; Mondo Camping\" data-secret=\"D3gW94ZU67\" frameborder=\"0\" marginwidth=\"0\" marginheight=\"0\" scrolling=\"no\" class=\"wp-embedded-content\"><\/iframe><script type=\"text\/javascript\">\n\/* <![CDATA[ *\/\n\/*! This file is auto-generated *\/\n!function(d,l){\"use strict\";l.querySelector&&d.addEventListener&&\"undefined\"!=typeof URL&&(d.wp=d.wp||{},d.wp.receiveEmbedMessage||(d.wp.receiveEmbedMessage=function(e){var t=e.data;if((t||t.secret||t.message||t.value)&&!\/[^a-zA-Z0-9]\/.test(t.secret)){for(var s,r,n,a=l.querySelectorAll('iframe[data-secret=\"'+t.secret+'\"]'),o=l.querySelectorAll('blockquote[data-secret=\"'+t.secret+'\"]'),c=new RegExp(\"^https?:$\",\"i\"),i=0;i<o.length;i++)o[i].style.display=\"none\";for(i=0;i<a.length;i++)s=a[i],e.source===s.contentWindow&&(s.removeAttribute(\"style\"),\"height\"===t.message?(1e3<(r=parseInt(t.value,10))?r=1e3:~~r<200&&(r=200),s.height=r):\"link\"===t.message&&(r=new URL(s.getAttribute(\"src\")),n=new URL(t.value),c.test(n.protocol))&&n.host===r.host&&l.activeElement===s&&(d.top.location.href=t.value))}},d.addEventListener(\"message\",d.wp.receiveEmbedMessage,!1),l.addEventListener(\"DOMContentLoaded\",function(){for(var e,t,s=l.querySelectorAll(\"iframe.wp-embedded-content\"),r=0;r<s.length;r++)(t=(e=s[r]).getAttribute(\"data-secret\"))||(t=Math.random().toString(36).substring(2,12),e.src+=\"#?secret=\"+t,e.setAttribute(\"data-secret\",t)),e.contentWindow.postMessage({message:\"ready\",secret:t},\"*\")},!1)))}(window,document);\n\/\/# sourceURL=https:\/\/www.mondocamping.com\/wp-includes\/js\/wp-embed.min.js\n\/* ]]> *\/\n<\/script>\n","thumbnail_url":"https:\/\/www.mondocamping.com\/wp-content\/uploads\/2025\/02\/Screenshot-2025-02-18-alle-18.24.26.png","thumbnail_width":1200,"thumbnail_height":628,"description":"Apr\u00e8s le succ\u00e8s de l&rsquo;ann\u00e9e derni\u00e8re, le Camping Gipfel \u00d6sterreich\u00e0 l&rsquo;Europasaal de la Chambre \u00e9conomique de Styrie \u00e0 Graz. Le sommet autrichien du camping, organis\u00e9 par Camping Initiative Steiermark, en coop\u00e9ration avec les associations professionnelles et les organisations de loisirs et de sports de la Chambre \u00e9conomique f\u00e9d\u00e9rale autrichienne, est une rencontre tr\u00e8s attendue par [&hellip;]"}