{"id":158066,"date":"2023-03-09T14:31:52","date_gmt":"2023-03-09T13:31:52","guid":{"rendered":"https:\/\/www.mondocamping.com\/home\/"},"modified":"2023-05-09T15:16:02","modified_gmt":"2023-05-09T13:16:02","slug":"home","status":"publish","type":"page","link":"https:\/\/www.mondocamping.com\/fr\/","title":{"rendered":"Home"},"content":{"rendered":"\t\t<div data-elementor-type=\"wp-post\" data-elementor-id=\"158066\" class=\"elementor elementor-158066 elementor-25791\" data-elementor-post-type=\"page\">\n\t\t\t\t\t\t<section class=\"elementor-section elementor-top-section elementor-element elementor-element-3dc6b23 elementor-section-boxed elementor-section-height-default elementor-section-height-default\" data-id=\"3dc6b23\" data-element_type=\"section\" data-e-type=\"section\">\n\t\t\t\t\t\t<div class=\"elementor-container elementor-column-gap-default\">\n\t\t\t\t\t<div class=\"elementor-column elementor-col-100 elementor-top-column elementor-element elementor-element-36b85b4\" data-id=\"36b85b4\" data-element_type=\"column\" data-e-type=\"column\">\n\t\t\t<div class=\"elementor-widget-wrap elementor-element-populated\">\n\t\t\t\t\t\t<div class=\"elementor-element elementor-element-86f8baa elementor-grid-1 articoli-home-grid elementor-posts--thumbnail-top elementor-grid-tablet-2 elementor-grid-mobile-1 elementor-widget elementor-widget-posts\" data-id=\"86f8baa\" data-element_type=\"widget\" data-e-type=\"widget\" data-settings=\"{&quot;custom_columns&quot;:&quot;1&quot;,&quot;custom_columns_tablet&quot;:&quot;2&quot;,&quot;custom_columns_mobile&quot;:&quot;1&quot;,&quot;custom_row_gap&quot;:{&quot;unit&quot;:&quot;px&quot;,&quot;size&quot;:35,&quot;sizes&quot;:[]},&quot;custom_row_gap_tablet&quot;:{&quot;unit&quot;:&quot;px&quot;,&quot;size&quot;:&quot;&quot;,&quot;sizes&quot;:[]},&quot;custom_row_gap_mobile&quot;:{&quot;unit&quot;:&quot;px&quot;,&quot;size&quot;:&quot;&quot;,&quot;sizes&quot;:[]}}\" data-widget_type=\"posts.custom\">\n\t\t\t\t<div class=\"elementor-widget-container\">\n\t\t\t\t\t      <div class=\"ecs-posts elementor-posts-container elementor-posts   elementor-grid elementor-posts--skin-custom\" data-settings=\"{&quot;current_page&quot;:1,&quot;max_num_pages&quot;:&quot;5&quot;,&quot;load_method&quot;:&quot;&quot;,&quot;widget_id&quot;:&quot;86f8baa&quot;,&quot;post_id&quot;:158066,&quot;theme_id&quot;:158066,&quot;change_url&quot;:false,&quot;reinit_js&quot;:false}\">\n      \t\t<article id=\"post-178317\" class=\"elementor-post elementor-grid-item ecs-post-loop post-178317 post type-post status-publish format-standard has-post-thumbnail hentry category-leurope-en-camping tag-camping-fr-2 tag-camping-au-danemark tag-danemark tag-vacances-au-danemark\">\n\t\t\t\t<div data-elementor-type=\"loop\" data-elementor-id=\"160357\" class=\"elementor elementor-160357 elementor-23263 elementor-23263 post-178317 post type-post status-publish format-standard has-post-thumbnail hentry category-leurope-en-camping tag-camping-fr-2 tag-camping-au-danemark tag-danemark tag-vacances-au-danemark\" data-elementor-post-type=\"elementor_library\">\n\t\t\t\t\t<section class=\"elementor-section elementor-top-section elementor-element elementor-element-0112976 elementor-section-full_width elementor-section-height-default elementor-section-height-default\" data-id=\"0112976\" data-element_type=\"section\" data-e-type=\"section\" data-settings=\"{&quot;background_background&quot;:&quot;classic&quot;}\">\n\t\t\t\t\t\t<div class=\"elementor-container elementor-column-gap-default\">\n\t\t\t\t\t<div class=\"elementor-column elementor-col-50 elementor-top-column elementor-element elementor-element-723a215\" data-id=\"723a215\" data-element_type=\"column\" data-e-type=\"column\" data-settings=\"{&quot;background_background&quot;:&quot;classic&quot;}\">\n\t\t\t<div class=\"elementor-widget-wrap elementor-element-populated\">\n\t\t\t\t\t\t<div class=\"elementor-element elementor-element-49a7cd3 elementor-widget elementor-widget-image\" data-id=\"49a7cd3\" data-element_type=\"widget\" data-e-type=\"widget\" data-widget_type=\"image.default\">\n\t\t\t\t<div class=\"elementor-widget-container\">\n\t\t\t\t\t\t\t\t\t\t\t\t\t\t\t\t<a href=\"https:\/\/www.mondocamping.com\/fr\/campeggiare-in-danimarca-per-unestate-fresca-e-verdissima\/\">\n\t\t\t\t\t\t\t<img fetchpriority=\"high\" decoding=\"async\" width=\"660\" height=\"348\" src=\"https:\/\/www.mondocamping.com\/wp-content\/uploads\/2026\/04\/patrick-harms-o5dKk4dff70-unsplash-2-768x405.jpg\" class=\"elementor-animation-shrink attachment-medium_large size-medium_large wp-image-178310\" alt=\"\" srcset=\"https:\/\/www.mondocamping.com\/wp-content\/uploads\/2026\/04\/patrick-harms-o5dKk4dff70-unsplash-2-768x405.jpg 768w, https:\/\/www.mondocamping.com\/wp-content\/uploads\/2026\/04\/patrick-harms-o5dKk4dff70-unsplash-2-300x158.jpg 300w, https:\/\/www.mondocamping.com\/wp-content\/uploads\/2026\/04\/patrick-harms-o5dKk4dff70-unsplash-2-1024x539.jpg 1024w, https:\/\/www.mondocamping.com\/wp-content\/uploads\/2026\/04\/patrick-harms-o5dKk4dff70-unsplash-2.jpg 1192w\" sizes=\"(max-width: 660px) 100vw, 660px\" \/>\t\t\t\t\t\t\t\t<\/a>\n\t\t\t\t\t\t\t\t\t\t\t\t\t\t\t<\/div>\n\t\t\t\t<\/div>\n\t\t\t\t\t<\/div>\n\t\t<\/div>\n\t\t\t\t<div class=\"elementor-column elementor-col-50 elementor-top-column elementor-element elementor-element-c443936\" data-id=\"c443936\" data-element_type=\"column\" data-e-type=\"column\">\n\t\t\t<div class=\"elementor-widget-wrap elementor-element-populated\">\n\t\t\t\t\t\t<div class=\"elementor-element elementor-element-883dadd elementor-icon-list--layout-inline elementor-list-item-link-full_width elementor-widget elementor-widget-icon-list\" data-id=\"883dadd\" data-element_type=\"widget\" data-e-type=\"widget\" data-widget_type=\"icon-list.default\">\n\t\t\t\t<div class=\"elementor-widget-container\">\n\t\t\t\t\t\t\t<ul class=\"elementor-icon-list-items elementor-inline-items\">\n\t\t\t\t\t\t\t<li class=\"elementor-icon-list-item elementor-inline-item\">\n\t\t\t\t\t\t\t\t\t\t<span class=\"elementor-icon-list-text\"><span>L'Europe en camping<\/span><\/span>\n\t\t\t\t\t\t\t\t\t<\/li>\n\t\t\t\t\t\t<\/ul>\n\t\t\t\t\t\t<\/div>\n\t\t\t\t<\/div>\n\t\t\t\t<div class=\"elementor-element elementor-element-ae25d64 elementor-widget elementor-widget-heading\" data-id=\"ae25d64\" data-element_type=\"widget\" data-e-type=\"widget\" data-widget_type=\"heading.default\">\n\t\t\t\t<div class=\"elementor-widget-container\">\n\t\t\t\t\t<h1 class=\"elementor-heading-title elementor-size-large\"><a href=\"https:\/\/www.mondocamping.com\/fr\/campeggiare-in-danimarca-per-unestate-fresca-e-verdissima\/\">Campeggiare in Danimarca, per un\u2019estate fresca e verdissima<\/a><\/h1>\t\t\t\t<\/div>\n\t\t\t\t<\/div>\n\t\t\t\t<section class=\"elementor-section elementor-inner-section elementor-element elementor-element-d3c5364 elementor-section-boxed elementor-section-height-default elementor-section-height-default\" data-id=\"d3c5364\" data-element_type=\"section\" data-e-type=\"section\">\n\t\t\t\t\t\t<div class=\"elementor-container elementor-column-gap-default\">\n\t\t\t\t\t<div class=\"elementor-column elementor-col-50 elementor-inner-column elementor-element elementor-element-796365e\" data-id=\"796365e\" data-element_type=\"column\" data-e-type=\"column\">\n\t\t\t<div class=\"elementor-widget-wrap elementor-element-populated\">\n\t\t\t\t\t\t<div class=\"elementor-element elementor-element-85d06e4 elementor-icon-list--layout-traditional elementor-list-item-link-full_width elementor-widget elementor-widget-icon-list\" data-id=\"85d06e4\" data-element_type=\"widget\" data-e-type=\"widget\" data-widget_type=\"icon-list.default\">\n\t\t\t\t<div class=\"elementor-widget-container\">\n\t\t\t\t\t\t\t<ul class=\"elementor-icon-list-items\">\n\t\t\t\t\t\t\t<li class=\"elementor-icon-list-item\">\n\t\t\t\t\t\t\t\t\t\t<span class=\"elementor-icon-list-text\">de Mondo Camping<\/span>\n\t\t\t\t\t\t\t\t\t<\/li>\n\t\t\t\t\t\t<\/ul>\n\t\t\t\t\t\t<\/div>\n\t\t\t\t<\/div>\n\t\t\t\t<div class=\"elementor-element elementor-element-79fe2b6 elementor-icon-list--layout-traditional elementor-list-item-link-full_width elementor-widget elementor-widget-icon-list\" data-id=\"79fe2b6\" data-element_type=\"widget\" data-e-type=\"widget\" data-widget_type=\"icon-list.default\">\n\t\t\t\t<div class=\"elementor-widget-container\">\n\t\t\t\t\t\t\t<ul class=\"elementor-icon-list-items\">\n\t\t\t\t\t\t\t<li class=\"elementor-icon-list-item\">\n\t\t\t\t\t\t\t\t\t\t<span class=\"elementor-icon-list-text\">29 avril 2026<\/span>\n\t\t\t\t\t\t\t\t\t<\/li>\n\t\t\t\t\t\t<\/ul>\n\t\t\t\t\t\t<\/div>\n\t\t\t\t<\/div>\n\t\t\t\t<div class=\"elementor-element elementor-element-49ab902 elementor-widget elementor-widget-button\" data-id=\"49ab902\" data-element_type=\"widget\" data-e-type=\"widget\" data-widget_type=\"button.default\">\n\t\t\t\t<div class=\"elementor-widget-container\">\n\t\t\t\t\t\t\t\t\t<div class=\"elementor-button-wrapper\">\n\t\t\t\t\t<a class=\"elementor-button elementor-button-link elementor-size-sm elementor-animation-shrink\" href=\"https:\/\/www.mondocamping.com\/fr\/campeggiare-in-danimarca-per-unestate-fresca-e-verdissima\/\">\n\t\t\t\t\t\t<span class=\"elementor-button-content-wrapper\">\n\t\t\t\t\t\t<span class=\"elementor-button-icon\">\n\t\t\t\t<i aria-hidden=\"true\" class=\"fas fa-angle-double-right\"><\/i>\t\t\t<\/span>\n\t\t\t\t\t\t\t\t\t<span class=\"elementor-button-text\">Lire l'article<\/span>\n\t\t\t\t\t<\/span>\n\t\t\t\t\t<\/a>\n\t\t\t\t<\/div>\n\t\t\t\t\t\t\t\t<\/div>\n\t\t\t\t<\/div>\n\t\t\t\t\t<\/div>\n\t\t<\/div>\n\t\t\t\t<div class=\"elementor-column elementor-col-50 elementor-inner-column elementor-element elementor-element-485481c\" data-id=\"485481c\" data-element_type=\"column\" data-e-type=\"column\">\n\t\t\t<div class=\"elementor-widget-wrap elementor-element-populated\">\n\t\t\t\t\t\t<div class=\"elementor-element elementor-element-3e0e7c1 elementor-align-center elementor-hidden-phone elementor-invisible elementor-widget elementor-widget-mondobalneare-banner\" data-id=\"3e0e7c1\" data-element_type=\"widget\" data-e-type=\"widget\" data-settings=\"{&quot;_animation&quot;:&quot;zoomIn&quot;,&quot;_animation_delay&quot;:0}\" data-widget_type=\"mondobalneare-banner.default\">\n\t\t\t\t<div class=\"elementor-widget-container\">\n\t\t\t\t\t<div class=\"mondobalneare-banner mondobalneare-banner-banner_1 \" style=\"text-align: center\">  <a href=\"https:\/\/www.mondocamping.com\/fr\/fornitori\/italsedie\/\" title=\"ITALSEDIE\"><img decoding=\"async\" src=\"https:\/\/www.mondocamping.com\/wp-content\/uploads\/2023\/05\/italsedie-FR-1.jpg\" alt=\"\" \/><\/a><\/div>\t\t\t\t<\/div>\n\t\t\t\t<\/div>\n\t\t\t\t\t<\/div>\n\t\t<\/div>\n\t\t\t\t\t<\/div>\n\t\t<\/section>\n\t\t\t\t\t<\/div>\n\t\t<\/div>\n\t\t\t\t\t<\/div>\n\t\t<\/section>\n\t\t\t\t<\/div>\n\t\t\t\t<\/article>\n\t\t\t\t<\/div>\n\t\t\t\t\t\t<\/div>\n\t\t\t\t<\/div>\n\t\t\t\t\t<\/div>\n\t\t<\/div>\n\t\t\t\t\t<\/div>\n\t\t<\/section>\n\t\t\t\t<section class=\"elementor-section elementor-top-section elementor-element elementor-element-a9a77b0 elementor-section-boxed elementor-section-height-default elementor-section-height-default\" data-id=\"a9a77b0\" data-element_type=\"section\" data-e-type=\"section\">\n\t\t\t\t\t\t<div class=\"elementor-container elementor-column-gap-default\">\n\t\t\t\t\t<div class=\"elementor-column elementor-col-100 elementor-top-column elementor-element elementor-element-976e123\" data-id=\"976e123\" data-element_type=\"column\" data-e-type=\"column\">\n\t\t\t<div class=\"elementor-widget-wrap elementor-element-populated\">\n\t\t\t\t\t\t<div class=\"elementor-element elementor-element-b82351e elementor-skin-carousel elementor-pagination-type-bullets elementor-pagination-position-outside elementor-widget elementor-widget-media-carousel\" data-id=\"b82351e\" data-element_type=\"widget\" data-e-type=\"widget\" data-settings=\"{&quot;skin&quot;:&quot;carousel&quot;,&quot;effect&quot;:&quot;slide&quot;,&quot;pagination&quot;:&quot;bullets&quot;,&quot;speed&quot;:500,&quot;autoplay&quot;:&quot;yes&quot;,&quot;autoplay_speed&quot;:5000,&quot;loop&quot;:&quot;yes&quot;,&quot;pause_on_hover&quot;:&quot;yes&quot;,&quot;pause_on_interaction&quot;:&quot;yes&quot;,&quot;space_between&quot;:{&quot;unit&quot;:&quot;px&quot;,&quot;size&quot;:10,&quot;sizes&quot;:[]},&quot;space_between_tablet&quot;:{&quot;unit&quot;:&quot;px&quot;,&quot;size&quot;:10,&quot;sizes&quot;:[]},&quot;space_between_mobile&quot;:{&quot;unit&quot;:&quot;px&quot;,&quot;size&quot;:10,&quot;sizes&quot;:[]}}\" data-widget_type=\"media-carousel.default\">\n\t\t\t\t<div class=\"elementor-widget-container\">\n\t\t\t\t\t\t\t\t\t<div class=\"elementor-swiper\">\n\t\t\t\t\t<div class=\"elementor-main-swiper swiper\" role=\"region\" aria-roledescription=\"carousel\" aria-label=\"Diapositives\">\n\t\t\t\t<div class=\"swiper-wrapper\">\n\t\t\t\t\t\t\t\t\t\t\t<div class=\"swiper-slide\" role=\"group\" aria-roledescription=\"slide\">\n\t\t\t\t\t\t\t<a href=\"https:\/\/www.mondocamping.com\/fr\/fornitori\/ridap\/\" target=\"_blank\">\t\t<div class=\"elementor-carousel-image\" role=\"img\" aria-label=\"ridapFR4\" style=\"background-image: url(&#039;https:\/\/www.mondocamping.com\/wp-content\/uploads\/elementor\/thumbs\/ridapFR4-rhfdjdoctoe2yed0wrjsz5l38jz6ksaa308clhlo5s.jpg&#039;)\">\n\n\t\t\t\n\t\t\t\t\t<\/div>\n\t\t<\/a>\t\t\t\t\t\t<\/div>\n\t\t\t\t\t\t\t\t\t\t\t<div class=\"swiper-slide\" role=\"group\" aria-roledescription=\"slide\">\n\t\t\t\t\t\t\t<a href=\"http:\/\/tuaregitalia.com\/marketing\/\" target=\"_blank\">\t\t<div class=\"elementor-carousel-image\" role=\"img\" aria-label=\"tuareg-Mondo Balneare-Camping-marzo-2023\" style=\"background-image: url(&#039;https:\/\/www.mondocamping.com\/wp-content\/uploads\/elementor\/thumbs\/tuareg-Mondo-Balneare-Camping-marzo-2023-rhfbkgqp7nbb1hdb0412v1t5u1i9uurb00dl5yqxlc.jpeg&#039;)\">\n\n\t\t\t\n\t\t\t\t\t<\/div>\n\t\t<\/a>\t\t\t\t\t\t<\/div>\n\t\t\t\t\t\t\t\t\t\t\t<div class=\"swiper-slide\" role=\"group\" aria-roledescription=\"slide\">\n\t\t\t\t\t\t\t<a href=\"https:\/\/www.mondocamping.com\/fr\/publicite\/\" target=\"_blank\">\t\t<div class=\"elementor-carousel-image\" role=\"img\" aria-label=\"announce\" style=\"background-image: url(&#039;https:\/\/www.mondocamping.com\/wp-content\/uploads\/elementor\/thumbs\/announce-rhfc7xrlvpg2yx9uxraommkjvft92qxzw6v3lpy07k.jpg&#039;)\">\n\n\t\t\t\n\t\t\t\t\t<\/div>\n\t\t<\/a>\t\t\t\t\t\t<\/div>\n\t\t\t\t\t\t\t\t\t\t\t<div class=\"swiper-slide\" role=\"group\" aria-roledescription=\"slide\">\n\t\t\t\t\t\t\t<a href=\"https:\/\/www.mondocamping.com\/fr\/fornitori\/depa\/\">\t\t<div class=\"elementor-carousel-image\" role=\"img\" aria-label=\"DEPA FRA (400 \u00d7 220 px)\" style=\"background-image: url(&#039;https:\/\/www.mondocamping.com\/wp-content\/uploads\/elementor\/thumbs\/DEPA-FRA-400-\u00d7-220-px-rhfdiq6e2thww5b5pze4qtikdx708coznrx7lkkihc.jpg&#039;)\">\n\n\t\t\t\n\t\t\t\t\t<\/div>\n\t\t<\/a>\t\t\t\t\t\t<\/div>\n\t\t\t\t\t\t\t\t\t\t\t<div class=\"swiper-slide\" role=\"group\" aria-roledescription=\"slide\">\n\t\t\t\t\t\t\t<a href=\"https:\/\/www.mondocamping.com\/fornitori\/new-marinas-it\/\">\t\t<div class=\"elementor-carousel-image\" role=\"img\" aria-label=\"NEW MARINAS BANNER MONDO CAMPING - FR\" style=\"background-image: url(&#039;https:\/\/www.mondocamping.com\/wp-content\/uploads\/elementor\/thumbs\/NEW-MARINAS-BANNER-MONDO-CAMPING-FR-rhfcdx0ncrmqtml70uc8zm93wocb1foj1s9ai32umo.png&#039;)\">\n\n\t\t\t\n\t\t\t\t\t<\/div>\n\t\t<\/a>\t\t\t\t\t\t<\/div>\n\t\t\t\t\t\t\t\t\t<\/div>\n\t\t\t\t\t\t\t\t\t\t\t\t\t\t\t\t\t\t\t\t<div class=\"swiper-pagination\"><\/div>\n\t\t\t\t\t\t\t\t\t\t\t\t<\/div>\n\t\t\t\t<\/div>\n\t\t\t\t\t\t\t\t<\/div>\n\t\t\t\t<\/div>\n\t\t\t\t\t<\/div>\n\t\t<\/div>\n\t\t\t\t\t<\/div>\n\t\t<\/section>\n\t\t\t\t<section class=\"elementor-section elementor-top-section elementor-element elementor-element-7d47a95 elementor-section-boxed elementor-section-height-default elementor-section-height-default\" data-id=\"7d47a95\" data-element_type=\"section\" data-e-type=\"section\">\n\t\t\t\t\t\t<div class=\"elementor-container elementor-column-gap-default\">\n\t\t\t\t\t<div class=\"elementor-column elementor-col-25 elementor-top-column elementor-element elementor-element-d3680c4\" data-id=\"d3680c4\" data-element_type=\"column\" data-e-type=\"column\">\n\t\t\t<div class=\"elementor-widget-wrap elementor-element-populated\">\n\t\t\t\t\t\t<div class=\"elementor-element elementor-element-ab08392 elementor-widget elementor-widget-news247-post-list4\" data-id=\"ab08392\" data-element_type=\"widget\" data-e-type=\"widget\" data-widget_type=\"news247-post-list4.default\">\n\t\t\t\t<div class=\"elementor-widget-container\">\n\t\t\t\t\t\n\t\t            <div class=\"post-block4-warp\">\n                <div class=\"post-block4-element pb-common-nav-wrap\">\n                                                                    <div class=\"block-item4\">\n                                <div class=\"post-block-style post-float-half clearfix\">\n                                    <div class=\"post-thumb\">\n                                        <a href=\"https:\/\/www.mondocamping.com\/fr\/congres-des-campings-espagnols-2026-rendez-vous-a-lautomne-prochain-en-galice\/\" rel=\"bookmark\" title=\"Congr\u00e8s des campings espagnols 2026 : rendez-vous \u00e0 l&rsquo;automne prochain en Galice\"><img decoding=\"async\" width=\"350\" height=\"220\" src=\"https:\/\/www.mondocamping.com\/wp-content\/uploads\/2026\/04\/chris-holder-uY2UIyO5o5c-unsplash-2-350x220.jpg\" class=\"attachment-news247-small-size size-news247-small-size wp-post-image\" alt=\"\" \/><\/a>\n                                    <\/div>\n                                                                            <span class=\"category-meta-bg\"><a href=\"https:\/\/www.mondocamping.com\/fr\/argomenti\/actualite\/\" rel=\"category tag\">Actualit\u00e9<\/a><\/span>\n                                                                        <div class=\"post-content\">\n                                                                                    <h4 class=\"post-title\"><a href=\"https:\/\/www.mondocamping.com\/fr\/congres-des-campings-espagnols-2026-rendez-vous-a-lautomne-prochain-en-galice\/\" rel=\"bookmark\" title=\"Congr\u00e8s des campings espagnols 2026 : rendez-vous \u00e0 l&rsquo;automne prochain en Galice\">Congr\u00e8s des campings espagnols 2026 : rendez-vous \u00e0 l&rsquo;automne prochain en Galice<\/a><\/h4>\n                                                                                <div class=\"post-meta\">\n                                                                                                                                                <span class=\"post-author\"><a href=\"https:\/\/www.mondocamping.com\/fr\/author\/redazione\/\">Mondo Camping<\/a><\/span>\n                                                                                                                                                                                    <span class=\"post-date\">27 avril 2026<\/span>\n                                                                                    <\/div>\n                                                                                    <p>Nous vous rapportons les nouvelles du portail de r\u00e9f\u00e9rence du secteur espagnol du plein air Camping Profesional: le Spanish Campsite Congress 2026, un <\/p>\n                                        \n                                    <\/div><!-- Post content end -->\n                                <\/div><!-- Post Block style 1 end -->\n                            <\/div><!-- block-item4 -->\n                                                                                <\/div><!--\/.post-block4-element-->\n            <\/div><!--\/.post-block4-warp-->\n\t    \t\t\t\t\t<\/div>\n\t\t\t\t<\/div>\n\t\t\t\t\t<\/div>\n\t\t<\/div>\n\t\t\t\t<div class=\"elementor-column elementor-col-25 elementor-top-column elementor-element elementor-element-4ae97e5\" data-id=\"4ae97e5\" data-element_type=\"column\" data-e-type=\"column\">\n\t\t\t<div class=\"elementor-widget-wrap elementor-element-populated\">\n\t\t\t\t\t\t<div class=\"elementor-element elementor-element-984a320 elementor-widget elementor-widget-news247-post-list4\" data-id=\"984a320\" data-element_type=\"widget\" data-e-type=\"widget\" data-widget_type=\"news247-post-list4.default\">\n\t\t\t\t<div class=\"elementor-widget-container\">\n\t\t\t\t\t\n\t\t            <div class=\"post-block4-warp\">\n                <div class=\"post-block4-element pb-common-nav-wrap\">\n                                                                    <div class=\"block-item4\">\n                                <div class=\"post-block-style post-float-half clearfix\">\n                                    <div class=\"post-thumb\">\n                                        <a href=\"https:\/\/www.mondocamping.com\/fr\/la-catalogne-lance-un-projet-pilote-pour-la-securite-des-campings\/\" rel=\"bookmark\" title=\"La Catalogne lance un projet pilote pour la s\u00e9curit\u00e9 des campings\"><img decoding=\"async\" width=\"350\" height=\"220\" src=\"https:\/\/www.mondocamping.com\/wp-content\/uploads\/2026\/04\/Foto-2n-congres-dels-campings-catalans-1536x1024-2-350x220.jpg\" class=\"attachment-news247-small-size size-news247-small-size wp-post-image\" alt=\"Photo credit: campingprofesional.com\" \/><\/a>\n                                    <\/div>\n                                                                            <span class=\"category-meta-bg\"><a href=\"https:\/\/www.mondocamping.com\/fr\/argomenti\/actualite\/\" rel=\"category tag\">Actualit\u00e9<\/a><\/span>\n                                                                        <div class=\"post-content\">\n                                                                                    <h4 class=\"post-title\"><a href=\"https:\/\/www.mondocamping.com\/fr\/la-catalogne-lance-un-projet-pilote-pour-la-securite-des-campings\/\" rel=\"bookmark\" title=\"La Catalogne lance un projet pilote pour la s\u00e9curit\u00e9 des campings\">La Catalogne lance un projet pilote pour la s\u00e9curit\u00e9 des campings<\/a><\/h4>\n                                                                                <div class=\"post-meta\">\n                                                                                                                                                <span class=\"post-author\"><a href=\"https:\/\/www.mondocamping.com\/fr\/author\/redazione\/\">Mondo Camping<\/a><\/span>\n                                                                                                                                                                                    <span class=\"post-date\">21 avril 2026<\/span>\n                                                                                    <\/div>\n                                                                                    <p>Le deuxi\u00e8me congr\u00e8s des campings de Catalogne s&rsquo;est d\u00e9roul\u00e9 jeudi dernier, le 16 avril, dans la municipalit\u00e9 catalane de La Seu d&rsquo;Urgell. La <\/p>\n                                        \n                                    <\/div><!-- Post content end -->\n                                <\/div><!-- Post Block style 1 end -->\n                            <\/div><!-- block-item4 -->\n                                                                                <\/div><!--\/.post-block4-element-->\n            <\/div><!--\/.post-block4-warp-->\n\t    \t\t\t\t\t<\/div>\n\t\t\t\t<\/div>\n\t\t\t\t\t<\/div>\n\t\t<\/div>\n\t\t\t\t<div class=\"elementor-column elementor-col-25 elementor-top-column elementor-element elementor-element-671fc59\" data-id=\"671fc59\" data-element_type=\"column\" data-e-type=\"column\">\n\t\t\t<div class=\"elementor-widget-wrap elementor-element-populated\">\n\t\t\t\t\t\t<div class=\"elementor-element elementor-element-8e6a8a0 elementor-widget elementor-widget-news247-post-list4\" data-id=\"8e6a8a0\" data-element_type=\"widget\" data-e-type=\"widget\" data-widget_type=\"news247-post-list4.default\">\n\t\t\t\t<div class=\"elementor-widget-container\">\n\t\t\t\t\t\n\t\t            <div class=\"post-block4-warp\">\n                <div class=\"post-block4-element pb-common-nav-wrap\">\n                                                                    <div class=\"block-item4\">\n                                <div class=\"post-block-style post-float-half clearfix\">\n                                    <div class=\"post-thumb\">\n                                        <a href=\"https:\/\/www.mondocamping.com\/fr\/faita-lazio-developpement-et-innovation-pour-le-tourisme-regional-en-plein-air\/\" rel=\"bookmark\" title=\"FAITA Lazio : d\u00e9veloppement et innovation pour le tourisme r\u00e9gional en plein air\"><img loading=\"lazy\" decoding=\"async\" width=\"350\" height=\"220\" src=\"https:\/\/www.mondocamping.com\/wp-content\/uploads\/2026\/04\/robert-anitei-LCatgzy6FRw-unsplash-2-350x220.jpg\" class=\"attachment-news247-small-size size-news247-small-size wp-post-image\" alt=\"\" \/><\/a>\n                                    <\/div>\n                                                                            <span class=\"category-meta-bg\"><a href=\"https:\/\/www.mondocamping.com\/fr\/argomenti\/actualite\/\" rel=\"category tag\">Actualit\u00e9<\/a><\/span>\n                                                                        <div class=\"post-content\">\n                                                                                    <h4 class=\"post-title\"><a href=\"https:\/\/www.mondocamping.com\/fr\/faita-lazio-developpement-et-innovation-pour-le-tourisme-regional-en-plein-air\/\" rel=\"bookmark\" title=\"FAITA Lazio : d\u00e9veloppement et innovation pour le tourisme r\u00e9gional en plein air\">FAITA Lazio : d\u00e9veloppement et innovation pour le tourisme r\u00e9gional en plein air<\/a><\/h4>\n                                                                                <div class=\"post-meta\">\n                                                                                                                                                <span class=\"post-author\"><a href=\"https:\/\/www.mondocamping.com\/fr\/author\/redazione\/\">Mondo Camping<\/a><\/span>\n                                                                                                                                                                                    <span class=\"post-date\">21 avril 2026<\/span>\n                                                                                    <\/div>\n                                                                                    <p>La conf\u00e9rence organis\u00e9e par FAITA Lazio s&rsquo;est tenue le 16 avril au Roma Capitol Camping Village. Il s&rsquo;agissait d&rsquo;un rendez-vous important <\/p>\n                                        \n                                    <\/div><!-- Post content end -->\n                                <\/div><!-- Post Block style 1 end -->\n                            <\/div><!-- block-item4 -->\n                                                                                <\/div><!--\/.post-block4-element-->\n            <\/div><!--\/.post-block4-warp-->\n\t    \t\t\t\t\t<\/div>\n\t\t\t\t<\/div>\n\t\t\t\t\t<\/div>\n\t\t<\/div>\n\t\t\t\t<div class=\"elementor-column elementor-col-25 elementor-top-column elementor-element elementor-element-bf09fb6\" data-id=\"bf09fb6\" data-element_type=\"column\" data-e-type=\"column\">\n\t\t\t<div class=\"elementor-widget-wrap elementor-element-populated\">\n\t\t\t\t\t\t<div class=\"elementor-element elementor-element-d589169 elementor-widget elementor-widget-news247-post-list4\" data-id=\"d589169\" data-element_type=\"widget\" data-e-type=\"widget\" data-widget_type=\"news247-post-list4.default\">\n\t\t\t\t<div class=\"elementor-widget-container\">\n\t\t\t\t\t\n\t\t            <div class=\"post-block4-warp\">\n                <div class=\"post-block4-element pb-common-nav-wrap\">\n                                                                    <div class=\"block-item4\">\n                                <div class=\"post-block-style post-float-half clearfix\">\n                                    <div class=\"post-thumb\">\n                                        <a href=\"https:\/\/www.mondocamping.com\/fr\/faita-marche-rencontre-entre-les-entreprises-et-les-institutions-de-ladriatique-centrale\/\" rel=\"bookmark\" title=\"FAITA Marche : rencontre entre les entreprises et les institutions de l&rsquo;Adriatique centrale\"><img loading=\"lazy\" decoding=\"async\" width=\"350\" height=\"220\" src=\"https:\/\/www.mondocamping.com\/wp-content\/uploads\/2026\/04\/emma-simpson-mNGaaLeWEp0-unsplash-2-350x220.jpg\" class=\"attachment-news247-small-size size-news247-small-size wp-post-image\" alt=\"\" \/><\/a>\n                                    <\/div>\n                                                                            <span class=\"category-meta-bg\"><a href=\"https:\/\/www.mondocamping.com\/fr\/argomenti\/actualite\/\" rel=\"category tag\">Actualit\u00e9<\/a><\/span>\n                                                                        <div class=\"post-content\">\n                                                                                    <h4 class=\"post-title\"><a href=\"https:\/\/www.mondocamping.com\/fr\/faita-marche-rencontre-entre-les-entreprises-et-les-institutions-de-ladriatique-centrale\/\" rel=\"bookmark\" title=\"FAITA Marche : rencontre entre les entreprises et les institutions de l&rsquo;Adriatique centrale\">FAITA Marche : rencontre entre les entreprises et les institutions de l&rsquo;Adriatique centrale<\/a><\/h4>\n                                                                                <div class=\"post-meta\">\n                                                                                                                                                <span class=\"post-author\"><a href=\"https:\/\/www.mondocamping.com\/fr\/author\/redazione\/\">Mondo Camping<\/a><\/span>\n                                                                                                                                                                                    <span class=\"post-date\">20 avril 2026<\/span>\n                                                                                    <\/div>\n                                                                                    <p>La r\u00e9union \u00e9tait organis\u00e9e par FAITA Marche, et s&rsquo;est tenue la semaine derni\u00e8re \u00e0 Cupra Marittima, au Parco sul Mare. La r\u00e9union s&rsquo;est <\/p>\n                                        \n                                    <\/div><!-- Post content end -->\n                                <\/div><!-- Post Block style 1 end -->\n                            <\/div><!-- block-item4 -->\n                                                                                <\/div><!--\/.post-block4-element-->\n            <\/div><!--\/.post-block4-warp-->\n\t    \t\t\t\t\t<\/div>\n\t\t\t\t<\/div>\n\t\t\t\t\t<\/div>\n\t\t<\/div>\n\t\t\t\t\t<\/div>\n\t\t<\/section>\n\t\t\t\t<section class=\"elementor-section elementor-top-section elementor-element elementor-element-86dd59a elementor-section-boxed elementor-section-height-default elementor-section-height-default\" data-id=\"86dd59a\" data-element_type=\"section\" data-e-type=\"section\">\n\t\t\t\t\t\t<div class=\"elementor-container elementor-column-gap-default\">\n\t\t\t\t\t<div class=\"elementor-column elementor-col-25 elementor-top-column elementor-element elementor-element-93168d9\" data-id=\"93168d9\" data-element_type=\"column\" data-e-type=\"column\">\n\t\t\t<div class=\"elementor-widget-wrap elementor-element-populated\">\n\t\t\t\t\t\t<div class=\"elementor-element elementor-element-aa835f7 elementor-widget elementor-widget-news247-post-list4\" data-id=\"aa835f7\" data-element_type=\"widget\" data-e-type=\"widget\" data-widget_type=\"news247-post-list4.default\">\n\t\t\t\t<div class=\"elementor-widget-container\">\n\t\t\t\t\t\n\t\t            <div class=\"post-block4-warp\">\n                <div class=\"post-block4-element pb-common-nav-wrap\">\n                                                                    <div class=\"block-item4\">\n                                <div class=\"post-block-style post-float-half clearfix\">\n                                    <div class=\"post-thumb\">\n                                        <a href=\"https:\/\/www.mondocamping.com\/fr\/glamping-2026-lelegance-de-la-nature-lors-de-la-ceremonie-dinauguration\/\" rel=\"bookmark\" title=\"Glamping 2026 : l&rsquo;\u00e9l\u00e9gance de la nature lors de la c\u00e9r\u00e9monie d&rsquo;inauguration\"><img loading=\"lazy\" decoding=\"async\" width=\"350\" height=\"220\" src=\"https:\/\/www.mondocamping.com\/wp-content\/uploads\/2026\/04\/glamping_fut-350x220.jpg\" class=\"attachment-news247-small-size size-news247-small-size wp-post-image\" alt=\"Glamping\" \/><\/a>\n                                    <\/div>\n                                                                            <span class=\"category-meta-bg\"><a href=\"https:\/\/www.mondocamping.com\/fr\/argomenti\/actualite\/\" rel=\"category tag\">Actualit\u00e9<\/a><\/span>\n                                                                        <div class=\"post-content\">\n                                                                                    <h4 class=\"post-title\"><a href=\"https:\/\/www.mondocamping.com\/fr\/glamping-2026-lelegance-de-la-nature-lors-de-la-ceremonie-dinauguration\/\" rel=\"bookmark\" title=\"Glamping 2026 : l&rsquo;\u00e9l\u00e9gance de la nature lors de la c\u00e9r\u00e9monie d&rsquo;inauguration\">Glamping 2026 : l&rsquo;\u00e9l\u00e9gance de la nature lors de la c\u00e9r\u00e9monie d&rsquo;inauguration<\/a><\/h4>\n                                                                                <div class=\"post-meta\">\n                                                                                                                                                <span class=\"post-author\"><a href=\"https:\/\/www.mondocamping.com\/fr\/author\/redazione\/\">Mondo Camping<\/a><\/span>\n                                                                                                                                                                                    <span class=\"post-date\">16 avril 2026<\/span>\n                                                                                    <\/div>\n                                                                                    <p>Oubliez les piquets difficiles \u00e0 planter et les matelas gonflables qui se d\u00e9gonflent \u00e0 l&rsquo;aube. Avec l&rsquo;ouverture officielle de la saison <\/p>\n                                        \n                                    <\/div><!-- Post content end -->\n                                <\/div><!-- Post Block style 1 end -->\n                            <\/div><!-- block-item4 -->\n                                                                                <\/div><!--\/.post-block4-element-->\n            <\/div><!--\/.post-block4-warp-->\n\t    \t\t\t\t\t<\/div>\n\t\t\t\t<\/div>\n\t\t\t\t\t<\/div>\n\t\t<\/div>\n\t\t\t\t<div class=\"elementor-column elementor-col-25 elementor-top-column elementor-element elementor-element-50f570d\" data-id=\"50f570d\" data-element_type=\"column\" data-e-type=\"column\">\n\t\t\t<div class=\"elementor-widget-wrap elementor-element-populated\">\n\t\t\t\t\t\t<div class=\"elementor-element elementor-element-72dca31 elementor-widget elementor-widget-news247-post-list4\" data-id=\"72dca31\" data-element_type=\"widget\" data-e-type=\"widget\" data-widget_type=\"news247-post-list4.default\">\n\t\t\t\t<div class=\"elementor-widget-container\">\n\t\t\t\t\t\n\t\t            <div class=\"post-block4-warp\">\n                <div class=\"post-block4-element pb-common-nav-wrap\">\n                                                                    <div class=\"block-item4\">\n                                <div class=\"post-block-style post-float-half clearfix\">\n                                    <div class=\"post-thumb\">\n                                        <a href=\"https:\/\/www.mondocamping.com\/fr\/faita-federcamping-toscana-le-tourisme-en-plein-air-depasse-les-10-millions-de-presences\/\" rel=\"bookmark\" title=\"FAITA FederCamping Toscana : le tourisme en plein air d\u00e9passe les 10 millions de pr\u00e9sences\"><img loading=\"lazy\" decoding=\"async\" width=\"350\" height=\"220\" src=\"https:\/\/www.mondocamping.com\/wp-content\/uploads\/2026\/04\/fadi-al-shami-UTK4i894Spk-unsplash-2-350x220.jpg\" class=\"attachment-news247-small-size size-news247-small-size wp-post-image\" alt=\"\" \/><\/a>\n                                    <\/div>\n                                                                            <span class=\"category-meta-bg\"><a href=\"https:\/\/www.mondocamping.com\/fr\/argomenti\/actualite\/\" rel=\"category tag\">Actualit\u00e9<\/a><\/span>\n                                                                        <div class=\"post-content\">\n                                                                                    <h4 class=\"post-title\"><a href=\"https:\/\/www.mondocamping.com\/fr\/faita-federcamping-toscana-le-tourisme-en-plein-air-depasse-les-10-millions-de-presences\/\" rel=\"bookmark\" title=\"FAITA FederCamping Toscana : le tourisme en plein air d\u00e9passe les 10 millions de pr\u00e9sences\">FAITA FederCamping Toscana : le tourisme en plein air d\u00e9passe les 10 millions de pr\u00e9sences<\/a><\/h4>\n                                                                                <div class=\"post-meta\">\n                                                                                                                                                <span class=\"post-author\"><a href=\"https:\/\/www.mondocamping.com\/fr\/author\/redazione\/\">Mondo Camping<\/a><\/span>\n                                                                                                                                                                                    <span class=\"post-date\">14 avril 2026<\/span>\n                                                                                    <\/div>\n                                                                                    <p>L&rsquo;invitation \u00e0 d\u00e9couvrir la Toscane est toujours irr\u00e9sistible, et la proposition de s\u00e9journer en plein air, en \u00e9troite relation avec la nature et le <\/p>\n                                        \n                                    <\/div><!-- Post content end -->\n                                <\/div><!-- Post Block style 1 end -->\n                            <\/div><!-- block-item4 -->\n                                                                                <\/div><!--\/.post-block4-element-->\n            <\/div><!--\/.post-block4-warp-->\n\t    \t\t\t\t\t<\/div>\n\t\t\t\t<\/div>\n\t\t\t\t\t<\/div>\n\t\t<\/div>\n\t\t\t\t<div class=\"elementor-column elementor-col-25 elementor-top-column elementor-element elementor-element-ae9eeb1\" data-id=\"ae9eeb1\" data-element_type=\"column\" data-e-type=\"column\">\n\t\t\t<div class=\"elementor-widget-wrap elementor-element-populated\">\n\t\t\t\t\t\t<div class=\"elementor-element elementor-element-1d2ca38 elementor-widget elementor-widget-news247-post-list4\" data-id=\"1d2ca38\" data-element_type=\"widget\" data-e-type=\"widget\" data-widget_type=\"news247-post-list4.default\">\n\t\t\t\t<div class=\"elementor-widget-container\">\n\t\t\t\t\t\n\t\t            <div class=\"post-block4-warp\">\n                <div class=\"post-block4-element pb-common-nav-wrap\">\n                                                                    <div class=\"block-item4\">\n                                <div class=\"post-block-style post-float-half clearfix\">\n                                    <div class=\"post-thumb\">\n                                        <a href=\"https:\/\/www.mondocamping.com\/fr\/conference-de-faita-federcamping-sur-lavenir-vert-de-lair-libre-la-ressource-verte-comme-moteur-de-lactivite-economique\/\" rel=\"bookmark\" title=\"Conf\u00e9rence de FAITA Federcamping sur l&rsquo;avenir vert de l&rsquo;air libre : la ressource verte comme moteur de l&rsquo;activit\u00e9 \u00e9conomique\"><img loading=\"lazy\" decoding=\"async\" width=\"350\" height=\"220\" src=\"https:\/\/www.mondocamping.com\/wp-content\/uploads\/2026\/04\/everett-mcintire-BPCsppbNRMI-unsplash-2-350x220.jpg\" class=\"attachment-news247-small-size size-news247-small-size wp-post-image\" alt=\"\" \/><\/a>\n                                    <\/div>\n                                                                            <span class=\"category-meta-bg\"><a href=\"https:\/\/www.mondocamping.com\/fr\/argomenti\/actualite\/\" rel=\"category tag\">Actualit\u00e9<\/a><\/span>\n                                                                        <div class=\"post-content\">\n                                                                                    <h4 class=\"post-title\"><a href=\"https:\/\/www.mondocamping.com\/fr\/conference-de-faita-federcamping-sur-lavenir-vert-de-lair-libre-la-ressource-verte-comme-moteur-de-lactivite-economique\/\" rel=\"bookmark\" title=\"Conf\u00e9rence de FAITA Federcamping sur l&rsquo;avenir vert de l&rsquo;air libre : la ressource verte comme moteur de l&rsquo;activit\u00e9 \u00e9conomique\">Conf\u00e9rence de FAITA Federcamping sur l&rsquo;avenir vert de l&rsquo;air libre : la ressource verte comme moteur de l&rsquo;activit\u00e9 \u00e9conomique<\/a><\/h4>\n                                                                                <div class=\"post-meta\">\n                                                                                                                                                <span class=\"post-author\"><a href=\"https:\/\/www.mondocamping.com\/fr\/author\/redazione\/\">Mondo Camping<\/a><\/span>\n                                                                                                                                                                                    <span class=\"post-date\">13 avril 2026<\/span>\n                                                                                    <\/div>\n                                                                                    <p>La valeur de la verdure est renforc\u00e9e : FAITA Federcamping , en collaboration avec Vannucci Piante, promeut un \u00e9v\u00e9nement ax\u00e9 sur l&rsquo;am\u00e9nagement <\/p>\n                                        \n                                    <\/div><!-- Post content end -->\n                                <\/div><!-- Post Block style 1 end -->\n                            <\/div><!-- block-item4 -->\n                                                                                <\/div><!--\/.post-block4-element-->\n            <\/div><!--\/.post-block4-warp-->\n\t    \t\t\t\t\t<\/div>\n\t\t\t\t<\/div>\n\t\t\t\t\t<\/div>\n\t\t<\/div>\n\t\t\t\t<div class=\"elementor-column elementor-col-25 elementor-top-column elementor-element elementor-element-be02b81\" data-id=\"be02b81\" data-element_type=\"column\" data-e-type=\"column\">\n\t\t\t<div class=\"elementor-widget-wrap elementor-element-populated\">\n\t\t\t\t\t\t<div class=\"elementor-element elementor-element-7e49b9b elementor-widget elementor-widget-news247-post-list4\" data-id=\"7e49b9b\" data-element_type=\"widget\" data-e-type=\"widget\" data-widget_type=\"news247-post-list4.default\">\n\t\t\t\t<div class=\"elementor-widget-container\">\n\t\t\t\t\t\n\t\t            <div class=\"post-block4-warp\">\n                <div class=\"post-block4-element pb-common-nav-wrap\">\n                                                                    <div class=\"block-item4\">\n                                <div class=\"post-block-style post-float-half clearfix\">\n                                    <div class=\"post-thumb\">\n                                        <a href=\"https:\/\/www.mondocamping.com\/fr\/vacances-de-paques-alors-que-le-tourisme-international-ralentit-le-tourisme-de-plein-air-augmente-en-particulier-dans-le-nord-est-du-pays\/\" rel=\"bookmark\" title=\"Vacances de P\u00e2ques : alors que le tourisme international ralentit, le tourisme de plein air augmente, en particulier dans le nord-est du pays\"><img loading=\"lazy\" decoding=\"async\" width=\"350\" height=\"220\" src=\"https:\/\/www.mondocamping.com\/wp-content\/uploads\/2026\/04\/debabrata-hazra-oaeuZZa-FmY-unsplash-2-350x220.jpg\" class=\"attachment-news247-small-size size-news247-small-size wp-post-image\" alt=\"\" \/><\/a>\n                                    <\/div>\n                                                                            <span class=\"category-meta-bg\"><a href=\"https:\/\/www.mondocamping.com\/fr\/argomenti\/actualite\/\" rel=\"category tag\">Actualit\u00e9<\/a><\/span>\n                                                                        <div class=\"post-content\">\n                                                                                    <h4 class=\"post-title\"><a href=\"https:\/\/www.mondocamping.com\/fr\/vacances-de-paques-alors-que-le-tourisme-international-ralentit-le-tourisme-de-plein-air-augmente-en-particulier-dans-le-nord-est-du-pays\/\" rel=\"bookmark\" title=\"Vacances de P\u00e2ques : alors que le tourisme international ralentit, le tourisme de plein air augmente, en particulier dans le nord-est du pays\">Vacances de P\u00e2ques : alors que le tourisme international ralentit, le tourisme de plein air augmente, en particulier dans le nord-est du pays<\/a><\/h4>\n                                                                                <div class=\"post-meta\">\n                                                                                                                                                <span class=\"post-author\"><a href=\"https:\/\/www.mondocamping.com\/fr\/author\/redazione\/\">Mondo Camping<\/a><\/span>\n                                                                                                                                                                                    <span class=\"post-date\">8 avril 2026<\/span>\n                                                                                    <\/div>\n                                                                                    <p>Les voyages en plein air restent une certitude dans le contexte mondial d&rsquo;incertitude du conflit. Les craintes concernant les voyages longue distance <\/p>\n                                        \n                                    <\/div><!-- Post content end -->\n                                <\/div><!-- Post Block style 1 end -->\n                            <\/div><!-- block-item4 -->\n                                                                                <\/div><!--\/.post-block4-element-->\n            <\/div><!--\/.post-block4-warp-->\n\t    \t\t\t\t\t<\/div>\n\t\t\t\t<\/div>\n\t\t\t\t\t<\/div>\n\t\t<\/div>\n\t\t\t\t\t<\/div>\n\t\t<\/section>\n\t\t\t\t<section class=\"elementor-section elementor-top-section elementor-element elementor-element-c84c8cd elementor-section-boxed elementor-section-height-default elementor-section-height-default\" data-id=\"c84c8cd\" data-element_type=\"section\" data-e-type=\"section\">\n\t\t\t\t\t\t<div class=\"elementor-container elementor-column-gap-default\">\n\t\t\t\t\t<div class=\"elementor-column elementor-col-100 elementor-top-column elementor-element elementor-element-7502f88\" data-id=\"7502f88\" data-element_type=\"column\" data-e-type=\"column\">\n\t\t\t<div class=\"elementor-widget-wrap elementor-element-populated\">\n\t\t\t\t\t\t<div class=\"elementor-element elementor-element-a92fc02 elementor-skin-carousel elementor-pagination-type-bullets elementor-pagination-position-outside elementor-widget elementor-widget-media-carousel\" data-id=\"a92fc02\" data-element_type=\"widget\" data-e-type=\"widget\" data-settings=\"{&quot;skin&quot;:&quot;carousel&quot;,&quot;effect&quot;:&quot;slide&quot;,&quot;pagination&quot;:&quot;bullets&quot;,&quot;speed&quot;:500,&quot;autoplay&quot;:&quot;yes&quot;,&quot;autoplay_speed&quot;:5000,&quot;loop&quot;:&quot;yes&quot;,&quot;pause_on_hover&quot;:&quot;yes&quot;,&quot;pause_on_interaction&quot;:&quot;yes&quot;,&quot;space_between&quot;:{&quot;unit&quot;:&quot;px&quot;,&quot;size&quot;:10,&quot;sizes&quot;:[]},&quot;space_between_tablet&quot;:{&quot;unit&quot;:&quot;px&quot;,&quot;size&quot;:10,&quot;sizes&quot;:[]},&quot;space_between_mobile&quot;:{&quot;unit&quot;:&quot;px&quot;,&quot;size&quot;:10,&quot;sizes&quot;:[]}}\" data-widget_type=\"media-carousel.default\">\n\t\t\t\t<div class=\"elementor-widget-container\">\n\t\t\t\t\t\t\t\t\t<div class=\"elementor-swiper\">\n\t\t\t\t\t<div class=\"elementor-main-swiper swiper\" role=\"region\" aria-roledescription=\"carousel\" aria-label=\"Diapositives\">\n\t\t\t\t<div class=\"swiper-wrapper\">\n\t\t\t\t\t\t\t\t\t\t\t<div class=\"swiper-slide\" role=\"group\" aria-roledescription=\"slide\">\n\t\t\t\t\t\t\t<a href=\"https:\/\/www.mondocamping.com\/fr\/fornitori\/tessitura-selva\/\" target=\"_blank\">\t\t<div class=\"elementor-carousel-image\" role=\"img\" aria-label=\"selvaFR\" style=\"background-image: url(&#039;https:\/\/www.mondocamping.com\/wp-content\/uploads\/elementor\/thumbs\/selvaFR-rhfdj81boo6d0ql7tp41k70bo8qzalnw28bfptu174.jpg&#039;)\">\n\n\t\t\t\n\t\t\t\t\t<\/div>\n\t\t<\/a>\t\t\t\t\t\t<\/div>\n\t\t\t\t\t\t\t\t\t\t\t<div class=\"swiper-slide\" role=\"group\" aria-roledescription=\"slide\">\n\t\t\t\t\t\t\t<a href=\"https:\/\/www.mondocamping.com\/fr\/fornitori\/gio-stemar\/\" target=\"_blank\">\t\t<div class=\"elementor-carousel-image\" role=\"img\" aria-label=\"giostemarFR\" style=\"background-image: url(&#039;https:\/\/www.mondocamping.com\/wp-content\/uploads\/elementor\/thumbs\/giostemarFR-rhfdincvibe1xbf96g691c86lrkwl9dsndyr5qop00.jpg&#039;)\">\n\n\t\t\t\n\t\t\t\t\t<\/div>\n\t\t<\/a>\t\t\t\t\t\t<\/div>\n\t\t\t\t\t\t\t\t\t\t\t<div class=\"swiper-slide\" role=\"group\" aria-roledescription=\"slide\">\n\t\t\t\t\t\t\t<a href=\"https:\/\/www.mondocamping.com\/fr\/fornitori\/kanguro\/\" target=\"_blank\">\t\t<div class=\"elementor-carousel-image\" role=\"img\" aria-label=\"kanguro-banner-FR-4\" style=\"background-image: url(&#039;https:\/\/www.mondocamping.com\/wp-content\/uploads\/elementor\/thumbs\/kanguro-banner-FR-4-rhfdj3c4qhzxeos1l52wpq70pbe58458dl20bg1028.jpg&#039;)\">\n\n\t\t\t\n\t\t\t\t\t<\/div>\n\t\t<\/a>\t\t\t\t\t\t<\/div>\n\t\t\t\t\t\t\t\t\t\t\t<div class=\"swiper-slide\" role=\"group\" aria-roledescription=\"slide\">\n\t\t\t\t\t\t\t<a href=\"https:\/\/www.mondocamping.com\/fr\/fornitori\/my-tuscan-wood\/\">\t\t<div class=\"elementor-carousel-image\" role=\"img\" aria-label=\"my-tuscan-wood\" style=\"background-image: url(&#039;https:\/\/www.mondocamping.com\/wp-content\/uploads\/elementor\/thumbs\/my-tuscan-wood-rhfdn8sgx5oiooqycfol86hb5kxi7zmjy4s7mfvekw.png&#039;)\">\n\n\t\t\t\n\t\t\t\t\t<\/div>\n\t\t<\/a>\t\t\t\t\t\t<\/div>\n\t\t\t\t\t\t\t\t\t<\/div>\n\t\t\t\t\t\t\t\t\t\t\t\t\t\t\t\t\t\t\t\t<div class=\"swiper-pagination\"><\/div>\n\t\t\t\t\t\t\t\t\t\t\t\t<\/div>\n\t\t\t\t<\/div>\n\t\t\t\t\t\t\t\t<\/div>\n\t\t\t\t<\/div>\n\t\t\t\t\t<\/div>\n\t\t<\/div>\n\t\t\t\t\t<\/div>\n\t\t<\/section>\n\t\t\t\t<section class=\"elementor-section elementor-top-section elementor-element elementor-element-wv494fq elementor-section-boxed elementor-section-height-default elementor-section-height-default\" data-id=\"wv494fq\" data-element_type=\"section\" data-e-type=\"section\">\n\t\t\t\t\t\t<div class=\"elementor-container elementor-column-gap-default\">\n\t\t\t\t\t<div class=\"elementor-column elementor-col-50 elementor-top-column elementor-element elementor-element-8u999ik\" data-id=\"8u999ik\" data-element_type=\"column\" data-e-type=\"column\">\n\t\t\t<div class=\"elementor-widget-wrap elementor-element-populated\">\n\t\t\t\t\t\t<div class=\"elementor-element elementor-element-73e6a78 elementor-widget elementor-widget-heading\" data-id=\"73e6a78\" data-element_type=\"widget\" data-e-type=\"widget\" data-widget_type=\"heading.default\">\n\t\t\t\t<div class=\"elementor-widget-container\">\n\t\t\t\t\t<h2 class=\"elementor-heading-title elementor-size-default\">Trouvez des campings dans toute l'Europe<\/h2>\t\t\t\t<\/div>\n\t\t\t\t<\/div>\n\t\t\t\t<div class=\"elementor-element elementor-element-98656fe elementor-widget elementor-widget-text-editor\" data-id=\"98656fe\" data-element_type=\"widget\" data-e-type=\"widget\" data-widget_type=\"text-editor.default\">\n\t\t\t\t<div class=\"elementor-widget-container\">\n\t\t\t\t\t\t\t\t\t<p>D\u00e9couvrez les meilleurs campings europ\u00e9ens, consultez les photos et services de milliers de campings, contactez-les pour r\u00e9server facilement. <a href=\"https:\/\/www.mondocamping.com\/fr\/campings\/\">Consulter la rubrique \u00ab\u00a0Campings\u00a0\u00bb \u00bb<\/a><\/p>\n\t\t\t\t\t\t\t\t<\/div>\n\t\t\t\t<\/div>\n\t\t\t\t<div class=\"elementor-element elementor-element-7a409bb elementor-grid-4 elementor-grid-tablet-2 elementor-grid-mobile-1 elementor-posts--thumbnail-top elementor-card-shadow-yes elementor-posts__hover-gradient elementor-widget elementor-widget-posts\" data-id=\"7a409bb\" data-element_type=\"widget\" data-e-type=\"widget\" data-settings=\"{&quot;cards_columns&quot;:&quot;4&quot;,&quot;cards_columns_tablet&quot;:&quot;2&quot;,&quot;cards_columns_mobile&quot;:&quot;1&quot;,&quot;cards_row_gap&quot;:{&quot;unit&quot;:&quot;px&quot;,&quot;size&quot;:35,&quot;sizes&quot;:[]},&quot;cards_row_gap_tablet&quot;:{&quot;unit&quot;:&quot;px&quot;,&quot;size&quot;:&quot;&quot;,&quot;sizes&quot;:[]},&quot;cards_row_gap_mobile&quot;:{&quot;unit&quot;:&quot;px&quot;,&quot;size&quot;:&quot;&quot;,&quot;sizes&quot;:[]}}\" data-widget_type=\"posts.cards\">\n\t\t\t\t<div class=\"elementor-widget-container\">\n\t\t\t\t\t\t\t<div class=\"elementor-posts-container elementor-posts elementor-posts--skin-cards elementor-grid\" role=\"list\">\n\t\t\t\t<article class=\"elementor-post elementor-grid-item post-154448 stabilimenti type-stabilimenti status-publish has-post-thumbnail hentry localita_stabilimenti-bretagna localita_stabilimenti-francia localita_stabilimenti-plouguerneau servizi_stabilimenti-aire-de-jeux-pour-enfants servizi_stabilimenti-animation-fr servizi_stabilimenti-bar-fr servizi_stabilimenti-douches-chaudes servizi_stabilimenti-piscine servizi_stabilimenti-restauration\" role=\"listitem\">\n\t\t\t<div class=\"elementor-post__card\">\n\t\t\t\t<a class=\"elementor-post__thumbnail__link\" href=\"https:\/\/www.mondocamping.com\/fr\/campeggi\/camping-vougot\/\" tabindex=\"-1\" ><div class=\"elementor-post__thumbnail\"><img loading=\"lazy\" decoding=\"async\" width=\"300\" height=\"200\" src=\"https:\/\/www.mondocamping.com\/wp-content\/uploads\/2023\/02\/VOU3-300x200.jpg\" class=\"attachment-medium size-medium wp-image-153362\" alt=\"\" srcset=\"https:\/\/www.mondocamping.com\/wp-content\/uploads\/2023\/02\/VOU3-300x200.jpg 300w, https:\/\/www.mondocamping.com\/wp-content\/uploads\/2023\/02\/VOU3-1024x683.jpg 1024w, https:\/\/www.mondocamping.com\/wp-content\/uploads\/2023\/02\/VOU3-768x512.jpg 768w, https:\/\/www.mondocamping.com\/wp-content\/uploads\/2023\/02\/VOU3-391x260.jpg 391w, https:\/\/www.mondocamping.com\/wp-content\/uploads\/2023\/02\/VOU3.jpg 1417w\" sizes=\"(max-width: 300px) 100vw, 300px\" \/><\/div><\/a>\n\t\t\t\t<div class=\"elementor-post__badge\">Bretagna<\/div>\n\t\t\t\t<div class=\"elementor-post__text\">\n\t\t\t\t<h3 class=\"elementor-post__title\">\n\t\t\t<a href=\"https:\/\/www.mondocamping.com\/fr\/campeggi\/camping-vougot\/\" >\n\t\t\t\tCamping Vougot\t\t\t<\/a>\n\t\t<\/h3>\n\t\t\n\t\t<a class=\"elementor-post__read-more\" href=\"https:\/\/www.mondocamping.com\/fr\/campeggi\/camping-vougot\/\" aria-label=\"En savoir plus sur Camping Vougot\" tabindex=\"-1\" >\n\t\t\tVoir fiche\t\t<\/a>\n\n\t\t\t\t<\/div>\n\t\t\t\t\t<\/div>\n\t\t<\/article>\n\t\t\t\t<article class=\"elementor-post elementor-grid-item post-159490 stabilimenti type-stabilimenti status-publish has-post-thumbnail hentry localita_stabilimenti-andernos-les-bains localita_stabilimenti-francia localita_stabilimenti-nuova-aquitania servizi_stabilimenti-aire-de-jeux-pour-enfants servizi_stabilimenti-animation-fr servizi_stabilimenti-bar-fr servizi_stabilimenti-douches-chaudes servizi_stabilimenti-internet-wifi-fr servizi_stabilimenti-piscine servizi_stabilimenti-restauration\" role=\"listitem\">\n\t\t\t<div class=\"elementor-post__card\">\n\t\t\t\t<a class=\"elementor-post__thumbnail__link\" href=\"https:\/\/www.mondocamping.com\/fr\/campeggi\/camping-fontaine-vieille\/\" tabindex=\"-1\" ><div class=\"elementor-post__thumbnail\"><img loading=\"lazy\" decoding=\"async\" width=\"300\" height=\"203\" src=\"https:\/\/www.mondocamping.com\/wp-content\/uploads\/2023\/02\/vie2-1-300x203.jpg\" class=\"attachment-medium size-medium wp-image-156219\" alt=\"\" srcset=\"https:\/\/www.mondocamping.com\/wp-content\/uploads\/2023\/02\/vie2-1-300x203.jpg 300w, https:\/\/www.mondocamping.com\/wp-content\/uploads\/2023\/02\/vie2-1-1024x692.jpg 1024w, https:\/\/www.mondocamping.com\/wp-content\/uploads\/2023\/02\/vie2-1-768x519.jpg 768w, https:\/\/www.mondocamping.com\/wp-content\/uploads\/2023\/02\/vie2-1-1536x1037.jpg 1536w, https:\/\/www.mondocamping.com\/wp-content\/uploads\/2023\/02\/vie2-1.jpg 2048w\" sizes=\"(max-width: 300px) 100vw, 300px\" \/><\/div><\/a>\n\t\t\t\t<div class=\"elementor-post__badge\">Andernos-les-Bains<\/div>\n\t\t\t\t<div class=\"elementor-post__text\">\n\t\t\t\t<h3 class=\"elementor-post__title\">\n\t\t\t<a href=\"https:\/\/www.mondocamping.com\/fr\/campeggi\/camping-fontaine-vieille\/\" >\n\t\t\t\tCamping Fontaine Vieille\t\t\t<\/a>\n\t\t<\/h3>\n\t\t\n\t\t<a class=\"elementor-post__read-more\" href=\"https:\/\/www.mondocamping.com\/fr\/campeggi\/camping-fontaine-vieille\/\" aria-label=\"En savoir plus sur Camping Fontaine Vieille\" tabindex=\"-1\" >\n\t\t\tVoir fiche\t\t<\/a>\n\n\t\t\t\t<\/div>\n\t\t\t\t\t<\/div>\n\t\t<\/article>\n\t\t\t\t<article class=\"elementor-post elementor-grid-item post-154484 stabilimenti type-stabilimenti status-publish has-post-thumbnail hentry localita_stabilimenti-bretagna localita_stabilimenti-francia localita_stabilimenti-loudeac servizi_stabilimenti-aire-de-jeux-pour-enfants servizi_stabilimenti-bar-fr servizi_stabilimenti-douches-chaudes servizi_stabilimenti-restauration\" role=\"listitem\">\n\t\t\t<div class=\"elementor-post__card\">\n\t\t\t\t<a class=\"elementor-post__thumbnail__link\" href=\"https:\/\/www.mondocamping.com\/fr\/campeggi\/camping-aquarev-seasonova\/\" tabindex=\"-1\" ><div class=\"elementor-post__thumbnail\"><img loading=\"lazy\" decoding=\"async\" width=\"300\" height=\"225\" src=\"https:\/\/www.mondocamping.com\/wp-content\/uploads\/2023\/02\/aqua-300x225.jpg\" class=\"attachment-medium size-medium wp-image-153151\" alt=\"\" srcset=\"https:\/\/www.mondocamping.com\/wp-content\/uploads\/2023\/02\/aqua-300x225.jpg 300w, https:\/\/www.mondocamping.com\/wp-content\/uploads\/2023\/02\/aqua-768x576.jpg 768w, https:\/\/www.mondocamping.com\/wp-content\/uploads\/2023\/02\/aqua.jpg 800w\" sizes=\"(max-width: 300px) 100vw, 300px\" \/><\/div><\/a>\n\t\t\t\t<div class=\"elementor-post__badge\">Bretagna<\/div>\n\t\t\t\t<div class=\"elementor-post__text\">\n\t\t\t\t<h3 class=\"elementor-post__title\">\n\t\t\t<a href=\"https:\/\/www.mondocamping.com\/fr\/campeggi\/camping-aquarev-seasonova\/\" >\n\t\t\t\tCamping Aquarev Seasonova\t\t\t<\/a>\n\t\t<\/h3>\n\t\t\n\t\t<a class=\"elementor-post__read-more\" href=\"https:\/\/www.mondocamping.com\/fr\/campeggi\/camping-aquarev-seasonova\/\" aria-label=\"En savoir plus sur Camping Aquarev Seasonova\" tabindex=\"-1\" >\n\t\t\tVoir fiche\t\t<\/a>\n\n\t\t\t\t<\/div>\n\t\t\t\t\t<\/div>\n\t\t<\/article>\n\t\t\t\t<article class=\"elementor-post elementor-grid-item post-154456 stabilimenti type-stabilimenti status-publish has-post-thumbnail hentry localita_stabilimenti-bretagna localita_stabilimenti-francia localita_stabilimenti-plonevez-porzay servizi_stabilimenti-aire-de-jeux-pour-enfants servizi_stabilimenti-animation-fr servizi_stabilimenti-bar-fr servizi_stabilimenti-douches-chaudes servizi_stabilimenti-internet-wifi-fr servizi_stabilimenti-piscine servizi_stabilimenti-restauration\" role=\"listitem\">\n\t\t\t<div class=\"elementor-post__card\">\n\t\t\t\t<a class=\"elementor-post__thumbnail__link\" href=\"https:\/\/www.mondocamping.com\/fr\/campeggi\/camping-de-la-plage-de-treguer\/\" tabindex=\"-1\" ><div class=\"elementor-post__thumbnail\"><img loading=\"lazy\" decoding=\"async\" width=\"300\" height=\"200\" src=\"https:\/\/www.mondocamping.com\/wp-content\/uploads\/2023\/02\/TRE4-1-300x200.jpg\" class=\"attachment-medium size-medium wp-image-153313\" alt=\"\" srcset=\"https:\/\/www.mondocamping.com\/wp-content\/uploads\/2023\/02\/TRE4-1-300x200.jpg 300w, https:\/\/www.mondocamping.com\/wp-content\/uploads\/2023\/02\/TRE4-1-1024x683.jpg 1024w, https:\/\/www.mondocamping.com\/wp-content\/uploads\/2023\/02\/TRE4-1-768x512.jpg 768w, https:\/\/www.mondocamping.com\/wp-content\/uploads\/2023\/02\/TRE4-1-391x260.jpg 391w, https:\/\/www.mondocamping.com\/wp-content\/uploads\/2023\/02\/TRE4-1-1536x1024.jpg 1536w, https:\/\/www.mondocamping.com\/wp-content\/uploads\/2023\/02\/TRE4-1.jpg 2048w\" sizes=\"(max-width: 300px) 100vw, 300px\" \/><\/div><\/a>\n\t\t\t\t<div class=\"elementor-post__badge\">Bretagna<\/div>\n\t\t\t\t<div class=\"elementor-post__text\">\n\t\t\t\t<h3 class=\"elementor-post__title\">\n\t\t\t<a href=\"https:\/\/www.mondocamping.com\/fr\/campeggi\/camping-de-la-plage-de-treguer\/\" >\n\t\t\t\tCamping de la Plage de Treguer\t\t\t<\/a>\n\t\t<\/h3>\n\t\t\n\t\t<a class=\"elementor-post__read-more\" href=\"https:\/\/www.mondocamping.com\/fr\/campeggi\/camping-de-la-plage-de-treguer\/\" aria-label=\"En savoir plus sur Camping de la Plage de Treguer\" tabindex=\"-1\" >\n\t\t\tVoir fiche\t\t<\/a>\n\n\t\t\t\t<\/div>\n\t\t\t\t\t<\/div>\n\t\t<\/article>\n\t\t\t\t<\/div>\n\t\t\n\t\t\t\t\t\t<\/div>\n\t\t\t\t<\/div>\n\t\t\t\t<div class=\"elementor-element elementor-element-2c17b2e elementor-widget elementor-widget-spacer\" data-id=\"2c17b2e\" data-element_type=\"widget\" data-e-type=\"widget\" data-widget_type=\"spacer.default\">\n\t\t\t\t<div class=\"elementor-widget-container\">\n\t\t\t\t\t\t\t<div class=\"elementor-spacer\">\n\t\t\t<div class=\"elementor-spacer-inner\"><\/div>\n\t\t<\/div>\n\t\t\t\t\t\t<\/div>\n\t\t\t\t<\/div>\n\t\t\t\t<div class=\"elementor-element elementor-element-512f601 elementor-hidden-phone elementor-widget elementor-widget-news247-title\" data-id=\"512f601\" data-element_type=\"widget\" data-e-type=\"widget\" data-widget_type=\"news247-title.default\">\n\t\t\t\t<div class=\"elementor-widget-container\">\n\t\t\t\t\t<div class=\"news247-title-content-wrapper\"><h3 class=\"main-block-title title-arrow main-title-border\"><span>NOUVELLES<\/span><\/h3><\/div>\t\t\t\t<\/div>\n\t\t\t\t<\/div>\n\t\t\t\t<section class=\"elementor-section elementor-inner-section elementor-element elementor-element-d34c1a6 elementor-section-boxed elementor-section-height-default elementor-section-height-default\" data-id=\"d34c1a6\" data-element_type=\"section\" data-e-type=\"section\">\n\t\t\t\t\t\t<div class=\"elementor-container elementor-column-gap-default\">\n\t\t\t\t\t<div class=\"elementor-column elementor-col-50 elementor-inner-column elementor-element elementor-element-6432627\" data-id=\"6432627\" data-element_type=\"column\" data-e-type=\"column\">\n\t\t\t<div class=\"elementor-widget-wrap elementor-element-populated\">\n\t\t\t\t\t\t<div class=\"elementor-element elementor-element-7c15dc3 elementor-widget elementor-widget-news247-post-block1\" data-id=\"7c15dc3\" data-element_type=\"widget\" data-e-type=\"widget\" data-widget_type=\"news247-post-block1.default\">\n\t\t\t\t<div class=\"elementor-widget-container\">\n\t\t\t\t\t\n\t\t            <div class=\"recent-posts-widget post-block1-element\">\n                <ul class=\"list-unstyled clearfix\">\n                                            <li>\n                                                        <div class=\"posts-thumb-full\">\n                                    <a href=\"https:\/\/www.mondocamping.com\/fr\/open-outdoor-experiences-2026-le-salon-des-activites-de-plein-air\/\" rel=\"bookmark\" title=\"Open Outdoor Experiences 2026, le salon des activit\u00e9s de plein air\"><img loading=\"lazy\" decoding=\"async\" width=\"580\" height=\"460\" src=\"https:\/\/www.mondocamping.com\/wp-content\/uploads\/2026\/04\/Screenshot-2026-04-01-alle-12.19.27-580x460.png\" class=\"attachment-news247-xmedium-size size-news247-xmedium-size wp-post-image\" alt=\"\" \/><\/a>\n                                    <div class=\"post-info-full\">\n                                                                                                                            <h4 class=\"post-title\"><a href=\"https:\/\/www.mondocamping.com\/fr\/open-outdoor-experiences-2026-le-salon-des-activites-de-plein-air\/\" rel=\"bookmark\" title=\"Open Outdoor Experiences 2026, le salon des activit\u00e9s de plein air\">Open Outdoor Experiences 2026, le salon des activit\u00e9s de plein air<\/a><\/h4>\n                                                                                                                            <p class=\"post-meta\"><time class=\"post-date\" datetime=\"2026-04-01T12:27:53+02:00\">1 avril 2026<\/time><\/p>\n                                                                            <\/div>\n                                <\/div>\n                                                        <div class=\"clearfix\"><\/div>\n                        <\/li>\n                                            <li class=\"media\">\n                                                            <div class=\"posts-thumb d-flex mr-3\">\n                                    <a href=\"https:\/\/www.mondocamping.com\/fr\/fit-your-camper-2026-le-premier-salon-europeen-des-accessoires-pour-camping-cars\/\" rel=\"bookmark\" title=\"FIT YOUR CAMPER 2026, le premier salon europ\u00e9en des accessoires pour camping-cars\"><img loading=\"lazy\" decoding=\"async\" width=\"150\" height=\"150\" src=\"https:\/\/www.mondocamping.com\/wp-content\/uploads\/2026\/03\/Screenshot-2026-03-31-alle-18.31.54-150x150.png\" class=\"attachment-thumbnail size-thumbnail wp-post-image\" alt=\"\" srcset=\"https:\/\/www.mondocamping.com\/wp-content\/uploads\/2026\/03\/Screenshot-2026-03-31-alle-18.31.54-150x150.png 150w, https:\/\/www.mondocamping.com\/wp-content\/uploads\/2026\/03\/Screenshot-2026-03-31-alle-18.31.54-300x300.png 300w\" sizes=\"(max-width: 150px) 100vw, 150px\" \/><\/a>\n                                                                    <\/div>\n                                <div class=\"post-info media-body\">\n                                                                            <h4 class=\"post-title title-small mt-0 mb-1\"><a href=\"https:\/\/www.mondocamping.com\/fr\/fit-your-camper-2026-le-premier-salon-europeen-des-accessoires-pour-camping-cars\/\" rel=\"bookmark\" title=\"FIT YOUR CAMPER 2026, le premier salon europ\u00e9en des accessoires pour camping-cars\">FIT YOUR CAMPER 2026, le premier salon europ\u00e9en des accessoires pour camping-cars<\/a><\/h4>\n                                                                                                                <p class=\"post-meta\"><time class=\"post-date\" datetime=\"2026-03-31T18:55:48+02:00\">31 mars 2026<\/time><\/p>\n                                                                    <\/div>\n                                                        <div class=\"clearfix\"><\/div>\n                        <\/li>\n\n                                            <li class=\"media\">\n                                                            <div class=\"posts-thumb d-flex mr-3\">\n                                    <a href=\"https:\/\/www.mondocamping.com\/fr\/prix-acsi-autriche-2026-campings-primes-et-prix-de-linnovation\/\" rel=\"bookmark\" title=\"Prix ACSI Autriche 2026 : campings prim\u00e9s et prix de l&rsquo;innovation\"><img loading=\"lazy\" decoding=\"async\" width=\"150\" height=\"150\" src=\"https:\/\/www.mondocamping.com\/wp-content\/uploads\/2026\/03\/tom-def-a9qsM5Z1Sbg-unsplash-2-150x150.jpg\" class=\"attachment-thumbnail size-thumbnail wp-post-image\" alt=\"\" srcset=\"https:\/\/www.mondocamping.com\/wp-content\/uploads\/2026\/03\/tom-def-a9qsM5Z1Sbg-unsplash-2-150x150.jpg 150w, https:\/\/www.mondocamping.com\/wp-content\/uploads\/2026\/03\/tom-def-a9qsM5Z1Sbg-unsplash-2-300x300.jpg 300w\" sizes=\"(max-width: 150px) 100vw, 150px\" \/><\/a>\n                                                                    <\/div>\n                                <div class=\"post-info media-body\">\n                                                                            <h4 class=\"post-title title-small mt-0 mb-1\"><a href=\"https:\/\/www.mondocamping.com\/fr\/prix-acsi-autriche-2026-campings-primes-et-prix-de-linnovation\/\" rel=\"bookmark\" title=\"Prix ACSI Autriche 2026 : campings prim\u00e9s et prix de l&rsquo;innovation\">Prix ACSI Autriche 2026 : campings prim\u00e9s et prix de l&rsquo;innovation<\/a><\/h4>\n                                                                                                                <p class=\"post-meta\"><time class=\"post-date\" datetime=\"2026-03-30T23:16:35+02:00\">30 mars 2026<\/time><\/p>\n                                                                    <\/div>\n                                                        <div class=\"clearfix\"><\/div>\n                        <\/li>\n\n                                                        <\/ul>\n            <\/div>\n\t    \t\t\t\t\t<\/div>\n\t\t\t\t<\/div>\n\t\t\t\t\t<\/div>\n\t\t<\/div>\n\t\t\t\t<div class=\"elementor-column elementor-col-50 elementor-inner-column elementor-element elementor-element-eabdbeb\" data-id=\"eabdbeb\" data-element_type=\"column\" data-e-type=\"column\">\n\t\t\t<div class=\"elementor-widget-wrap elementor-element-populated\">\n\t\t\t\t\t\t<div class=\"elementor-element elementor-element-4346e10 elementor-widget elementor-widget-news247-post-block1\" data-id=\"4346e10\" data-element_type=\"widget\" data-e-type=\"widget\" data-widget_type=\"news247-post-block1.default\">\n\t\t\t\t<div class=\"elementor-widget-container\">\n\t\t\t\t\t\n\t\t            <div class=\"recent-posts-widget post-block1-element\">\n                <ul class=\"list-unstyled clearfix\">\n                                            <li>\n                                                        <div class=\"posts-thumb-full\">\n                                    <a href=\"https:\/\/www.mondocamping.com\/fr\/nouvel-appel-a-propositions-de-lue-pour-les-pme-du-secteur-du-tourisme-soutenir-la-competitivite-durable-dans-le-secteur-du-tourisme\/\" rel=\"bookmark\" title=\"Nouvel appel \u00e0 propositions de l&rsquo;UE pour les PME du secteur du tourisme : \u00ab\u00a0Soutenir la comp\u00e9titivit\u00e9 durable dans le secteur du tourisme\"><img loading=\"lazy\" decoding=\"async\" width=\"580\" height=\"460\" src=\"https:\/\/www.mondocamping.com\/wp-content\/uploads\/2026\/03\/christian-lue-8Yw6tsB8tnc-unsplash-2-580x460.jpg\" class=\"attachment-news247-xmedium-size size-news247-xmedium-size wp-post-image\" alt=\"\" \/><\/a>\n                                    <div class=\"post-info-full\">\n                                                                                                                            <h4 class=\"post-title\"><a href=\"https:\/\/www.mondocamping.com\/fr\/nouvel-appel-a-propositions-de-lue-pour-les-pme-du-secteur-du-tourisme-soutenir-la-competitivite-durable-dans-le-secteur-du-tourisme\/\" rel=\"bookmark\" title=\"Nouvel appel \u00e0 propositions de l&rsquo;UE pour les PME du secteur du tourisme : \u00ab\u00a0Soutenir la comp\u00e9titivit\u00e9 durable dans le secteur du tourisme\">Nouvel appel \u00e0 propositions de l&rsquo;UE pour les PME du secteur du tourisme : \u00ab\u00a0Soutenir la comp\u00e9titivit\u00e9 durable dans le secteur du tourisme<\/a><\/h4>\n                                                                                                                            <p class=\"post-meta\"><time class=\"post-date\" datetime=\"2026-03-25T11:07:49+01:00\">25 mars 2026<\/time><\/p>\n                                                                            <\/div>\n                                <\/div>\n                                                        <div class=\"clearfix\"><\/div>\n                        <\/li>\n                                            <li class=\"media\">\n                                                            <div class=\"posts-thumb d-flex mr-3\">\n                                    <a href=\"https:\/\/www.mondocamping.com\/fr\/sandaya-en-partenariat-avec-primagaz-pour-viser-la-decarbonisation-du-monde-en-plein-air\/\" rel=\"bookmark\" title=\"Sandaya en partenariat avec Primagaz pour viser la d\u00e9carbonisation du monde en plein air\"><img loading=\"lazy\" decoding=\"async\" width=\"150\" height=\"150\" src=\"https:\/\/www.mondocamping.com\/wp-content\/uploads\/2026\/03\/Sandaya-X-Primagaz-2-150x150.png\" class=\"attachment-thumbnail size-thumbnail wp-post-image\" alt=\"\" srcset=\"https:\/\/www.mondocamping.com\/wp-content\/uploads\/2026\/03\/Sandaya-X-Primagaz-2-150x150.png 150w, https:\/\/www.mondocamping.com\/wp-content\/uploads\/2026\/03\/Sandaya-X-Primagaz-2-300x300.png 300w\" sizes=\"(max-width: 150px) 100vw, 150px\" \/><\/a>\n                                                                    <\/div>\n                                <div class=\"post-info media-body\">\n                                                                            <h4 class=\"post-title title-small mt-0 mb-1\"><a href=\"https:\/\/www.mondocamping.com\/fr\/sandaya-en-partenariat-avec-primagaz-pour-viser-la-decarbonisation-du-monde-en-plein-air\/\" rel=\"bookmark\" title=\"Sandaya en partenariat avec Primagaz pour viser la d\u00e9carbonisation du monde en plein air\">Sandaya en partenariat avec Primagaz pour viser la d\u00e9carbonisation du monde en plein air<\/a><\/h4>\n                                                                                                                <p class=\"post-meta\"><time class=\"post-date\" datetime=\"2026-03-24T18:44:57+01:00\">24 mars 2026<\/time><\/p>\n                                                                    <\/div>\n                                                        <div class=\"clearfix\"><\/div>\n                        <\/li>\n\n                                            <li class=\"media\">\n                                                            <div class=\"posts-thumb d-flex mr-3\">\n                                    <a href=\"https:\/\/www.mondocamping.com\/fr\/vacances-de-paques-boom-des-reservations-en-plein-air-en-italie\/\" rel=\"bookmark\" title=\"Vacances de P\u00e2ques : boom des r\u00e9servations en plein air en Italie\"><img loading=\"lazy\" decoding=\"async\" width=\"150\" height=\"150\" src=\"https:\/\/www.mondocamping.com\/wp-content\/uploads\/2026\/03\/jesse-gardner-wTVr4HR4SBI-unsplash-2-150x150.jpg\" class=\"attachment-thumbnail size-thumbnail wp-post-image\" alt=\"\" srcset=\"https:\/\/www.mondocamping.com\/wp-content\/uploads\/2026\/03\/jesse-gardner-wTVr4HR4SBI-unsplash-2-150x150.jpg 150w, https:\/\/www.mondocamping.com\/wp-content\/uploads\/2026\/03\/jesse-gardner-wTVr4HR4SBI-unsplash-2-300x300.jpg 300w\" sizes=\"(max-width: 150px) 100vw, 150px\" \/><\/a>\n                                                                    <\/div>\n                                <div class=\"post-info media-body\">\n                                                                            <h4 class=\"post-title title-small mt-0 mb-1\"><a href=\"https:\/\/www.mondocamping.com\/fr\/vacances-de-paques-boom-des-reservations-en-plein-air-en-italie\/\" rel=\"bookmark\" title=\"Vacances de P\u00e2ques : boom des r\u00e9servations en plein air en Italie\">Vacances de P\u00e2ques : boom des r\u00e9servations en plein air en Italie<\/a><\/h4>\n                                                                                                                <p class=\"post-meta\"><time class=\"post-date\" datetime=\"2026-03-23T12:06:53+01:00\">23 mars 2026<\/time><\/p>\n                                                                    <\/div>\n                                                        <div class=\"clearfix\"><\/div>\n                        <\/li>\n\n                                                        <\/ul>\n            <\/div>\n\t    \t\t\t\t\t<\/div>\n\t\t\t\t<\/div>\n\t\t\t\t\t<\/div>\n\t\t<\/div>\n\t\t\t\t\t<\/div>\n\t\t<\/section>\n\t\t\t\t<div class=\"elementor-element elementor-element-5d362f3 elementor-widget elementor-widget-news247-title\" data-id=\"5d362f3\" data-element_type=\"widget\" data-e-type=\"widget\" data-widget_type=\"news247-title.default\">\n\t\t\t\t<div class=\"elementor-widget-container\">\n\t\t\t\t\t<div class=\"news247-title-content-wrapper\"><h3 class=\"main-block-title title-arrow main-title-border\"><span>BAR ET RESTAURATION<\/span><\/h3><\/div>\t\t\t\t<\/div>\n\t\t\t\t<\/div>\n\t\t\t\t<section class=\"elementor-section elementor-inner-section elementor-element elementor-element-0b8adf0 elementor-section-boxed elementor-section-height-default elementor-section-height-default\" data-id=\"0b8adf0\" data-element_type=\"section\" data-e-type=\"section\" data-settings=\"{&quot;background_background&quot;:&quot;classic&quot;}\">\n\t\t\t\t\t\t<div class=\"elementor-container elementor-column-gap-default\">\n\t\t\t\t\t<div class=\"elementor-column elementor-col-50 elementor-inner-column elementor-element elementor-element-654b009\" data-id=\"654b009\" data-element_type=\"column\" data-e-type=\"column\">\n\t\t\t<div class=\"elementor-widget-wrap elementor-element-populated\">\n\t\t\t\t\t\t<div class=\"elementor-element elementor-element-391fbea elementor-widget elementor-widget-news247-post-block1\" data-id=\"391fbea\" data-element_type=\"widget\" data-e-type=\"widget\" data-widget_type=\"news247-post-block1.default\">\n\t\t\t\t<div class=\"elementor-widget-container\">\n\t\t\t\t\t\n\t\t            <div class=\"recent-posts-widget post-block1-element\">\n                <ul class=\"list-unstyled clearfix\">\n                                            <li>\n                                                        <div class=\"posts-thumb-full\">\n                                    <a href=\"https:\/\/www.mondocamping.com\/fr\/refrigerateurs-de-camping-quelles-tendances-pour-lavenir\/\" rel=\"bookmark\" title=\"R\u00e9frig\u00e9rateurs de camping, quelles tendances pour l&rsquo;avenir?\"><img loading=\"lazy\" decoding=\"async\" width=\"580\" height=\"460\" src=\"https:\/\/www.mondocamping.com\/wp-content\/uploads\/2023\/03\/frigorifero-da-campeggio-1-580x460.jpg\" class=\"attachment-news247-xmedium-size size-news247-xmedium-size wp-post-image\" alt=\"\" \/><\/a>\n                                    <div class=\"post-info-full\">\n                                                                                                                            <h4 class=\"post-title\"><a href=\"https:\/\/www.mondocamping.com\/fr\/refrigerateurs-de-camping-quelles-tendances-pour-lavenir\/\" rel=\"bookmark\" title=\"R\u00e9frig\u00e9rateurs de camping, quelles tendances pour l&rsquo;avenir?\">R\u00e9frig\u00e9rateurs de camping, quelles tendances pour l&rsquo;avenir?<\/a><\/h4>\n                                                                                                                    <\/div>\n                                <\/div>\n                                                        <div class=\"clearfix\"><\/div>\n                        <\/li>\n                                                        <\/ul>\n            <\/div>\n\t    \t\t\t\t\t<\/div>\n\t\t\t\t<\/div>\n\t\t\t\t\t<\/div>\n\t\t<\/div>\n\t\t\t\t<div class=\"elementor-column elementor-col-50 elementor-inner-column elementor-element elementor-element-daee4f0\" data-id=\"daee4f0\" data-element_type=\"column\" data-e-type=\"column\">\n\t\t\t<div class=\"elementor-widget-wrap elementor-element-populated\">\n\t\t\t\t\t\t<div class=\"elementor-element elementor-element-58ebb3f elementor-widget elementor-widget-news247-post-block1\" data-id=\"58ebb3f\" data-element_type=\"widget\" data-e-type=\"widget\" data-widget_type=\"news247-post-block1.default\">\n\t\t\t\t<div class=\"elementor-widget-container\">\n\t\t\t\t\t\n\t\t            <div class=\"recent-posts-widget post-block1-element\">\n                <ul class=\"list-unstyled clearfix\">\n                                            <li>\n                                                        <div class=\"posts-thumb-full\">\n                                    <a href=\"https:\/\/www.mondocamping.com\/fr\/la-gastronomie-dexcellence-a-fait-son-entree-au-camping\/\" rel=\"bookmark\" title=\"La gastronomie d&rsquo;excellence a fait son entr\u00e9e au camping\"><img loading=\"lazy\" decoding=\"async\" width=\"580\" height=\"460\" src=\"https:\/\/www.mondocamping.com\/wp-content\/uploads\/2023\/02\/Park-Albatros-Village-580x460.jpg\" class=\"attachment-news247-xmedium-size size-news247-xmedium-size wp-post-image\" alt=\"gastronomia\" \/><\/a>\n                                    <div class=\"post-info-full\">\n                                                                                                                            <h4 class=\"post-title\"><a href=\"https:\/\/www.mondocamping.com\/fr\/la-gastronomie-dexcellence-a-fait-son-entree-au-camping\/\" rel=\"bookmark\" title=\"La gastronomie d&rsquo;excellence a fait son entr\u00e9e au camping\">La gastronomie d&rsquo;excellence a fait son entr\u00e9e au camping<\/a><\/h4>\n                                                                                                                    <\/div>\n                                <\/div>\n                                                        <div class=\"clearfix\"><\/div>\n                        <\/li>\n                                                        <\/ul>\n            <\/div>\n\t    \t\t\t\t\t<\/div>\n\t\t\t\t<\/div>\n\t\t\t\t\t<\/div>\n\t\t<\/div>\n\t\t\t\t\t<\/div>\n\t\t<\/section>\n\t\t\t\t<div class=\"elementor-element elementor-element-63ef785 elementor-widget elementor-widget-news247-post-block16\" data-id=\"63ef785\" data-element_type=\"widget\" data-e-type=\"widget\" data-widget_type=\"news247-post-block16.default\">\n\t\t\t\t<div class=\"elementor-widget-container\">\n\t\t\t\t\t\n        <div class=\"post-block6-warp\">\n            <div class=\"post-block6-element featured-tab\">\n\n            \n\n                                <\/div><!--\/.post-block6-element-->\n        <\/div><!--\/.post-block6-warp-->\n    \t\t\t\t<\/div>\n\t\t\t\t<\/div>\n\t\t\t\t<div class=\"elementor-element elementor-element-6dcd85c elementor-invisible elementor-widget elementor-widget-mondobalneare-banner\" data-id=\"6dcd85c\" data-element_type=\"widget\" data-e-type=\"widget\" data-settings=\"{&quot;_animation&quot;:&quot;zoomIn&quot;}\" data-widget_type=\"mondobalneare-banner.default\">\n\t\t\t\t<div class=\"elementor-widget-container\">\n\t\t\t\t\t<div class=\"mondobalneare-banner mondobalneare-banner-banner_4 \">  <a href=\"https:\/\/www.mondocamping.com\/fr\/fornitori\/new-marinas-it\/\" title=\"New Marinas.it\"><img decoding=\"async\" src=\"https:\/\/www.mondocamping.com\/wp-content\/uploads\/2023\/05\/NEW-MARINAS-BANNER-MONDO-CAMPING-FR.png\" alt=\"\" \/><\/a><\/div>\t\t\t\t<\/div>\n\t\t\t\t<\/div>\n\t\t\t\t<div class=\"elementor-element elementor-element-560ef97 elementor-widget elementor-widget-spacer\" data-id=\"560ef97\" data-element_type=\"widget\" data-e-type=\"widget\" data-widget_type=\"spacer.default\">\n\t\t\t\t<div class=\"elementor-widget-container\">\n\t\t\t\t\t\t\t<div class=\"elementor-spacer\">\n\t\t\t<div class=\"elementor-spacer-inner\"><\/div>\n\t\t<\/div>\n\t\t\t\t\t\t<\/div>\n\t\t\t\t<\/div>\n\t\t\t\t\t<\/div>\n\t\t<\/div>\n\t\t\t\t<div class=\"elementor-column elementor-col-50 elementor-top-column elementor-element elementor-element-j62sem2\" data-id=\"j62sem2\" data-element_type=\"column\" data-e-type=\"column\">\n\t\t\t<div class=\"elementor-widget-wrap elementor-element-populated\">\n\t\t\t\t\t\t<div class=\"elementor-element elementor-element-81d7963 elementor-widget elementor-widget-news247-title\" data-id=\"81d7963\" data-element_type=\"widget\" data-e-type=\"widget\" data-widget_type=\"news247-title.default\">\n\t\t\t\t<div class=\"elementor-widget-container\">\n\t\t\t\t\t<div class=\"news247-title-content-wrapper\"><h3 class=\"main-block-title title-arrow main-title-border\"><span>ESTIMATION FACILE<\/span><\/h3><\/div>\t\t\t\t<\/div>\n\t\t\t\t<\/div>\n\t\t\t\t<div class=\"elementor-element elementor-element-d4103fd elementor-widget elementor-widget-image\" data-id=\"d4103fd\" data-element_type=\"widget\" data-e-type=\"widget\" data-widget_type=\"image.default\">\n\t\t\t\t<div class=\"elementor-widget-container\">\n\t\t\t\t\t\t\t\t\t\t\t\t\t\t\t\t<a href=\"https:\/\/www.mondocamping.com\/fr\/estimation-facile\/\">\n\t\t\t\t\t\t\t<img loading=\"lazy\" decoding=\"async\" width=\"300\" height=\"200\" src=\"https:\/\/www.mondocamping.com\/wp-content\/uploads\/2022\/04\/preventivo-facile-camping.gif\" class=\"attachment-large size-large wp-image-142183\" alt=\"\" \/>\t\t\t\t\t\t\t\t<\/a>\n\t\t\t\t\t\t\t\t\t\t\t\t\t\t\t<\/div>\n\t\t\t\t<\/div>\n\t\t\t\t<div class=\"elementor-element elementor-element-wuws6tm elementor-widget elementor-widget-news247-title\" data-id=\"wuws6tm\" data-element_type=\"widget\" data-e-type=\"widget\" data-widget_type=\"news247-title.default\">\n\t\t\t\t<div class=\"elementor-widget-container\">\n\t\t\t\t\t<div class=\"news247-title-content-wrapper\"><h3 class=\"main-block-title title-arrow main-title-border\"><span>SUIVEZ-NOUS<\/span><\/h3><\/div>\t\t\t\t<\/div>\n\t\t\t\t<\/div>\n\t\t\t\t<div class=\"elementor-element elementor-element-e5c2c8d elementor-shape-rounded elementor-grid-0 e-grid-align-center elementor-widget elementor-widget-social-icons\" data-id=\"e5c2c8d\" data-element_type=\"widget\" data-e-type=\"widget\" data-widget_type=\"social-icons.default\">\n\t\t\t\t<div class=\"elementor-widget-container\">\n\t\t\t\t\t\t\t<div class=\"elementor-social-icons-wrapper elementor-grid\" role=\"list\">\n\t\t\t\t\t\t\t<span class=\"elementor-grid-item\" role=\"listitem\">\n\t\t\t\t\t<a class=\"elementor-icon elementor-social-icon elementor-social-icon-facebook elementor-repeater-item-bc59926\" href=\"https:\/\/www.facebook.com\/mondocamping\/\" target=\"_blank\">\n\t\t\t\t\t\t<span class=\"elementor-screen-only\">Facebook<\/span>\n\t\t\t\t\t\t<i aria-hidden=\"true\" class=\"fab fa-facebook\"><\/i>\t\t\t\t\t<\/a>\n\t\t\t\t<\/span>\n\t\t\t\t\t\t\t<span class=\"elementor-grid-item\" role=\"listitem\">\n\t\t\t\t\t<a class=\"elementor-icon elementor-social-icon elementor-social-icon-instagram elementor-repeater-item-0eacb4a\" href=\"https:\/\/www.instagram.com\/mondo__camping\/\" target=\"_blank\">\n\t\t\t\t\t\t<span class=\"elementor-screen-only\">Instagram<\/span>\n\t\t\t\t\t\t<i aria-hidden=\"true\" class=\"fab fa-instagram\"><\/i>\t\t\t\t\t<\/a>\n\t\t\t\t<\/span>\n\t\t\t\t\t\t\t<span class=\"elementor-grid-item\" role=\"listitem\">\n\t\t\t\t\t<a class=\"elementor-icon elementor-social-icon elementor-social-icon-youtube elementor-repeater-item-e524e0a\" href=\"https:\/\/www.youtube.com\/channel\/UCfafR3FVLmf1t4tHb0HoAFg\" target=\"_blank\">\n\t\t\t\t\t\t<span class=\"elementor-screen-only\">Youtube<\/span>\n\t\t\t\t\t\t<i aria-hidden=\"true\" class=\"fab fa-youtube\"><\/i>\t\t\t\t\t<\/a>\n\t\t\t\t<\/span>\n\t\t\t\t\t\t\t<span class=\"elementor-grid-item\" role=\"listitem\">\n\t\t\t\t\t<a class=\"elementor-icon elementor-social-icon elementor-social-icon-linkedin elementor-repeater-item-f3ed3d2\" href=\"https:\/\/www.linkedin.com\/company\/90862789\/\" target=\"_blank\">\n\t\t\t\t\t\t<span class=\"elementor-screen-only\">Linkedin<\/span>\n\t\t\t\t\t\t<i aria-hidden=\"true\" class=\"fab fa-linkedin\"><\/i>\t\t\t\t\t<\/a>\n\t\t\t\t<\/span>\n\t\t\t\t\t<\/div>\n\t\t\t\t\t\t<\/div>\n\t\t\t\t<\/div>\n\t\t\t\t<div class=\"elementor-element elementor-element-cfw24p4 elementor-widget elementor-widget-news247-title\" data-id=\"cfw24p4\" data-element_type=\"widget\" data-e-type=\"widget\" data-widget_type=\"news247-title.default\">\n\t\t\t\t<div class=\"elementor-widget-container\">\n\t\t\t\t\t<div class=\"news247-title-content-wrapper\"><h3 class=\"main-block-title title-arrow main-title-border\"><span>LES ENTREPRISES INFORMENT<\/span><\/h3><\/div>\t\t\t\t<\/div>\n\t\t\t\t<\/div>\n\t\t\t\t<div class=\"elementor-element elementor-element-8suk56j elementor-widget elementor-widget-news247-post-block1\" data-id=\"8suk56j\" data-element_type=\"widget\" data-e-type=\"widget\" data-widget_type=\"news247-post-block1.default\">\n\t\t\t\t<div class=\"elementor-widget-container\">\n\t\t\t\t\t\n\t\t            <div class=\"recent-posts-widget post-block1-element\">\n                <ul class=\"list-unstyled clearfix\">\n                                            <li>\n                                                        <div class=\"posts-thumb-full\">\n                                    <a href=\"https:\/\/www.mondocamping.com\/fr\/compact-le-mobil-home-lumineux-de-vpf\/\" rel=\"bookmark\" title=\"Compact, le mobil-home lumineux de VPF\"><img loading=\"lazy\" decoding=\"async\" width=\"580\" height=\"460\" src=\"https:\/\/www.mondocamping.com\/wp-content\/uploads\/2022\/04\/casa-mobile-compact-vpf-580x460.jpg\" class=\"attachment-news247-xmedium-size size-news247-xmedium-size wp-post-image\" alt=\"\" \/><\/a>\n                                    <div class=\"post-info-full\">\n                                                                                                                            <h4 class=\"post-title\"><a href=\"https:\/\/www.mondocamping.com\/fr\/compact-le-mobil-home-lumineux-de-vpf\/\" rel=\"bookmark\" title=\"Compact, le mobil-home lumineux de VPF\">Compact, le mobil-home lumineux de VPF<\/a><\/h4>\n                                                                                                                    <\/div>\n                                <\/div>\n                                                        <div class=\"clearfix\"><\/div>\n                        <\/li>\n                                            <li class=\"media\">\n                                                            <div class=\"posts-thumb d-flex mr-3\">\n                                    <a href=\"https:\/\/www.mondocamping.com\/fr\/depa-style-et-praticite-pour-moderniser-les-piscines\/\" rel=\"bookmark\" title=\"DEPA, style et praticit\u00e9 pour moderniser les piscines\"><img loading=\"lazy\" decoding=\"async\" width=\"150\" height=\"150\" src=\"https:\/\/www.mondocamping.com\/wp-content\/uploads\/2025\/01\/griglia-piscina-GR-2-depa-690x435_04-2-150x150.jpg\" class=\"attachment-thumbnail size-thumbnail wp-post-image\" alt=\"\" srcset=\"https:\/\/www.mondocamping.com\/wp-content\/uploads\/2025\/01\/griglia-piscina-GR-2-depa-690x435_04-2-150x150.jpg 150w, https:\/\/www.mondocamping.com\/wp-content\/uploads\/2025\/01\/griglia-piscina-GR-2-depa-690x435_04-2-300x300.jpg 300w\" sizes=\"(max-width: 150px) 100vw, 150px\" \/><\/a>\n                                                                    <\/div>\n                                <div class=\"post-info media-body\">\n                                                                            <h4 class=\"post-title title-small mt-0 mb-1\"><a href=\"https:\/\/www.mondocamping.com\/fr\/depa-style-et-praticite-pour-moderniser-les-piscines\/\" rel=\"bookmark\" title=\"DEPA, style et praticit\u00e9 pour moderniser les piscines\">DEPA, style et praticit\u00e9 pour moderniser les piscines<\/a><\/h4>\n                                                                                                        <\/div>\n                                                        <div class=\"clearfix\"><\/div>\n                        <\/li>\n\n                                            <li class=\"media\">\n                                                            <div class=\"posts-thumb d-flex mr-3\">\n                                    <a href=\"https:\/\/www.mondocamping.com\/fr\/les-transats-be-bed-la-derniere-generation-de-detente-au-camping-village-europa\/\" rel=\"bookmark\" title=\"Les transats Be-Bed, la derni\u00e8re g\u00e9n\u00e9ration de d\u00e9tente au Camping Village Europa\"><img loading=\"lazy\" decoding=\"async\" width=\"150\" height=\"150\" src=\"https:\/\/www.mondocamping.com\/wp-content\/uploads\/2024\/02\/Camping-Village-Europa-150x150.jpg\" class=\"attachment-thumbnail size-thumbnail wp-post-image\" alt=\"\" srcset=\"https:\/\/www.mondocamping.com\/wp-content\/uploads\/2024\/02\/Camping-Village-Europa-150x150.jpg 150w, https:\/\/www.mondocamping.com\/wp-content\/uploads\/2024\/02\/Camping-Village-Europa-300x300.jpg 300w\" sizes=\"(max-width: 150px) 100vw, 150px\" \/><\/a>\n                                                                    <\/div>\n                                <div class=\"post-info media-body\">\n                                                                            <h4 class=\"post-title title-small mt-0 mb-1\"><a href=\"https:\/\/www.mondocamping.com\/fr\/les-transats-be-bed-la-derniere-generation-de-detente-au-camping-village-europa\/\" rel=\"bookmark\" title=\"Les transats Be-Bed, la derni\u00e8re g\u00e9n\u00e9ration de d\u00e9tente au Camping Village Europa\">Les transats Be-Bed, la derni\u00e8re g\u00e9n\u00e9ration de d\u00e9tente au Camping Village Europa<\/a><\/h4>\n                                                                                                        <\/div>\n                                                        <div class=\"clearfix\"><\/div>\n                        <\/li>\n\n                                            <li class=\"media\">\n                                                            <div class=\"posts-thumb d-flex mr-3\">\n                                    <a href=\"https:\/\/www.mondocamping.com\/fr\/kiosques-ridap-adaptees-a-toute-utilisation-en-camping\/\" rel=\"bookmark\" title=\"Kiosques Ridap, adapt\u00e9es \u00e0 toute utilisation en camping\"><img loading=\"lazy\" decoding=\"async\" width=\"150\" height=\"150\" src=\"https:\/\/www.mondocamping.com\/wp-content\/uploads\/2019\/06\/chiosco-spiaggia-150x150.jpg\" class=\"attachment-thumbnail size-thumbnail wp-post-image\" alt=\"\" srcset=\"https:\/\/www.mondocamping.com\/wp-content\/uploads\/2019\/06\/chiosco-spiaggia-150x150.jpg 150w, https:\/\/www.mondocamping.com\/wp-content\/uploads\/2019\/06\/chiosco-spiaggia-300x300.jpg 300w\" sizes=\"(max-width: 150px) 100vw, 150px\" \/><\/a>\n                                                                    <\/div>\n                                <div class=\"post-info media-body\">\n                                                                            <h4 class=\"post-title title-small mt-0 mb-1\"><a href=\"https:\/\/www.mondocamping.com\/fr\/kiosques-ridap-adaptees-a-toute-utilisation-en-camping\/\" rel=\"bookmark\" title=\"Kiosques Ridap, adapt\u00e9es \u00e0 toute utilisation en camping\">Kiosques Ridap, adapt\u00e9es \u00e0 toute utilisation en camping<\/a><\/h4>\n                                                                                                        <\/div>\n                                                        <div class=\"clearfix\"><\/div>\n                        <\/li>\n\n                                                        <\/ul>\n            <\/div>\n\t    \t\t\t\t\t<\/div>\n\t\t\t\t<\/div>\n\t\t\t\t<div class=\"elementor-element elementor-element-42a3986 animated-slow elementor-invisible elementor-widget elementor-widget-mondobalneare-banner\" data-id=\"42a3986\" data-element_type=\"widget\" data-e-type=\"widget\" data-settings=\"{&quot;_animation&quot;:&quot;zoomIn&quot;,&quot;_animation_delay&quot;:0}\" data-widget_type=\"mondobalneare-banner.default\">\n\t\t\t\t<div class=\"elementor-widget-container\">\n\t\t\t\t\t<div class=\"mondobalneare-banner mondobalneare-banner-banner_2 \">  <a href=\"https:\/\/www.mondocamping.com\/fr\/fornitori\/tessitura-fabbri-srl\/\" title=\"TESSITURA FABBRI srl\"><img decoding=\"async\" src=\"https:\/\/www.mondocamping.com\/wp-content\/uploads\/2019\/06\/8-Banner-Right-Column-300x250px_it-en-fr.jpg\" alt=\"\" \/><\/a><\/div>\t\t\t\t<\/div>\n\t\t\t\t<\/div>\n\t\t\t\t<div class=\"elementor-element elementor-element-8675f71 elementor-widget elementor-widget-spacer\" data-id=\"8675f71\" data-element_type=\"widget\" data-e-type=\"widget\" data-widget_type=\"spacer.default\">\n\t\t\t\t<div class=\"elementor-widget-container\">\n\t\t\t\t\t\t\t<div class=\"elementor-spacer\">\n\t\t\t<div class=\"elementor-spacer-inner\"><\/div>\n\t\t<\/div>\n\t\t\t\t\t\t<\/div>\n\t\t\t\t<\/div>\n\t\t\t\t<div class=\"elementor-element elementor-element-1fe358e elementor-widget elementor-widget-spacer\" data-id=\"1fe358e\" data-element_type=\"widget\" data-e-type=\"widget\" data-widget_type=\"spacer.default\">\n\t\t\t\t<div class=\"elementor-widget-container\">\n\t\t\t\t\t\t\t<div class=\"elementor-spacer\">\n\t\t\t<div class=\"elementor-spacer-inner\"><\/div>\n\t\t<\/div>\n\t\t\t\t\t\t<\/div>\n\t\t\t\t<\/div>\n\t\t\t\t<div class=\"elementor-element elementor-element-8ss36zf elementor-widget elementor-widget-news247-title\" data-id=\"8ss36zf\" data-element_type=\"widget\" data-e-type=\"widget\" data-widget_type=\"news247-title.default\">\n\t\t\t\t<div class=\"elementor-widget-container\">\n\t\t\t\t\t<div class=\"news247-title-content-wrapper\"><h3 class=\"main-block-title title-arrow main-title-border\"><span>FOIRES ET \u00c9V\u00c9NEMENTS<\/span><\/h3><\/div>\t\t\t\t<\/div>\n\t\t\t\t<\/div>\n\t\t\t\t<div class=\"elementor-element elementor-element-rt5st6b elementor-widget elementor-widget-news247-post-block13\" data-id=\"rt5st6b\" data-element_type=\"widget\" data-e-type=\"widget\" data-widget_type=\"news247-post-block13.default\">\n\t\t\t\t<div class=\"elementor-widget-container\">\n\t\t\t\t\t\n\t\t            <div class=\"recent-posts-widget post-block13-element\">\n                <ul class=\"list-unstyled clearfix\">\n                                            <li class=\"media\">\n                                                            <div class=\"posts-thumb d-flex mr-3\">\n                                    <a href=\"https:\/\/www.mondocamping.com\/fr\/xleisure-la-fabrique-des-loisirs-cloture-son-edition-2026-avec-des-chiffres-et-des-idees-gagnants\/\" rel=\"bookmark\" title=\"XLeisure, la fabrique des loisirs, cl\u00f4ture son \u00e9dition 2026 avec des chiffres et des id\u00e9es gagnants.\"><img loading=\"lazy\" decoding=\"async\" width=\"150\" height=\"150\" src=\"https:\/\/www.mondocamping.com\/wp-content\/uploads\/2026\/02\/MN305854-150x150.jpg\" class=\"attachment-thumbnail size-thumbnail wp-post-image\" alt=\"\" srcset=\"https:\/\/www.mondocamping.com\/wp-content\/uploads\/2026\/02\/MN305854-150x150.jpg 150w, https:\/\/www.mondocamping.com\/wp-content\/uploads\/2026\/02\/MN305854-300x300.jpg 300w\" sizes=\"(max-width: 150px) 100vw, 150px\" \/><\/a>\n                                                                    <\/div>\n                                                        <div class=\"post-info media-body\">\n                                                                    <h4 class=\"entry-title mt-0 mb-1\"><a href=\"https:\/\/www.mondocamping.com\/fr\/xleisure-la-fabrique-des-loisirs-cloture-son-edition-2026-avec-des-chiffres-et-des-idees-gagnants\/\" rel=\"bookmark\" title=\"XLeisure, la fabrique des loisirs, cl\u00f4ture son \u00e9dition 2026 avec des chiffres et des id\u00e9es gagnants.\">XLeisure, la fabrique des loisirs, cl\u00f4ture son \u00e9dition 2026 avec des chiffres et des id\u00e9es gagnants.<\/a><\/h4>\n                                                                                                    <p class=\"post-meta\"><time class=\"post-date\" datetime=\"2026-02-23T18:28:16+01:00\">23 f\u00e9vrier 2026<\/time><\/p>\n                                                            <\/div>\n                            <div class=\"clearfix\"><\/div>\n                        <\/li>\n                                            <li class=\"media\">\n                                                            <div class=\"posts-thumb d-flex mr-3\">\n                                    <a href=\"https:\/\/www.mondocamping.com\/fr\/outex-et-forumpiscine-2026-la-communaute-des-loisirs-renoue-avec-le-confort-linnovation-et-le-bien-etre\/\" rel=\"bookmark\" title=\"Outex et ForumPiscine 2026 : la communaut\u00e9 des loisirs renoue avec le confort, l&rsquo;innovation et le bien-\u00eatre\"><img loading=\"lazy\" decoding=\"async\" width=\"150\" height=\"150\" src=\"https:\/\/www.mondocamping.com\/wp-content\/uploads\/2025\/12\/ForumPiscine26_MN305004_light-150x150.jpg\" class=\"attachment-thumbnail size-thumbnail wp-post-image\" alt=\"\" srcset=\"https:\/\/www.mondocamping.com\/wp-content\/uploads\/2025\/12\/ForumPiscine26_MN305004_light-150x150.jpg 150w, https:\/\/www.mondocamping.com\/wp-content\/uploads\/2025\/12\/ForumPiscine26_MN305004_light-300x300.jpg 300w\" sizes=\"(max-width: 150px) 100vw, 150px\" \/><\/a>\n                                                                    <\/div>\n                                                        <div class=\"post-info media-body\">\n                                                                    <h4 class=\"entry-title mt-0 mb-1\"><a href=\"https:\/\/www.mondocamping.com\/fr\/outex-et-forumpiscine-2026-la-communaute-des-loisirs-renoue-avec-le-confort-linnovation-et-le-bien-etre\/\" rel=\"bookmark\" title=\"Outex et ForumPiscine 2026 : la communaut\u00e9 des loisirs renoue avec le confort, l&rsquo;innovation et le bien-\u00eatre\">Outex et ForumPiscine 2026 : la communaut\u00e9 des loisirs renoue avec le confort, l&rsquo;innovation et le bien-\u00eatre<\/a><\/h4>\n                                                                                                    <p class=\"post-meta\"><time class=\"post-date\" datetime=\"2025-12-10T09:33:42+01:00\">10 d\u00e9cembre 2025<\/time><\/p>\n                                                            <\/div>\n                            <div class=\"clearfix\"><\/div>\n                        <\/li>\n                                                        <\/ul>\n            <\/div>\n\t    \t\t\t\t\t<\/div>\n\t\t\t\t<\/div>\n\t\t\t\t<div class=\"elementor-element elementor-element-d83242a elementor-widget elementor-widget-news247-post-block1\" data-id=\"d83242a\" data-element_type=\"widget\" data-e-type=\"widget\" data-widget_type=\"news247-post-block1.default\">\n\t\t\t\t<div class=\"elementor-widget-container\">\n\t\t\t\t\t\n\t\t\t\t\t\t\t<\/div>\n\t\t\t\t<\/div>\n\t\t\t\t\t<\/div>\n\t\t<\/div>\n\t\t\t\t\t<\/div>\n\t\t<\/section>\n\t\t\t\t<section class=\"elementor-section elementor-top-section elementor-element elementor-element-lt71hg5 elementor-section-content-middle elementor-section-boxed elementor-section-height-default elementor-section-height-default\" data-id=\"lt71hg5\" data-element_type=\"section\" data-e-type=\"section\" data-settings=\"{&quot;background_background&quot;:&quot;gradient&quot;}\">\n\t\t\t\t\t\t<div class=\"elementor-container elementor-column-gap-default\">\n\t\t\t\t\t<div class=\"elementor-column elementor-col-100 elementor-top-column elementor-element elementor-element-w3jgagq\" data-id=\"w3jgagq\" data-element_type=\"column\" data-e-type=\"column\" data-settings=\"{&quot;background_background&quot;:&quot;classic&quot;}\">\n\t\t\t<div class=\"elementor-widget-wrap elementor-element-populated\">\n\t\t\t\t\t\t<div class=\"elementor-element elementor-element-n32lv4i elementor-widget elementor-widget-heading\" data-id=\"n32lv4i\" data-element_type=\"widget\" data-e-type=\"widget\" data-widget_type=\"heading.default\">\n\t\t\t\t<div class=\"elementor-widget-container\">\n\t\t\t\t\t<h3 class=\"elementor-heading-title elementor-size-medium\"><a href=\"https:\/\/www.mondocamping.com\/argomenti\/architettura-campeggi\/\">ARCHITECTURE ET DESIGN EXTERIEUR<\/a><\/h3>\t\t\t\t<\/div>\n\t\t\t\t<\/div>\n\t\t\t\t<section class=\"elementor-section elementor-inner-section elementor-element elementor-element-5a70e97 elementor-section-boxed elementor-section-height-default elementor-section-height-default\" data-id=\"5a70e97\" data-element_type=\"section\" data-e-type=\"section\">\n\t\t\t\t\t\t<div class=\"elementor-container elementor-column-gap-default\">\n\t\t\t\t\t<div class=\"elementor-column elementor-col-50 elementor-inner-column elementor-element elementor-element-37d90cd\" data-id=\"37d90cd\" data-element_type=\"column\" data-e-type=\"column\">\n\t\t\t<div class=\"elementor-widget-wrap elementor-element-populated\">\n\t\t\t\t\t\t<div class=\"elementor-element elementor-element-4b01ecc elementor-widget elementor-widget-news247-post-block2\" data-id=\"4b01ecc\" data-element_type=\"widget\" data-e-type=\"widget\" data-widget_type=\"news247-post-block2.default\">\n\t\t\t\t<div class=\"elementor-widget-container\">\n\t\t\t\t\t\n\t\t            <div class=\"post-block2-warp\">\n                <div class=\"post-block2-element pb-common-nav-wrap\" data-pb2_nav=\"false\" data-pb2_en_ap=\"false\">\n                                                                    <div class=\"block-item2 post-overaly-style text-center\">\n                                <div class=\"post-thumb\">\n                                    <a href=\"https:\/\/www.mondocamping.com\/fr\/gio-stemar-vous-attend-au-salon-inout-de-rimini\/\" rel=\"bookmark\" title=\"Gio Stemar vous attend au salon InOut de Rimini\"><img loading=\"lazy\" decoding=\"async\" width=\"580\" height=\"460\" src=\"https:\/\/www.mondocamping.com\/wp-content\/uploads\/2024\/09\/unnamed-2-2-580x460.jpg\" class=\"attachment-news247-xmedium-size size-news247-xmedium-size wp-post-image\" alt=\"\" \/><\/a>\n                                <\/div>\n                                <div class=\"post-content\">\n                                                                                                                <h4 class=\"post-title\"><a href=\"https:\/\/www.mondocamping.com\/fr\/gio-stemar-vous-attend-au-salon-inout-de-rimini\/\" rel=\"bookmark\" title=\"Gio Stemar vous attend au salon InOut de Rimini\">Gio Stemar vous attend au salon InOut de Rimini<\/a><\/h4>\n                                                                                                        <\/div>\n                            <\/div>\n                                                                                    <\/div><!--\/.post-block2-element-->\n            <\/div><!--\/.post-block2-warp-->\n\t    \t\t\t\t\t<\/div>\n\t\t\t\t<\/div>\n\t\t\t\t\t<\/div>\n\t\t<\/div>\n\t\t\t\t<div class=\"elementor-column elementor-col-50 elementor-inner-column elementor-element elementor-element-2458589\" data-id=\"2458589\" data-element_type=\"column\" data-e-type=\"column\">\n\t\t\t<div class=\"elementor-widget-wrap elementor-element-populated\">\n\t\t\t\t\t\t<div class=\"elementor-element elementor-element-2956f83 elementor-widget elementor-widget-news247-post-block2\" data-id=\"2956f83\" data-element_type=\"widget\" data-e-type=\"widget\" data-widget_type=\"news247-post-block2.default\">\n\t\t\t\t<div class=\"elementor-widget-container\">\n\t\t\t\t\t\n\t\t            <div class=\"post-block2-warp\">\n                <div class=\"post-block2-element pb-common-nav-wrap\" data-pb2_nav=\"false\" data-pb2_en_ap=\"false\">\n                                                                    <div class=\"block-item2 post-overaly-style text-center\">\n                                <div class=\"post-thumb\">\n                                    <a href=\"https:\/\/www.mondocamping.com\/fr\/la-peniche-vpf-une-oasis-sensorielle\/\" rel=\"bookmark\" title=\"La p\u00e9niche VPF, une oasis sensorielle\"><img loading=\"lazy\" decoding=\"async\" width=\"580\" height=\"460\" src=\"https:\/\/www.mondocamping.com\/wp-content\/uploads\/2024\/04\/case-galleggianti-12-580x460.jpg\" class=\"attachment-news247-xmedium-size size-news247-xmedium-size wp-post-image\" alt=\"\" \/><\/a>\n                                <\/div>\n                                <div class=\"post-content\">\n                                                                                                                <h4 class=\"post-title\"><a href=\"https:\/\/www.mondocamping.com\/fr\/la-peniche-vpf-une-oasis-sensorielle\/\" rel=\"bookmark\" title=\"La p\u00e9niche VPF, une oasis sensorielle\">La p\u00e9niche VPF, une oasis sensorielle<\/a><\/h4>\n                                                                                                        <\/div>\n                            <\/div>\n                                                                                    <\/div><!--\/.post-block2-element-->\n            <\/div><!--\/.post-block2-warp-->\n\t    \t\t\t\t\t<\/div>\n\t\t\t\t<\/div>\n\t\t\t\t\t<\/div>\n\t\t<\/div>\n\t\t\t\t\t<\/div>\n\t\t<\/section>\n\t\t\t\t\t<\/div>\n\t\t<\/div>\n\t\t\t\t\t<\/div>\n\t\t<\/section>\n\t\t\t\t<section class=\"elementor-section elementor-top-section elementor-element elementor-element-tugp6x0 elementor-section-boxed elementor-section-height-default elementor-section-height-default\" data-id=\"tugp6x0\" data-element_type=\"section\" data-e-type=\"section\">\n\t\t\t\t\t\t<div class=\"elementor-container elementor-column-gap-default\">\n\t\t\t\t\t<div class=\"elementor-column elementor-col-50 elementor-top-column elementor-element elementor-element-feaoyxw\" data-id=\"feaoyxw\" data-element_type=\"column\" data-e-type=\"column\">\n\t\t\t<div class=\"elementor-widget-wrap elementor-element-populated\">\n\t\t\t\t\t\t<div class=\"elementor-element elementor-element-e288c31 elementor-widget elementor-widget-heading\" data-id=\"e288c31\" data-element_type=\"widget\" data-e-type=\"widget\" data-widget_type=\"heading.default\">\n\t\t\t\t<div class=\"elementor-widget-container\">\n\t\t\t\t\t<h2 class=\"elementor-heading-title elementor-size-default\">Ressources pour les gestionnaires de camping<\/h2>\t\t\t\t<\/div>\n\t\t\t\t<\/div>\n\t\t\t\t<div class=\"elementor-element elementor-element-wzzdxjc elementor-widget elementor-widget-news247-title\" data-id=\"wzzdxjc\" data-element_type=\"widget\" data-e-type=\"widget\" data-widget_type=\"news247-title.default\">\n\t\t\t\t<div class=\"elementor-widget-container\">\n\t\t\t\t\t<div class=\"news247-title-content-wrapper\"><h3 class=\"main-block-title title-arrow main-title-border\"><span>CATALOGUE FOURNISSEURS<\/span><\/h3><\/div>\t\t\t\t<\/div>\n\t\t\t\t<\/div>\n\t\t\t\t<div class=\"elementor-element elementor-element-7dcfdd5 elementor-widget elementor-widget-text-editor\" data-id=\"7dcfdd5\" data-element_type=\"widget\" data-e-type=\"widget\" data-widget_type=\"text-editor.default\">\n\t\t\t\t<div class=\"elementor-widget-container\">\n\t\t\t\t\t\t\t\t\t<p>Le plus grand catalogue en ligne de fournisseurs de camping : structures, architecture, \u00e9quipements, mobilier, technologies, services et tout ce dont vous pourriez avoir besoin pour votre camping.<\/p>\n\t\t\t\t\t\t\t\t<\/div>\n\t\t\t\t<\/div>\n\t\t\t\t<section class=\"elementor-section elementor-inner-section elementor-element elementor-element-925ff52 elementor-section-boxed elementor-section-height-default elementor-section-height-default\" data-id=\"925ff52\" data-element_type=\"section\" data-e-type=\"section\">\n\t\t\t\t\t\t<div class=\"elementor-container elementor-column-gap-default\">\n\t\t\t\t\t<div class=\"elementor-column elementor-col-50 elementor-inner-column elementor-element elementor-element-888c4b1\" data-id=\"888c4b1\" data-element_type=\"column\" data-e-type=\"column\">\n\t\t\t<div class=\"elementor-widget-wrap elementor-element-populated\">\n\t\t\t\t\t\t<div class=\"elementor-element elementor-element-0d23884 elementor-position-left elementor-vertical-align-top elementor-widget elementor-widget-image-box\" data-id=\"0d23884\" data-element_type=\"widget\" data-e-type=\"widget\" data-widget_type=\"image-box.default\">\n\t\t\t\t<div class=\"elementor-widget-container\">\n\t\t\t\t\t<div class=\"elementor-image-box-wrapper\"><figure class=\"elementor-image-box-img\"><a href=\"https:\/\/www.mondocamping.com\/fr\/fornitori-campeggi\/architecture-et-structures-de-camping\/\" tabindex=\"-1\"><img loading=\"lazy\" decoding=\"async\" width=\"180\" height=\"180\" src=\"https:\/\/www.mondocamping.com\/wp-content\/uploads\/2022\/04\/architettura-strutture-camping.png\" class=\"elementor-animation-grow attachment-full size-full wp-image-80072\" alt=\"\" srcset=\"https:\/\/www.mondocamping.com\/wp-content\/uploads\/2022\/04\/architettura-strutture-camping.png 180w, https:\/\/www.mondocamping.com\/wp-content\/uploads\/2022\/04\/architettura-strutture-camping-150x150.png 150w\" sizes=\"(max-width: 180px) 100vw, 180px\" \/><\/a><\/figure><div class=\"elementor-image-box-content\"><h4 class=\"elementor-image-box-title\"><a href=\"https:\/\/www.mondocamping.com\/fr\/fornitori-campeggi\/architecture-et-structures-de-camping\/\">Installations de camping<\/a><\/h4><p class=\"elementor-image-box-description\"><u><a href=\"https:\/\/www.mondocamping.com\/fr\/fornitori-campeggi\/maisons-mobiles-et-prefabriquees\/\">Maisons mobiles &raquo;<\/a><\/u> | <u><a href=\"https:\/\/www.mondocamping.com\/fr\/fornitori-campeggi\/belvedere\/\">Belv\u00e9d\u00e8re &raquo;<\/a><\/u> | <u><a href=\"https:\/\/www.mondocamping.com\/fr\/fornitori-campeggi\/kiosques\/\">Kiosques &raquo;<\/a><\/u> | <u><a href=\"https:\/\/www.mondocamping.com\/fr\/fornitori-campeggi\/clotures-barrieres-et-portails\/\">Clotures &raquo;<\/a><\/u> | <u><a href=\"https:\/\/www.mondocamping.com\/fr\/fornitori-campeggi\/sols-exterieurs\/\">Sols &raquo;<\/a><\/u><\/p><\/div><\/div>\t\t\t\t<\/div>\n\t\t\t\t<\/div>\n\t\t\t\t<div class=\"elementor-element elementor-element-ee8ad4f elementor-position-left elementor-vertical-align-top elementor-widget elementor-widget-image-box\" data-id=\"ee8ad4f\" data-element_type=\"widget\" data-e-type=\"widget\" data-widget_type=\"image-box.default\">\n\t\t\t\t<div class=\"elementor-widget-container\">\n\t\t\t\t\t<div class=\"elementor-image-box-wrapper\"><figure class=\"elementor-image-box-img\"><a href=\"https:\/\/www.mondocamping.com\/fr\/fornitori-campeggi\/equipement-exterieur\/\" tabindex=\"-1\"><img loading=\"lazy\" decoding=\"async\" width=\"180\" height=\"180\" src=\"https:\/\/www.mondocamping.com\/wp-content\/uploads\/2022\/04\/attrezzature-outdoor.png\" class=\"elementor-animation-grow attachment-full size-full wp-image-80102\" alt=\"\" srcset=\"https:\/\/www.mondocamping.com\/wp-content\/uploads\/2022\/04\/attrezzature-outdoor.png 180w, https:\/\/www.mondocamping.com\/wp-content\/uploads\/2022\/04\/attrezzature-outdoor-150x150.png 150w\" sizes=\"(max-width: 180px) 100vw, 180px\" \/><\/a><\/figure><div class=\"elementor-image-box-content\"><h4 class=\"elementor-image-box-title\"><a href=\"https:\/\/www.mondocamping.com\/fr\/fornitori-campeggi\/equipement-exterieur\/\">\u00c9quipement ext\u00e9rieur<\/a><\/h4><p class=\"elementor-image-box-description\"><u><a href=\"https:\/\/www.mondocamping.com\/fr\/fornitori-campeggi\/transats\/\">Transats &raquo;<\/a><\/u> | <u><a href=\"https:\/\/www.mondocamping.com\/fr\/fornitori-campeggi\/parasols-classiques\/\">Parasols &raquo;<\/a><\/u> | <u><a href=\"https:\/\/www.mondocamping.com\/fr\/fornitori-campeggi\/passerelles\/\">Passerelles &raquo;<\/a><\/u> | <u><a href=\"https:\/\/www.mondocamping.com\/fr\/fornitori-campeggi\/douches\/\">Douches &raquo;<\/a><\/u> | <u><a href=\"https:\/\/www.mondocamping.com\/fr\/fornitori-campeggi\/lave-pieds\/\">Lave-pieds &raquo;<\/a><\/u><\/p><\/div><\/div>\t\t\t\t<\/div>\n\t\t\t\t<\/div>\n\t\t\t\t<div class=\"elementor-element elementor-element-6267bf1 elementor-position-left elementor-vertical-align-top elementor-widget elementor-widget-image-box\" data-id=\"6267bf1\" data-element_type=\"widget\" data-e-type=\"widget\" data-widget_type=\"image-box.default\">\n\t\t\t\t<div class=\"elementor-widget-container\">\n\t\t\t\t\t<div class=\"elementor-image-box-wrapper\"><figure class=\"elementor-image-box-img\"><a href=\"https:\/\/www.mondocamping.com\/fr\/fornitori-campeggi\/jeux-sports-et-piscines\/\" tabindex=\"-1\"><img loading=\"lazy\" decoding=\"async\" width=\"180\" height=\"180\" src=\"https:\/\/www.mondocamping.com\/wp-content\/uploads\/2022\/04\/giochi-sport-e-piscine.png\" class=\"elementor-animation-grow attachment-full size-full wp-image-80104\" alt=\"\" srcset=\"https:\/\/www.mondocamping.com\/wp-content\/uploads\/2022\/04\/giochi-sport-e-piscine.png 180w, https:\/\/www.mondocamping.com\/wp-content\/uploads\/2022\/04\/giochi-sport-e-piscine-150x150.png 150w\" sizes=\"(max-width: 180px) 100vw, 180px\" \/><\/a><\/figure><div class=\"elementor-image-box-content\"><h4 class=\"elementor-image-box-title\"><a href=\"https:\/\/www.mondocamping.com\/fr\/fornitori-campeggi\/jeux-sports-et-piscines\/\">Jeux, sports et piscines<\/a><\/h4><p class=\"elementor-image-box-description\"><u><a href=\"https:\/\/www.mondocamping.com\/fr\/fornitori-campeggi\/jonglerie-et-structures-gonflables\/\">Gonfiables &raquo;<\/a><\/u> | <u><a href=\"https:\/\/www.mondocamping.com\/fr\/fornitori-campeggi\/chaises-bercantes-balancoires-et-toboggans\/\">Chaises et bercantes &raquo;<\/a><\/u> | <u><a href=\"https:\/\/www.mondocamping.com\/fr\/fornitori-campeggi\/piscines-toboggans-et-produits-de-piscine\/\">Piscines &raquo;<\/a><\/u> | <u><a href=\"https:\/\/www.mondocamping.com\/fr\/fornitori-campeggi\/saunas-spas-et-bains-a-remous\/\">Saunas, spas, bains \u00e0 remous &raquo;<\/a><\/u><\/p><\/div><\/div>\t\t\t\t<\/div>\n\t\t\t\t<\/div>\n\t\t\t\t<div class=\"elementor-element elementor-element-85fa250 elementor-position-left elementor-vertical-align-top elementor-widget elementor-widget-image-box\" data-id=\"85fa250\" data-element_type=\"widget\" data-e-type=\"widget\" data-widget_type=\"image-box.default\">\n\t\t\t\t<div class=\"elementor-widget-container\">\n\t\t\t\t\t<div class=\"elementor-image-box-wrapper\"><figure class=\"elementor-image-box-img\"><a href=\"https:\/\/www.mondocamping.com\/fr\/fornitori-campeggi\/equipement-bar-et-restauration\/\" tabindex=\"-1\"><img loading=\"lazy\" decoding=\"async\" width=\"180\" height=\"180\" src=\"https:\/\/www.mondocamping.com\/wp-content\/uploads\/2022\/04\/attrezzature-bar-e-ristorazione.png\" class=\"elementor-animation-grow attachment-full size-full wp-image-80108\" alt=\"\" srcset=\"https:\/\/www.mondocamping.com\/wp-content\/uploads\/2022\/04\/attrezzature-bar-e-ristorazione.png 180w, https:\/\/www.mondocamping.com\/wp-content\/uploads\/2022\/04\/attrezzature-bar-e-ristorazione-150x150.png 150w\" sizes=\"(max-width: 180px) 100vw, 180px\" \/><\/a><\/figure><div class=\"elementor-image-box-content\"><h4 class=\"elementor-image-box-title\"><a href=\"https:\/\/www.mondocamping.com\/fr\/fornitori-campeggi\/equipement-bar-et-restauration\/\">Bar et ristoration<\/a><\/h4><p class=\"elementor-image-box-description\"><u><a href=\"https:\/\/www.mondocamping.com\/fr\/fornitori-campeggi\/machines-a-cafe\/\">Machines \u00e0 caf\u00e9 &raquo;<\/a><\/u> | <u><a href=\"https:\/\/www.mondocamping.com\/fr\/fornitori-campeggi\/refrigerateurs-et-congelateurs\/\">R\u00e9frig\u00e9rateurs et cong\u00e9lateurs &raquo;<\/a><\/u> | <u><a href=\"https:\/\/www.mondocamping.com\/fr\/fornitori-campeggi\/cuisine-assiettes-cuisiniere\/\">Cuisines &raquo;<\/a><\/u><\/p><\/div><\/div>\t\t\t\t<\/div>\n\t\t\t\t<\/div>\n\t\t\t\t<div class=\"elementor-element elementor-element-53bce9f elementor-position-left elementor-vertical-align-top elementor-widget elementor-widget-image-box\" data-id=\"53bce9f\" data-element_type=\"widget\" data-e-type=\"widget\" data-widget_type=\"image-box.default\">\n\t\t\t\t<div class=\"elementor-widget-container\">\n\t\t\t\t\t<div class=\"elementor-image-box-wrapper\"><figure class=\"elementor-image-box-img\"><a href=\"https:\/\/www.mondocamping.com\/fr\/fornitori-campeggi\/accessoires-gadgets-enseignes-vetements\/\" tabindex=\"-1\"><img loading=\"lazy\" decoding=\"async\" width=\"180\" height=\"180\" src=\"https:\/\/www.mondocamping.com\/wp-content\/uploads\/2022\/04\/accessori-gadget-segnaletica.png\" class=\"elementor-animation-grow attachment-full size-full wp-image-80112\" alt=\"\" srcset=\"https:\/\/www.mondocamping.com\/wp-content\/uploads\/2022\/04\/accessori-gadget-segnaletica.png 180w, https:\/\/www.mondocamping.com\/wp-content\/uploads\/2022\/04\/accessori-gadget-segnaletica-150x150.png 150w\" sizes=\"(max-width: 180px) 100vw, 180px\" \/><\/a><\/figure><div class=\"elementor-image-box-content\"><h4 class=\"elementor-image-box-title\"><a href=\"https:\/\/www.mondocamping.com\/fr\/fornitori-campeggi\/accessoires-gadgets-enseignes-vetements\/\">Accessoires et gadgets<\/a><\/h4><p class=\"elementor-image-box-description\"><u><a href=\"https:\/\/www.mondocamping.com\/fr\/fornitori-campeggi\/porte-cles\/\">Porte-cl\u00e9s &raquo;<\/a><\/u> | <u><a href=\"https:\/\/www.mondocamping.com\/fr\/fornitori-campeggi\/numerateur-pour-emplacements-portes-parasols\/\">Numerateurs &raquo;<\/a><\/u> | <u><a href=\"https:\/\/www.mondocamping.com\/fr\/fornitori-campeggi\/bracelets-fr\/\">Bracelets &raquo;<\/a><\/u> | <u><a href=\"https:\/\/www.mondocamping.com\/fr\/fornitori-campeggi\/vetements-de-travail-et-uniformes\/\">V\u00eatements de travail et uniformes &raquo;<\/a><\/u><\/p><\/div><\/div>\t\t\t\t<\/div>\n\t\t\t\t<\/div>\n\t\t\t\t<div class=\"elementor-element elementor-element-a5a6a88 elementor-position-left elementor-vertical-align-top elementor-widget elementor-widget-image-box\" data-id=\"a5a6a88\" data-element_type=\"widget\" data-e-type=\"widget\" data-widget_type=\"image-box.default\">\n\t\t\t\t<div class=\"elementor-widget-container\">\n\t\t\t\t\t<div class=\"elementor-image-box-wrapper\"><figure class=\"elementor-image-box-img\"><a href=\"https:\/\/www.mondocamping.com\/fr\/fornitori-campeggi\/securite-et-accessibilite\/\" tabindex=\"-1\"><img loading=\"lazy\" decoding=\"async\" width=\"180\" height=\"180\" src=\"https:\/\/www.mondocamping.com\/wp-content\/uploads\/2022\/04\/salvamento-e-accessibilita.png\" class=\"elementor-animation-grow attachment-full size-full wp-image-80124\" alt=\"\" srcset=\"https:\/\/www.mondocamping.com\/wp-content\/uploads\/2022\/04\/salvamento-e-accessibilita.png 180w, https:\/\/www.mondocamping.com\/wp-content\/uploads\/2022\/04\/salvamento-e-accessibilita-150x150.png 150w\" sizes=\"(max-width: 180px) 100vw, 180px\" \/><\/a><\/figure><div class=\"elementor-image-box-content\"><h4 class=\"elementor-image-box-title\"><a href=\"https:\/\/www.mondocamping.com\/fr\/fornitori-campeggi\/securite-et-accessibilite\/\">Sauvetage et accessibilit\u00e9<\/a><\/h4><p class=\"elementor-image-box-description\"><u><a href=\"https:\/\/www.mondocamping.com\/fr\/fornitori-campeggi\/defibrillateurs\/\">D\u00e9fibrillateurs &raquo;<\/a><\/u> | <u><a href=\"https:\/\/www.mondocamping.com\/fr\/fornitori-campeggi\/tours-de-guet\/\">Tours de guet &raquo;<\/a><\/u> | <u><a href=\"https:\/\/www.mondocamping.com\/fr\/fornitori-campeggi\/articles-pour-le-sauvetage\/\">Articles pour le sauvetage &raquo;<\/a><\/u> | <u><a href=\"https:\/\/www.mondocamping.com\/fr\/fornitori-campeggi\/equipement-pour-handicapes\/\">Equipement pour handicap\u00e9s &raquo;<\/a><\/u><\/p><\/div><\/div>\t\t\t\t<\/div>\n\t\t\t\t<\/div>\n\t\t\t\t\t<\/div>\n\t\t<\/div>\n\t\t\t\t<div class=\"elementor-column elementor-col-50 elementor-inner-column elementor-element elementor-element-c04839b\" data-id=\"c04839b\" data-element_type=\"column\" data-e-type=\"column\">\n\t\t\t<div class=\"elementor-widget-wrap elementor-element-populated\">\n\t\t\t\t\t\t<div class=\"elementor-element elementor-element-2d5005a elementor-position-left elementor-vertical-align-top elementor-widget elementor-widget-image-box\" data-id=\"2d5005a\" data-element_type=\"widget\" data-e-type=\"widget\" data-widget_type=\"image-box.default\">\n\t\t\t\t<div class=\"elementor-widget-container\">\n\t\t\t\t\t<div class=\"elementor-image-box-wrapper\"><figure class=\"elementor-image-box-img\"><a href=\"https:\/\/www.mondocamping.com\/fr\/fornitori-campeggi\/nettoyage-machines-produits-services\/\" tabindex=\"-1\"><img loading=\"lazy\" decoding=\"async\" width=\"180\" height=\"180\" src=\"https:\/\/www.mondocamping.com\/wp-content\/uploads\/2022\/04\/pulizia-1.png\" class=\"elementor-animation-grow attachment-full size-full wp-image-80116\" alt=\"\" srcset=\"https:\/\/www.mondocamping.com\/wp-content\/uploads\/2022\/04\/pulizia-1.png 180w, https:\/\/www.mondocamping.com\/wp-content\/uploads\/2022\/04\/pulizia-1-150x150.png 150w\" sizes=\"(max-width: 180px) 100vw, 180px\" \/><\/a><\/figure><div class=\"elementor-image-box-content\"><h4 class=\"elementor-image-box-title\"><a href=\"https:\/\/www.mondocamping.com\/fr\/fornitori-campeggi\/nettoyage-machines-produits-services\/\">Nettoyage: machines et produits<\/a><\/h4><p class=\"elementor-image-box-description\"><u><a href=\"https:\/\/www.mondocamping.com\/fr\/fornitori-campeggi\/nettoyeurs-haute-pression\/\">Nettoyeurs haute pression &raquo;<\/a><\/u> | <u><a href=\"https:\/\/www.mondocamping.com\/fr\/fornitori-campeggi\/aspirateurs\/\">Aspirateurs &raquo;<\/a><\/u> | <u><a href=\"https:\/\/www.mondocamping.com\/fr\/fornitori-campeggi\/papier-et-serviettes\/\">Papier et serviettes &raquo;<\/a><\/u> | <u><a href=\"https:\/\/www.mondocamping.com\/fr\/fornitori-campeggi\/poubelles\/\">Poubelles &raquo;<\/a><\/u><\/p><\/div><\/div>\t\t\t\t<\/div>\n\t\t\t\t<\/div>\n\t\t\t\t<div class=\"elementor-element elementor-element-0c81e02 elementor-position-left elementor-vertical-align-top elementor-widget elementor-widget-image-box\" data-id=\"0c81e02\" data-element_type=\"widget\" data-e-type=\"widget\" data-widget_type=\"image-box.default\">\n\t\t\t\t<div class=\"elementor-widget-container\">\n\t\t\t\t\t<div class=\"elementor-image-box-wrapper\"><figure class=\"elementor-image-box-img\"><a href=\"https:\/\/www.mondocamping.com\/fr\/fornitori-campeggi\/technologies-logiciels-installations\/\" tabindex=\"-1\"><img loading=\"lazy\" decoding=\"async\" width=\"180\" height=\"180\" src=\"https:\/\/www.mondocamping.com\/wp-content\/uploads\/2022\/04\/tecnologie-software-impianti.png\" class=\"elementor-animation-grow attachment-full size-full wp-image-80106\" alt=\"\" srcset=\"https:\/\/www.mondocamping.com\/wp-content\/uploads\/2022\/04\/tecnologie-software-impianti.png 180w, https:\/\/www.mondocamping.com\/wp-content\/uploads\/2022\/04\/tecnologie-software-impianti-150x150.png 150w\" sizes=\"(max-width: 180px) 100vw, 180px\" \/><\/a><\/figure><div class=\"elementor-image-box-content\"><h4 class=\"elementor-image-box-title\"><a href=\"https:\/\/www.mondocamping.com\/fr\/fornitori-campeggi\/technologies-logiciels-installations\/\">Technologies, logiciels, syst\u00e8mes<\/a><\/h4><p class=\"elementor-image-box-description\"><u><a href=\"https:\/\/www.mondocamping.com\/fr\/fornitori-campeggi\/logiciel-de-gestion-pour-campings\/\">Logiciel de gestion &raquo;<\/a><\/u> | <u><a href=\"https:\/\/www.mondocamping.com\/fr\/fornitori-campeggi\/reservation-en-ligne\/\">R\u00e9servation en ligne &raquo;<\/a><\/u> | <u><a href=\"https:\/\/www.mondocamping.com\/fr\/fornitori-campeggi\/colonnes-electriques\/\">Colonnes \u00e9lectriques &raquo;<\/a><\/u><\/p><\/div><\/div>\t\t\t\t<\/div>\n\t\t\t\t<\/div>\n\t\t\t\t<div class=\"elementor-element elementor-element-305dbdc elementor-position-left elementor-vertical-align-top elementor-widget elementor-widget-image-box\" data-id=\"305dbdc\" data-element_type=\"widget\" data-e-type=\"widget\" data-widget_type=\"image-box.default\">\n\t\t\t\t<div class=\"elementor-widget-container\">\n\t\t\t\t\t<div class=\"elementor-image-box-wrapper\"><figure class=\"elementor-image-box-img\"><a href=\"https:\/\/www.mondocamping.com\/fr\/fornitori-campeggi\/nourriture-et-boissons\/\" tabindex=\"-1\"><img loading=\"lazy\" decoding=\"async\" width=\"180\" height=\"180\" src=\"https:\/\/www.mondocamping.com\/wp-content\/uploads\/2022\/04\/food-beverage.png\" class=\"elementor-animation-grow attachment-full size-full wp-image-80110\" alt=\"\" srcset=\"https:\/\/www.mondocamping.com\/wp-content\/uploads\/2022\/04\/food-beverage.png 180w, https:\/\/www.mondocamping.com\/wp-content\/uploads\/2022\/04\/food-beverage-150x150.png 150w\" sizes=\"(max-width: 180px) 100vw, 180px\" \/><\/a><\/figure><div class=\"elementor-image-box-content\"><h4 class=\"elementor-image-box-title\"><a href=\"https:\/\/www.mondocamping.com\/fr\/fornitori-campeggi\/nourriture-et-boissons\/\">Nourriture et boissons<\/a><\/h4><p class=\"elementor-image-box-description\"><u><a href=\"https:\/\/www.mondocamping.com\/fr\/fornitori-campeggi\/glaces-et-granites\/\">Glaces et granit\u00e9s &raquo;<\/a><\/u> | <u><a href=\"https:\/\/www.mondocamping.com\/fr\/fornitori-campeggi\/boissons\/\">Boissons &raquo;<\/a><\/u> | <u><a href=\"https:\/\/www.mondocamping.com\/fr\/fornitori-campeggi\/plats-cuisines\/\">Plats cuisin\u00e9s &raquo;<\/a><\/u> | <u><a href=\"https:\/\/www.mondocamping.com\/fr\/fornitori-campeggi\/snacks-sales\/\">Snack sal\u00e9s &raquo;<\/a><\/u><\/p><\/div><\/div>\t\t\t\t<\/div>\n\t\t\t\t<\/div>\n\t\t\t\t<div class=\"elementor-element elementor-element-918213e elementor-position-left elementor-vertical-align-top elementor-widget elementor-widget-image-box\" data-id=\"918213e\" data-element_type=\"widget\" data-e-type=\"widget\" data-widget_type=\"image-box.default\">\n\t\t\t\t<div class=\"elementor-widget-container\">\n\t\t\t\t\t<div class=\"elementor-image-box-wrapper\"><figure class=\"elementor-image-box-img\"><a href=\"https:\/\/www.mondocamping.com\/fr\/fornitori-campeggi\/conseils-services-travaux\/\" tabindex=\"-1\"><img loading=\"lazy\" decoding=\"async\" width=\"180\" height=\"180\" src=\"https:\/\/www.mondocamping.com\/wp-content\/uploads\/2022\/04\/consulenze-servizi-lavori.png\" class=\"elementor-animation-grow attachment-full size-full wp-image-80118\" alt=\"\" srcset=\"https:\/\/www.mondocamping.com\/wp-content\/uploads\/2022\/04\/consulenze-servizi-lavori.png 180w, https:\/\/www.mondocamping.com\/wp-content\/uploads\/2022\/04\/consulenze-servizi-lavori-150x150.png 150w\" sizes=\"(max-width: 180px) 100vw, 180px\" \/><\/a><\/figure><div class=\"elementor-image-box-content\"><h4 class=\"elementor-image-box-title\"><a href=\"https:\/\/www.mondocamping.com\/fr\/fornitori-campeggi\/conseils-services-travaux\/\">Conseils, services, emplois<\/a><\/h4><p class=\"elementor-image-box-description\"><u><a href=\"https:\/\/www.mondocamping.com\/fr\/fornitori-campeggi\/certificats\/\">Certificats &raquo;<\/a><\/u> | <u><a href=\"https:\/\/www.mondocamping.com\/fr\/fornitori-campeggi\/certificats\/\">Formation &raquo;<\/a><\/u> | <u><a href=\"https:\/\/www.mondocamping.com\/fr\/fornitori-campeggi\/architectes\/\">Architectes &raquo;<\/a><\/u> | <u><a href=\"https:\/\/www.mondocamping.com\/fr\/fornitori-campeggi\/vigilance-et-securite\/\">Vigilance &raquo;<\/a><\/u><\/p><\/div><\/div>\t\t\t\t<\/div>\n\t\t\t\t<\/div>\n\t\t\t\t<div class=\"elementor-element elementor-element-9498a45 elementor-position-left elementor-vertical-align-top elementor-widget elementor-widget-image-box\" data-id=\"9498a45\" data-element_type=\"widget\" data-e-type=\"widget\" data-widget_type=\"image-box.default\">\n\t\t\t\t<div class=\"elementor-widget-container\">\n\t\t\t\t\t<div class=\"elementor-image-box-wrapper\"><figure class=\"elementor-image-box-img\"><a href=\"https:\/\/www.mondocamping.com\/fr\/fornitori-campeggi\/mobilier-et-design\/\" tabindex=\"-1\"><img loading=\"lazy\" decoding=\"async\" width=\"180\" height=\"180\" src=\"https:\/\/www.mondocamping.com\/wp-content\/uploads\/2022\/04\/arredo-e-design.png\" class=\"elementor-animation-grow attachment-full size-full wp-image-80120\" alt=\"\" srcset=\"https:\/\/www.mondocamping.com\/wp-content\/uploads\/2022\/04\/arredo-e-design.png 180w, https:\/\/www.mondocamping.com\/wp-content\/uploads\/2022\/04\/arredo-e-design-150x150.png 150w\" sizes=\"(max-width: 180px) 100vw, 180px\" \/><\/a><\/figure><div class=\"elementor-image-box-content\"><h4 class=\"elementor-image-box-title\"><a href=\"https:\/\/www.mondocamping.com\/fr\/fornitori-campeggi\/mobilier-et-design\/\">Mobilier et design<\/a><\/h4><p class=\"elementor-image-box-description\"><u><a href=\"https:\/\/www.mondocamping.com\/fr\/fornitori-campeggi\/tables-chaises-et-hamacs\/\">Tables et chaises &raquo;<\/a><\/u> | <u><a href=\"https:\/\/www.mondocamping.com\/fr\/fornitori-campeggi\/mobilier-de-jardin\/\">Mobilier de jardin &raquo;<\/a><\/u> | <u><a href=\"https:\/\/www.mondocamping.com\/fr\/fornitori-campeggi\/amenagement-interieur-bars-clubs\/\">Amenagement interieur &raquo;<\/a><\/u><\/p><\/div><\/div>\t\t\t\t<\/div>\n\t\t\t\t<\/div>\n\t\t\t\t<div class=\"elementor-element elementor-element-ee66c4e elementor-position-left elementor-vertical-align-top elementor-widget elementor-widget-image-box\" data-id=\"ee66c4e\" data-element_type=\"widget\" data-e-type=\"widget\" data-widget_type=\"image-box.default\">\n\t\t\t\t<div class=\"elementor-widget-container\">\n\t\t\t\t\t<div class=\"elementor-image-box-wrapper\"><figure class=\"elementor-image-box-img\"><a href=\"https:\/\/www.mondocamping.com\/fr\/fornitori-campeggi\/nourriture-et-boissons\/\" tabindex=\"-1\"><img loading=\"lazy\" decoding=\"async\" width=\"180\" height=\"180\" src=\"https:\/\/www.mondocamping.com\/wp-content\/uploads\/2022\/04\/nautica.png\" class=\"elementor-animation-grow attachment-full size-full wp-image-80122\" alt=\"\" srcset=\"https:\/\/www.mondocamping.com\/wp-content\/uploads\/2022\/04\/nautica.png 180w, https:\/\/www.mondocamping.com\/wp-content\/uploads\/2022\/04\/nautica-150x150.png 150w\" sizes=\"(max-width: 180px) 100vw, 180px\" \/><\/a><\/figure><div class=\"elementor-image-box-content\"><h4 class=\"elementor-image-box-title\"><a href=\"https:\/\/www.mondocamping.com\/fr\/fornitori-campeggi\/nourriture-et-boissons\/\">Nautisme et petits bateaux<\/a><\/h4><p class=\"elementor-image-box-description\"><u><a href=\"https:\/\/www.mondocamping.com\/fr\/fornitori-campeggi\/petits-bateaux\/\">Petits bateaux &raquo;<\/a><\/u> | <u><a href=\"https:\/\/www.mondocamping.com\/fr\/fornitori-campeggi\/accessoires-nautiques\/\">Accessories nautiques &raquo;<\/a><\/u><\/p><\/div><\/div>\t\t\t\t<\/div>\n\t\t\t\t<\/div>\n\t\t\t\t\t<\/div>\n\t\t<\/div>\n\t\t\t\t\t<\/div>\n\t\t<\/section>\n\t\t\t\t\t<\/div>\n\t\t<\/div>\n\t\t\t\t<div class=\"elementor-column elementor-col-50 elementor-top-column elementor-element elementor-element-2quwyxi\" data-id=\"2quwyxi\" data-element_type=\"column\" data-e-type=\"column\">\n\t\t\t<div class=\"elementor-widget-wrap elementor-element-populated\">\n\t\t\t\t\t\t<div class=\"elementor-element elementor-element-8e5f52c elementor-widget elementor-widget-spacer\" data-id=\"8e5f52c\" data-element_type=\"widget\" data-e-type=\"widget\" data-widget_type=\"spacer.default\">\n\t\t\t\t<div class=\"elementor-widget-container\">\n\t\t\t\t\t\t\t<div class=\"elementor-spacer\">\n\t\t\t<div class=\"elementor-spacer-inner\"><\/div>\n\t\t<\/div>\n\t\t\t\t\t\t<\/div>\n\t\t\t\t<\/div>\n\t\t\t\t<div class=\"elementor-element elementor-element-d283f2e elementor-widget elementor-widget-news247-title\" data-id=\"d283f2e\" data-element_type=\"widget\" data-e-type=\"widget\" data-widget_type=\"news247-title.default\">\n\t\t\t\t<div class=\"elementor-widget-container\">\n\t\t\t\t\t<div class=\"news247-title-content-wrapper\"><h3 class=\"main-block-title title-arrow main-title-border\"><span>ESTIMATION FACILE<\/span><\/h3><\/div>\t\t\t\t<\/div>\n\t\t\t\t<\/div>\n\t\t\t\t<div class=\"elementor-element elementor-element-258896d elementor-widget elementor-widget-image\" data-id=\"258896d\" data-element_type=\"widget\" data-e-type=\"widget\" data-widget_type=\"image.default\">\n\t\t\t\t<div class=\"elementor-widget-container\">\n\t\t\t\t\t\t\t\t\t\t\t\t\t\t\t\t<a href=\"https:\/\/www.mondocamping.com\/fr\/estimation-facile\/\">\n\t\t\t\t\t\t\t<img loading=\"lazy\" decoding=\"async\" width=\"300\" height=\"200\" src=\"https:\/\/www.mondocamping.com\/wp-content\/uploads\/2022\/04\/preventivo-facile-camping.gif\" class=\"attachment-large size-large wp-image-142183\" alt=\"\" \/>\t\t\t\t\t\t\t\t<\/a>\n\t\t\t\t\t\t\t\t\t\t\t\t\t\t\t<\/div>\n\t\t\t\t<\/div>\n\t\t\t\t<div class=\"elementor-element elementor-element-b38b4c9 elementor-widget elementor-widget-spacer\" data-id=\"b38b4c9\" data-element_type=\"widget\" data-e-type=\"widget\" data-widget_type=\"spacer.default\">\n\t\t\t\t<div class=\"elementor-widget-container\">\n\t\t\t\t\t\t\t<div class=\"elementor-spacer\">\n\t\t\t<div class=\"elementor-spacer-inner\"><\/div>\n\t\t<\/div>\n\t\t\t\t\t\t<\/div>\n\t\t\t\t<\/div>\n\t\t\t\t<div class=\"elementor-element elementor-element-b2563f7 elementor-widget elementor-widget-spacer\" data-id=\"b2563f7\" data-element_type=\"widget\" data-e-type=\"widget\" data-widget_type=\"spacer.default\">\n\t\t\t\t<div class=\"elementor-widget-container\">\n\t\t\t\t\t\t\t<div class=\"elementor-spacer\">\n\t\t\t<div class=\"elementor-spacer-inner\"><\/div>\n\t\t<\/div>\n\t\t\t\t\t\t<\/div>\n\t\t\t\t<\/div>\n\t\t\t\t<div class=\"elementor-element elementor-element-98c6c38 elementor-widget elementor-widget-news247-title\" data-id=\"98c6c38\" data-element_type=\"widget\" data-e-type=\"widget\" data-widget_type=\"news247-title.default\">\n\t\t\t\t<div class=\"elementor-widget-container\">\n\t\t\t\t\t<div class=\"news247-title-content-wrapper\"><h3 class=\"main-block-title title-arrow main-title-border\"><span>SPONSOR<\/span><\/h3><\/div>\t\t\t\t<\/div>\n\t\t\t\t<\/div>\n\t\t\t\t<div class=\"elementor-element elementor-element-95639ac elementor-widget elementor-widget-mondobalneare-banner\" data-id=\"95639ac\" data-element_type=\"widget\" data-e-type=\"widget\" data-widget_type=\"mondobalneare-banner.default\">\n\t\t\t\t<div class=\"elementor-widget-container\">\n\t\t\t\t\t<div class=\"mondobalneare-banner mondobalneare-banner-banner_3 \">  <a href=\"https:\/\/www.mondocamping.com\/fr\/fornitori\/new-marinas-it\/\" title=\"New Marinas.it\"><img decoding=\"async\" src=\"https:\/\/www.mondocamping.com\/wp-content\/uploads\/2020\/10\/new-marinas-430x600-1.jpg\" alt=\"\" \/><\/a><\/div>\t\t\t\t<\/div>\n\t\t\t\t<\/div>\n\t\t\t\t\t<\/div>\n\t\t<\/div>\n\t\t\t\t\t<\/div>\n\t\t<\/section>\n\t\t\t\t<\/div>\n\t\t","protected":false},"excerpt":{"rendered":"<p>Architecture et conception \u00c9ditoriaux Les avantages des fen\u00eatres motoris\u00e9es pour les terrasses de camping FM Fratelli Meucci 6 mai 2023 Les fen\u00eatres motoris\u00e9es sont un<\/p>\n","protected":false},"author":5,"featured_media":0,"parent":0,"menu_order":0,"comment_status":"closed","ping_status":"closed","template":"homepage-template.php","meta":{"_acf_changed":false,"_monsterinsights_skip_tracking":false,"_monsterinsights_sitenote_active":false,"_monsterinsights_sitenote_note":"","_monsterinsights_sitenote_category":0,"footnotes":""},"class_list":["post-158066","page","type-page","status-publish","hentry"],"acf":[],"yoast_head":"<!-- This site is optimized with the Yoast SEO plugin v27.5 - https:\/\/yoast.com\/product\/yoast-seo-wordpress\/ -->\n<title>Mondo Camping &#8211; Le portail d\u00e9di\u00e9 aux gestionnaires de campings et villages touristiques<\/title>\n<meta name=\"description\" content=\"Mondo Camping est le portail d\u00e9di\u00e9 aux gestionnaires de campings et villages touristiques, avec actualit\u00e9s, catalogue fournisseurs et vitrine camping.\" \/>\n<meta name=\"robots\" content=\"index, follow, max-snippet:-1, max-image-preview:large, max-video-preview:-1\" \/>\n<link rel=\"canonical\" href=\"https:\/\/www.mondocamping.com\/fr\/\" \/>\n<meta property=\"og:locale\" content=\"fr_FR\" \/>\n<meta property=\"og:type\" content=\"article\" \/>\n<meta property=\"og:title\" content=\"Mondo Camping &#8211; Le portail d\u00e9di\u00e9 aux gestionnaires de campings et villages touristiques\" \/>\n<meta property=\"og:description\" content=\"Mondo Camping est le portail d\u00e9di\u00e9 aux gestionnaires de campings et villages touristiques, avec actualit\u00e9s, catalogue fournisseurs et vitrine camping.\" \/>\n<meta property=\"og:url\" content=\"https:\/\/www.mondocamping.com\/fr\/\" \/>\n<meta property=\"og:site_name\" content=\"Mondo Camping\" \/>\n<meta property=\"article:publisher\" content=\"https:\/\/www.facebook.com\/mondobalneare\" \/>\n<meta property=\"article:modified_time\" content=\"2023-05-09T13:16:02+00:00\" \/>\n<meta property=\"og:image\" content=\"https:\/\/www.mondocamping.com\/wp-content\/uploads\/2022\/04\/mondo-camping-1024x682.jpg\" \/>\n<meta name=\"twitter:card\" content=\"summary_large_image\" \/>\n<meta name=\"twitter:site\" content=\"@mondobalneare\" \/>\n<meta name=\"twitter:label1\" content=\"Dur\u00e9e de lecture estim\u00e9e\" \/>\n\t<meta name=\"twitter:data1\" content=\"15 minutes\" \/>\n<script type=\"application\/ld+json\" class=\"yoast-schema-graph\">{\"@context\":\"https:\\\/\\\/schema.org\",\"@graph\":[{\"@type\":\"WebPage\",\"@id\":\"https:\\\/\\\/www.mondocamping.com\\\/fr\\\/\",\"url\":\"https:\\\/\\\/www.mondocamping.com\\\/fr\\\/\",\"name\":\"Mondo Camping &#8211; Le portail d\u00e9di\u00e9 aux gestionnaires de campings et villages touristiques\",\"isPartOf\":{\"@id\":\"https:\\\/\\\/www.mondocamping.com\\\/#website\"},\"primaryImageOfPage\":{\"@id\":\"https:\\\/\\\/www.mondocamping.com\\\/fr\\\/#primaryimage\"},\"image\":{\"@id\":\"https:\\\/\\\/www.mondocamping.com\\\/fr\\\/#primaryimage\"},\"thumbnailUrl\":\"https:\\\/\\\/www.mondocamping.com\\\/wp-content\\\/uploads\\\/2023\\\/05\\\/finestre-motorizzate-campeggio-350x220.jpg\",\"datePublished\":\"2023-03-09T13:31:52+00:00\",\"dateModified\":\"2023-05-09T13:16:02+00:00\",\"description\":\"Mondo Camping est le portail d\u00e9di\u00e9 aux gestionnaires de campings et villages touristiques, avec actualit\u00e9s, catalogue fournisseurs et vitrine camping.\",\"breadcrumb\":{\"@id\":\"https:\\\/\\\/www.mondocamping.com\\\/fr\\\/#breadcrumb\"},\"inLanguage\":\"fr-FR\",\"potentialAction\":[{\"@type\":\"ReadAction\",\"target\":[\"https:\\\/\\\/www.mondocamping.com\\\/fr\\\/\"]}]},{\"@type\":\"ImageObject\",\"inLanguage\":\"fr-FR\",\"@id\":\"https:\\\/\\\/www.mondocamping.com\\\/fr\\\/#primaryimage\",\"url\":\"https:\\\/\\\/www.mondocamping.com\\\/wp-content\\\/uploads\\\/2023\\\/05\\\/finestre-motorizzate-campeggio-350x220.jpg\",\"contentUrl\":\"https:\\\/\\\/www.mondocamping.com\\\/wp-content\\\/uploads\\\/2023\\\/05\\\/finestre-motorizzate-campeggio-350x220.jpg\"},{\"@type\":\"BreadcrumbList\",\"@id\":\"https:\\\/\\\/www.mondocamping.com\\\/fr\\\/#breadcrumb\",\"itemListElement\":[{\"@type\":\"ListItem\",\"position\":1,\"name\":\"Home\",\"item\":\"https:\\\/\\\/www.mondocamping.com\\\/fr\\\/\"},{\"@type\":\"ListItem\",\"position\":2,\"name\":\"Home\"}]},{\"@type\":\"WebSite\",\"@id\":\"https:\\\/\\\/www.mondocamping.com\\\/#website\",\"url\":\"https:\\\/\\\/www.mondocamping.com\\\/\",\"name\":\"Mondo Camping\",\"description\":\"Le portail d\u00e9di\u00e9 aux gestionnaires de campings et villages touristiques\",\"publisher\":{\"@id\":\"https:\\\/\\\/www.mondocamping.com\\\/#organization\"},\"potentialAction\":[{\"@type\":\"SearchAction\",\"target\":{\"@type\":\"EntryPoint\",\"urlTemplate\":\"https:\\\/\\\/www.mondocamping.com\\\/?s={search_term_string}\"},\"query-input\":{\"@type\":\"PropertyValueSpecification\",\"valueRequired\":true,\"valueName\":\"search_term_string\"}}],\"inLanguage\":\"fr-FR\"},{\"@type\":\"Organization\",\"@id\":\"https:\\\/\\\/www.mondocamping.com\\\/#organization\",\"name\":\"Mondo Camping\",\"url\":\"https:\\\/\\\/www.mondocamping.com\\\/\",\"logo\":{\"@type\":\"ImageObject\",\"inLanguage\":\"fr-FR\",\"@id\":\"https:\\\/\\\/www.mondocamping.com\\\/#\\\/schema\\\/logo\\\/image\\\/\",\"url\":\"https:\\\/\\\/www.mondocamping.com\\\/wp-content\\\/uploads\\\/2022\\\/04\\\/mondo-camping-logo-contornato-1.png\",\"contentUrl\":\"https:\\\/\\\/www.mondocamping.com\\\/wp-content\\\/uploads\\\/2022\\\/04\\\/mondo-camping-logo-contornato-1.png\",\"width\":280,\"height\":90,\"caption\":\"Mondo Camping\"},\"image\":{\"@id\":\"https:\\\/\\\/www.mondocamping.com\\\/#\\\/schema\\\/logo\\\/image\\\/\"},\"sameAs\":[\"https:\\\/\\\/www.facebook.com\\\/mondobalneare\",\"https:\\\/\\\/x.com\\\/mondobalneare\",\"https:\\\/\\\/www.instagram.com\\\/mondobalneare\\\/\",\"https:\\\/\\\/www.linkedin.com\\\/company\\\/67180810\\\/\",\"https:\\\/\\\/www.youtube.com\\\/user\\\/mondobalnearevideo\"]}]}<\/script>\n<!-- \/ Yoast SEO plugin. -->","yoast_head_json":{"title":"Mondo Camping &#8211; Le portail d\u00e9di\u00e9 aux gestionnaires de campings et villages touristiques","description":"Mondo Camping est le portail d\u00e9di\u00e9 aux gestionnaires de campings et villages touristiques, avec actualit\u00e9s, catalogue fournisseurs et vitrine camping.","robots":{"index":"index","follow":"follow","max-snippet":"max-snippet:-1","max-image-preview":"max-image-preview:large","max-video-preview":"max-video-preview:-1"},"canonical":"https:\/\/www.mondocamping.com\/fr\/","og_locale":"fr_FR","og_type":"article","og_title":"Mondo Camping &#8211; Le portail d\u00e9di\u00e9 aux gestionnaires de campings et villages touristiques","og_description":"Mondo Camping est le portail d\u00e9di\u00e9 aux gestionnaires de campings et villages touristiques, avec actualit\u00e9s, catalogue fournisseurs et vitrine camping.","og_url":"https:\/\/www.mondocamping.com\/fr\/","og_site_name":"Mondo Camping","article_publisher":"https:\/\/www.facebook.com\/mondobalneare","article_modified_time":"2023-05-09T13:16:02+00:00","og_image":[{"url":"https:\/\/www.mondocamping.com\/wp-content\/uploads\/2022\/04\/mondo-camping-1024x682.jpg","type":"","width":"","height":""}],"twitter_card":"summary_large_image","twitter_site":"@mondobalneare","twitter_misc":{"Dur\u00e9e de lecture estim\u00e9e":"15 minutes"},"schema":{"@context":"https:\/\/schema.org","@graph":[{"@type":"WebPage","@id":"https:\/\/www.mondocamping.com\/fr\/","url":"https:\/\/www.mondocamping.com\/fr\/","name":"Mondo Camping &#8211; Le portail d\u00e9di\u00e9 aux gestionnaires de campings et villages touristiques","isPartOf":{"@id":"https:\/\/www.mondocamping.com\/#website"},"primaryImageOfPage":{"@id":"https:\/\/www.mondocamping.com\/fr\/#primaryimage"},"image":{"@id":"https:\/\/www.mondocamping.com\/fr\/#primaryimage"},"thumbnailUrl":"https:\/\/www.mondocamping.com\/wp-content\/uploads\/2023\/05\/finestre-motorizzate-campeggio-350x220.jpg","datePublished":"2023-03-09T13:31:52+00:00","dateModified":"2023-05-09T13:16:02+00:00","description":"Mondo Camping est le portail d\u00e9di\u00e9 aux gestionnaires de campings et villages touristiques, avec actualit\u00e9s, catalogue fournisseurs et vitrine camping.","breadcrumb":{"@id":"https:\/\/www.mondocamping.com\/fr\/#breadcrumb"},"inLanguage":"fr-FR","potentialAction":[{"@type":"ReadAction","target":["https:\/\/www.mondocamping.com\/fr\/"]}]},{"@type":"ImageObject","inLanguage":"fr-FR","@id":"https:\/\/www.mondocamping.com\/fr\/#primaryimage","url":"https:\/\/www.mondocamping.com\/wp-content\/uploads\/2023\/05\/finestre-motorizzate-campeggio-350x220.jpg","contentUrl":"https:\/\/www.mondocamping.com\/wp-content\/uploads\/2023\/05\/finestre-motorizzate-campeggio-350x220.jpg"},{"@type":"BreadcrumbList","@id":"https:\/\/www.mondocamping.com\/fr\/#breadcrumb","itemListElement":[{"@type":"ListItem","position":1,"name":"Home","item":"https:\/\/www.mondocamping.com\/fr\/"},{"@type":"ListItem","position":2,"name":"Home"}]},{"@type":"WebSite","@id":"https:\/\/www.mondocamping.com\/#website","url":"https:\/\/www.mondocamping.com\/","name":"Mondo Camping","description":"Le portail d\u00e9di\u00e9 aux gestionnaires de campings et villages touristiques","publisher":{"@id":"https:\/\/www.mondocamping.com\/#organization"},"potentialAction":[{"@type":"SearchAction","target":{"@type":"EntryPoint","urlTemplate":"https:\/\/www.mondocamping.com\/?s={search_term_string}"},"query-input":{"@type":"PropertyValueSpecification","valueRequired":true,"valueName":"search_term_string"}}],"inLanguage":"fr-FR"},{"@type":"Organization","@id":"https:\/\/www.mondocamping.com\/#organization","name":"Mondo Camping","url":"https:\/\/www.mondocamping.com\/","logo":{"@type":"ImageObject","inLanguage":"fr-FR","@id":"https:\/\/www.mondocamping.com\/#\/schema\/logo\/image\/","url":"https:\/\/www.mondocamping.com\/wp-content\/uploads\/2022\/04\/mondo-camping-logo-contornato-1.png","contentUrl":"https:\/\/www.mondocamping.com\/wp-content\/uploads\/2022\/04\/mondo-camping-logo-contornato-1.png","width":280,"height":90,"caption":"Mondo Camping"},"image":{"@id":"https:\/\/www.mondocamping.com\/#\/schema\/logo\/image\/"},"sameAs":["https:\/\/www.facebook.com\/mondobalneare","https:\/\/x.com\/mondobalneare","https:\/\/www.instagram.com\/mondobalneare\/","https:\/\/www.linkedin.com\/company\/67180810\/","https:\/\/www.youtube.com\/user\/mondobalnearevideo"]}]}},"_links":{"self":[{"href":"https:\/\/www.mondocamping.com\/fr\/wp-json\/wp\/v2\/pages\/158066","targetHints":{"allow":["GET"]}}],"collection":[{"href":"https:\/\/www.mondocamping.com\/fr\/wp-json\/wp\/v2\/pages"}],"about":[{"href":"https:\/\/www.mondocamping.com\/fr\/wp-json\/wp\/v2\/types\/page"}],"author":[{"embeddable":true,"href":"https:\/\/www.mondocamping.com\/fr\/wp-json\/wp\/v2\/users\/5"}],"replies":[{"embeddable":true,"href":"https:\/\/www.mondocamping.com\/fr\/wp-json\/wp\/v2\/comments?post=158066"}],"version-history":[{"count":34,"href":"https:\/\/www.mondocamping.com\/fr\/wp-json\/wp\/v2\/pages\/158066\/revisions"}],"predecessor-version":[{"id":163188,"href":"https:\/\/www.mondocamping.com\/fr\/wp-json\/wp\/v2\/pages\/158066\/revisions\/163188"}],"wp:attachment":[{"href":"https:\/\/www.mondocamping.com\/fr\/wp-json\/wp\/v2\/media?parent=158066"}],"curies":[{"name":"wp","href":"https:\/\/api.w.org\/{rel}","templated":true}]}}