{"id":158751,"date":"2023-03-13T15:49:48","date_gmt":"2023-03-13T14:49:48","guid":{"rendered":"https:\/\/www.mondocamping.com\/expositions\/"},"modified":"2023-03-13T15:49:49","modified_gmt":"2023-03-13T14:49:49","slug":"expositions","status":"publish","type":"page","link":"https:\/\/www.mondocamping.com\/fr\/expositions\/","title":{"rendered":"Expositions"},"content":{"rendered":"\t\t<div data-elementor-type=\"wp-post\" data-elementor-id=\"158751\" class=\"elementor elementor-158751 elementor-22248\" data-elementor-post-type=\"page\">\n\t\t\t\t\t\t<section class=\"elementor-section elementor-top-section elementor-element elementor-element-08247bd elementor-section-boxed elementor-section-height-default elementor-section-height-default\" data-id=\"08247bd\" data-element_type=\"section\" data-e-type=\"section\">\n\t\t\t\t\t\t<div class=\"elementor-container elementor-column-gap-default\">\n\t\t\t\t\t<div class=\"elementor-column elementor-col-66 elementor-top-column elementor-element elementor-element-458a01f\" data-id=\"458a01f\" data-element_type=\"column\" data-e-type=\"column\">\n\t\t\t<div class=\"elementor-widget-wrap elementor-element-populated\">\n\t\t\t\t\t\t<div class=\"elementor-element elementor-element-a07cc23 elementor-widget elementor-widget-heading\" data-id=\"a07cc23\" data-element_type=\"widget\" data-e-type=\"widget\" data-widget_type=\"heading.default\">\n\t\t\t\t<div class=\"elementor-widget-container\">\n\t\t\t\t\t<h1 class=\"elementor-heading-title elementor-size-default\">Calendrier des expositions pour les exploitants de camping<\/h1>\t\t\t\t<\/div>\n\t\t\t\t<\/div>\n\t\t\t\t<div class=\"elementor-element elementor-element-9e1378a elementor-widget elementor-widget-MEC\" data-id=\"9e1378a\" data-element_type=\"widget\" data-e-type=\"widget\" data-widget_type=\"MEC.default\">\n\t\t\t\t<div class=\"elementor-widget-container\">\n\t\t\t\t\t<div class=\"mec-wrap mec-skin-list-container  \" id=\"mec_skin_22266\">\r\n\r\n    \r\n        <div class=\"mec-skin-list-events-container\" id=\"mec_skin_events_22266\">\r\n        Pas d&#039;\u00e9v\u00e9nement actuellement programm\u00e9.    <\/div>\r\n    \r\n    \r\n<\/div>\t\t\t\t<\/div>\n\t\t\t\t<\/div>\n\t\t\t\t<div class=\"elementor-element elementor-element-4cdc0e1 elementor-widget elementor-widget-news247-title\" data-id=\"4cdc0e1\" data-element_type=\"widget\" data-e-type=\"widget\" data-widget_type=\"news247-title.default\">\n\t\t\t\t<div class=\"elementor-widget-container\">\n\t\t\t\t\t<div class=\"news247-title-content-wrapper\"><h3 class=\"main-block-title title-arrow main-title-border\"><span>Convegni e assemblee<\/span><\/h3><\/div>\t\t\t\t<\/div>\n\t\t\t\t<\/div>\n\t\t\t\t<div class=\"elementor-element elementor-element-6537a29 elementor-widget elementor-widget-news247-post-list4\" data-id=\"6537a29\" data-element_type=\"widget\" data-e-type=\"widget\" data-widget_type=\"news247-post-list4.default\">\n\t\t\t\t<div class=\"elementor-widget-container\">\n\t\t\t\t\t\n\t\t            <div class=\"post-block4-warp\">\n                <div class=\"post-block4-element pb-common-nav-wrap\">\n                                                                    <div class=\"block-item4\">\n                                <div class=\"post-block-style post-float-half clearfix\">\n                                    <div class=\"post-thumb\">\n                                        <a href=\"https:\/\/www.mondocamping.com\/fr\/xleisure-la-fabrique-des-loisirs-cloture-son-edition-2026-avec-des-chiffres-et-des-idees-gagnants\/\" rel=\"bookmark\" title=\"XLeisure, la fabrique des loisirs, cl\u00f4ture son \u00e9dition 2026 avec des chiffres et des id\u00e9es gagnants.\"><img fetchpriority=\"high\" decoding=\"async\" width=\"350\" height=\"220\" src=\"https:\/\/www.mondocamping.com\/wp-content\/uploads\/2026\/02\/MN305854-350x220.jpg\" class=\"attachment-news247-small-size size-news247-small-size wp-post-image\" alt=\"\" \/><\/a>\n                                    <\/div>\n                                                                            <span class=\"category-meta-bg\"><a href=\"https:\/\/www.mondocamping.com\/fr\/argomenti\/evenements\/\" rel=\"category tag\">\u00c9v\u00e9nements<\/a><\/span>\n                                                                        <div class=\"post-content\">\n                                                                                    <h4 class=\"post-title\"><a href=\"https:\/\/www.mondocamping.com\/fr\/xleisure-la-fabrique-des-loisirs-cloture-son-edition-2026-avec-des-chiffres-et-des-idees-gagnants\/\" rel=\"bookmark\" title=\"XLeisure, la fabrique des loisirs, cl\u00f4ture son \u00e9dition 2026 avec des chiffres et des id\u00e9es gagnants.\">XLeisure, la fabrique des loisirs, cl\u00f4ture son \u00e9dition 2026 avec des chiffres et des id\u00e9es gagnants.<\/a><\/h4>\n                                                                                <div class=\"post-meta\">\n                                                                                                                                                <span class=\"post-author\"><a href=\"https:\/\/www.mondocamping.com\/fr\/author\/redazione\/\">Mondo Camping<\/a><\/span>\n                                                                                                                                                                                    <span class=\"post-date\">23 f\u00e9vrier 2026<\/span>\n                                                                                    <\/div>\n                                                                                    <p>XLeisure se cl\u00f4ture en se confirmant comme le rendez-vous de toutes les \u00e2mes du loisir, avec des chiffres solides, des th\u00e9matiques <\/p>\n                                        \n                                    <\/div><!-- Post content end -->\n                                <\/div><!-- Post Block style 1 end -->\n                            <\/div><!-- block-item4 -->\n                                                                                                <div class=\"block-item4\">\n                                <div class=\"post-block-style post-float-half clearfix\">\n                                    <div class=\"post-thumb\">\n                                        <a href=\"https:\/\/www.mondocamping.com\/fr\/outex-et-forumpiscine-2026-la-communaute-des-loisirs-renoue-avec-le-confort-linnovation-et-le-bien-etre\/\" rel=\"bookmark\" title=\"Outex et ForumPiscine 2026 : la communaut\u00e9 des loisirs renoue avec le confort, l&rsquo;innovation et le bien-\u00eatre\"><img decoding=\"async\" width=\"350\" height=\"220\" src=\"https:\/\/www.mondocamping.com\/wp-content\/uploads\/2025\/12\/ForumPiscine26_MN305004_light-350x220.jpg\" class=\"attachment-news247-small-size size-news247-small-size wp-post-image\" alt=\"\" \/><\/a>\n                                    <\/div>\n                                                                            <span class=\"category-meta-bg\"><a href=\"https:\/\/www.mondocamping.com\/fr\/argomenti\/evenements\/\" rel=\"category tag\">\u00c9v\u00e9nements<\/a><\/span>\n                                                                        <div class=\"post-content\">\n                                                                                    <h4 class=\"post-title\"><a href=\"https:\/\/www.mondocamping.com\/fr\/outex-et-forumpiscine-2026-la-communaute-des-loisirs-renoue-avec-le-confort-linnovation-et-le-bien-etre\/\" rel=\"bookmark\" title=\"Outex et ForumPiscine 2026 : la communaut\u00e9 des loisirs renoue avec le confort, l&rsquo;innovation et le bien-\u00eatre\">Outex et ForumPiscine 2026 : la communaut\u00e9 des loisirs renoue avec le confort, l&rsquo;innovation et le bien-\u00eatre<\/a><\/h4>\n                                                                                <div class=\"post-meta\">\n                                                                                                                                                <span class=\"post-author\"><a href=\"https:\/\/www.mondocamping.com\/fr\/author\/redazione\/\">Mondo Camping<\/a><\/span>\n                                                                                                                                                                                    <span class=\"post-date\">10 d\u00e9cembre 2025<\/span>\n                                                                                    <\/div>\n                                                                                    <p>La conception des espaces est en train de changer et de se renouveler, avec une int\u00e9gration croissante entre les zones d\u00e9di\u00e9es au <\/p>\n                                        \n                                    <\/div><!-- Post content end -->\n                                <\/div><!-- Post Block style 1 end -->\n                            <\/div><!-- block-item4 -->\n                                                                                                <div class=\"block-item4\">\n                                <div class=\"post-block-style post-float-half clearfix\">\n                                    <div class=\"post-thumb\">\n                                        <a href=\"https:\/\/www.mondocamping.com\/fr\/fitur-2025-le-45e-salon-international-du-tourisme\/\" rel=\"bookmark\" title=\"Fitur 2025, le 45e Salon international du tourisme\"><img decoding=\"async\" width=\"350\" height=\"220\" src=\"https:\/\/www.mondocamping.com\/wp-content\/uploads\/2025\/01\/Screenshot-2025-01-21-alle-17.45.16-350x220.png\" class=\"attachment-news247-small-size size-news247-small-size wp-post-image\" alt=\"\" \/><\/a>\n                                    <\/div>\n                                                                            <span class=\"category-meta-bg\"><a href=\"https:\/\/www.mondocamping.com\/fr\/argomenti\/actualite\/\" rel=\"category tag\">Actualit\u00e9<\/a> <a href=\"https:\/\/www.mondocamping.com\/fr\/argomenti\/evenements\/\" rel=\"category tag\">\u00c9v\u00e9nements<\/a><\/span>\n                                                                        <div class=\"post-content\">\n                                                                                    <h4 class=\"post-title\"><a href=\"https:\/\/www.mondocamping.com\/fr\/fitur-2025-le-45e-salon-international-du-tourisme\/\" rel=\"bookmark\" title=\"Fitur 2025, le 45e Salon international du tourisme\">Fitur 2025, le 45e Salon international du tourisme<\/a><\/h4>\n                                                                                <div class=\"post-meta\">\n                                                                                                                                                <span class=\"post-author\"><a href=\"https:\/\/www.mondocamping.com\/fr\/author\/redazione\/\">Mondo Camping<\/a><\/span>\n                                                                                                                                                                                    <span class=\"post-date\">21 janvier 2025<\/span>\n                                                                                    <\/div>\n                                                                                    <p>Dans quelques jours s&rsquo;ouvrira Fitur, le point de r\u00e9f\u00e9rence pour le d\u00e9veloppement des affaires et l&rsquo;expansion globale de <\/p>\n                                        \n                                    <\/div><!-- Post content end -->\n                                <\/div><!-- Post Block style 1 end -->\n                            <\/div><!-- block-item4 -->\n                                                                                                <div class=\"block-item4\">\n                                <div class=\"post-block-style post-float-half clearfix\">\n                                    <div class=\"post-thumb\">\n                                        <a href=\"https:\/\/www.mondocamping.com\/fr\/le-salon-sett-2024-du-5-au-7-novembre-a-montpellier\/\" rel=\"bookmark\" title=\"Le Salon SETT 2024 : du 5 au 7 novembre \u00e0 Montpellier\"><img loading=\"lazy\" decoding=\"async\" width=\"350\" height=\"220\" src=\"https:\/\/www.mondocamping.com\/wp-content\/uploads\/2024\/10\/Screenshot-2024-06-03-alle-15.52.23-1140x620-1-350x220.png\" class=\"attachment-news247-small-size size-news247-small-size wp-post-image\" alt=\"\" \/><\/a>\n                                    <\/div>\n                                                                            <span class=\"category-meta-bg\"><a href=\"https:\/\/www.mondocamping.com\/fr\/argomenti\/evenements\/\" rel=\"category tag\">\u00c9v\u00e9nements<\/a><\/span>\n                                                                        <div class=\"post-content\">\n                                                                                    <h4 class=\"post-title\"><a href=\"https:\/\/www.mondocamping.com\/fr\/le-salon-sett-2024-du-5-au-7-novembre-a-montpellier\/\" rel=\"bookmark\" title=\"Le Salon SETT 2024 : du 5 au 7 novembre \u00e0 Montpellier\">Le Salon SETT 2024 : du 5 au 7 novembre \u00e0 Montpellier<\/a><\/h4>\n                                                                                <div class=\"post-meta\">\n                                                                                                                                                <span class=\"post-author\"><a href=\"https:\/\/www.mondocamping.com\/fr\/author\/redazione\/\">Mondo Camping<\/a><\/span>\n                                                                                                                                                                                    <span class=\"post-date\">23 octobre 2024<\/span>\n                                                                                    <\/div>\n                                                                                    <p>Le Salon SETT 2024 ouvrira ses portes le 5 novembre pour donner le coup d&rsquo;envoi de sa 45e \u00e9dition. 45e \u00e9ditionorganis\u00e9 par la <\/p>\n                                        \n                                    <\/div><!-- Post content end -->\n                                <\/div><!-- Post Block style 1 end -->\n                            <\/div><!-- block-item4 -->\n                                                                                                <div class=\"block-item4\">\n                                <div class=\"post-block-style post-float-half clearfix\">\n                                    <div class=\"post-thumb\">\n                                        <a href=\"https:\/\/www.mondocamping.com\/fr\/forumpiscine-outex-et-forumclub-toutes-les-formes-de-loisirs-au-parc-des-expositions-de-bologne\/\" rel=\"bookmark\" title=\"ForumPiscine, Outex et ForumClub : toutes les formes de loisirs au Parc des Expositions de Bologne\"><img loading=\"lazy\" decoding=\"async\" width=\"350\" height=\"220\" src=\"https:\/\/www.mondocamping.com\/wp-content\/uploads\/2023\/12\/FP2023_08-350x220.jpg\" class=\"attachment-news247-small-size size-news247-small-size wp-post-image\" alt=\"\" \/><\/a>\n                                    <\/div>\n                                                                            <span class=\"category-meta-bg\"><a href=\"https:\/\/www.mondocamping.com\/fr\/argomenti\/evenements\/\" rel=\"category tag\">\u00c9v\u00e9nements<\/a><\/span>\n                                                                        <div class=\"post-content\">\n                                                                                    <h4 class=\"post-title\"><a href=\"https:\/\/www.mondocamping.com\/fr\/forumpiscine-outex-et-forumclub-toutes-les-formes-de-loisirs-au-parc-des-expositions-de-bologne\/\" rel=\"bookmark\" title=\"ForumPiscine, Outex et ForumClub : toutes les formes de loisirs au Parc des Expositions de Bologne\">ForumPiscine, Outex et ForumClub : toutes les formes de loisirs au Parc des Expositions de Bologne<\/a><\/h4>\n                                                                                <div class=\"post-meta\">\n                                                                                                                                                <span class=\"post-author\"><a href=\"https:\/\/www.mondocamping.com\/fr\/author\/redazione\/\">Mondo Camping<\/a><\/span>\n                                                                                                                                                                                    <span class=\"post-date\">31 d\u00e9cembre 2023<\/span>\n                                                                                    <\/div>\n                                                                                    <p>La dimension des loisirs est en pleine mutation. Ces derni\u00e8res ann\u00e9es ont vu le d\u00e9veloppement d&rsquo;un fusion de lieux de bien-\u00eatre <\/p>\n                                        \n                                    <\/div><!-- Post content end -->\n                                <\/div><!-- Post Block style 1 end -->\n                            <\/div><!-- block-item4 -->\n                                                                                <\/div><!--\/.post-block4-element-->\n            <\/div><!--\/.post-block4-warp-->\n\t    \t\t\t\t\t<\/div>\n\t\t\t\t<\/div>\n\t\t\t\t\t<\/div>\n\t\t<\/div>\n\t\t\t\t<div class=\"elementor-column elementor-col-33 elementor-top-column elementor-element elementor-element-a0c9654\" data-id=\"a0c9654\" data-element_type=\"column\" data-e-type=\"column\">\n\t\t\t<div class=\"elementor-widget-wrap elementor-element-populated\">\n\t\t\t\t\t\t<div class=\"elementor-element elementor-element-3f78f72 elementor-widget elementor-widget-sidebar\" data-id=\"3f78f72\" data-element_type=\"widget\" data-e-type=\"widget\" data-widget_type=\"sidebar.default\">\n\t\t\t\t<div class=\"elementor-widget-container\">\n\t\t\t\t\t<div id=\"text-14\" class=\"widget widget_text\" ><h3  class=\"widget-title main-block-title title-arrow\"><span>SPONSOR<\/span><\/h3>\t\t\t<div class=\"textwidget\"><div align=\"center\"><div class=\"mondobalneare-banner mondobalneare-banner-banner_2 \">  <a href=\"https:\/\/www.mondocamping.com\/fr\/fornitori\/smart-touch\/\" title=\"SMART TOUCH\"><img decoding=\"async\" src=\"https:\/\/www.mondocamping.com\/wp-content\/uploads\/2023\/04\/FR_Screenshot_App_STM_2023_camping_300x250.jpg\" alt=\"\" \/><\/a><\/div><\/div>\n<\/div>\n\t\t<\/div><div id=\"news247_latest_news_widget-10\" class=\"widget news247_latest_news_widget\" ><h3  class=\"widget-title main-block-title title-arrow\"><span>DERNI\u00c8RES NOUVELLES<\/span><\/h3>\t\t\t\t\t<div class=\"recent-posts-widget\">\n\t\t\t\t<ul class=\"list-unstyled clearfix\">\n\t\t\t\t\t\t\t\t\t\t\t<li class=\"media\">\n\t\t\t\t\t\t\t\t\t\t\t\t\t\t\t<div class=\"posts-thumb d-flex mr-3\">\n\t\t\t\t\t\t\t\t\t<a href=\"https:\/\/www.mondocamping.com\/fr\/campeggiare-in-danimarca-per-unestate-fresca-e-verdissima\/\" rel=\"bookmark\" title=\"Campeggiare in Danimarca, per un\u2019estate fresca e verdissima\"><img loading=\"lazy\" decoding=\"async\" width=\"150\" height=\"150\" src=\"https:\/\/www.mondocamping.com\/wp-content\/uploads\/2026\/04\/patrick-harms-o5dKk4dff70-unsplash-2-150x150.jpg\" class=\"attachment-thumbnail size-thumbnail wp-post-image\" alt=\"\" srcset=\"https:\/\/www.mondocamping.com\/wp-content\/uploads\/2026\/04\/patrick-harms-o5dKk4dff70-unsplash-2-150x150.jpg 150w, https:\/\/www.mondocamping.com\/wp-content\/uploads\/2026\/04\/patrick-harms-o5dKk4dff70-unsplash-2-300x300.jpg 300w\" sizes=\"(max-width: 150px) 100vw, 150px\" \/><\/a>\n\t\t\t\t\t\t\t\t<\/div>\n\t\t\t\t\t\t\t\t<div class=\"post-info media-body\">\n\t\t\t\t\t\t\t\t\t<h4 class=\"entry-title mt-0 mb-1\"><a href=\"https:\/\/www.mondocamping.com\/fr\/campeggiare-in-danimarca-per-unestate-fresca-e-verdissima\/\" rel=\"bookmark\" title=\"Campeggiare in Danimarca, per un\u2019estate fresca e verdissima\">Campeggiare in Danimarca, per un\u2019estate fresca e verdissima<\/a><\/h4>\n\t\t\t\t\t\t\t\t\t<p class=\"post-meta\"><time class=\"post-date\" datetime=\"2026-04-29T00:01:00+02:00\">29 avril 2026<\/time><\/p>\n\t\t\t\t\t\t\t\t<\/div>\n\t\t\t\t\t\t\t\t\t\t\t\t\t\t<div class=\"clearfix\"><\/div>\n\t\t\t\t\t\t<\/li>\n\n\t\t\t\t\t\t\t\t\t\t\t<li class=\"media\">\n\t\t\t\t\t\t\t\t\t\t\t\t\t\t\t<div class=\"posts-thumb d-flex mr-3\">\n\t\t\t\t\t\t\t\t\t<a href=\"https:\/\/www.mondocamping.com\/fr\/congres-des-campings-espagnols-2026-rendez-vous-a-lautomne-prochain-en-galice\/\" rel=\"bookmark\" title=\"Congr\u00e8s des campings espagnols 2026 : rendez-vous \u00e0 l&rsquo;automne prochain en Galice\"><img loading=\"lazy\" decoding=\"async\" width=\"150\" height=\"150\" src=\"https:\/\/www.mondocamping.com\/wp-content\/uploads\/2026\/04\/chris-holder-uY2UIyO5o5c-unsplash-2-150x150.jpg\" class=\"attachment-thumbnail size-thumbnail wp-post-image\" alt=\"\" srcset=\"https:\/\/www.mondocamping.com\/wp-content\/uploads\/2026\/04\/chris-holder-uY2UIyO5o5c-unsplash-2-150x150.jpg 150w, https:\/\/www.mondocamping.com\/wp-content\/uploads\/2026\/04\/chris-holder-uY2UIyO5o5c-unsplash-2-300x300.jpg 300w\" sizes=\"(max-width: 150px) 100vw, 150px\" \/><\/a>\n\t\t\t\t\t\t\t\t<\/div>\n\t\t\t\t\t\t\t\t<div class=\"post-info media-body\">\n\t\t\t\t\t\t\t\t\t<h4 class=\"entry-title mt-0 mb-1\"><a href=\"https:\/\/www.mondocamping.com\/fr\/congres-des-campings-espagnols-2026-rendez-vous-a-lautomne-prochain-en-galice\/\" rel=\"bookmark\" title=\"Congr\u00e8s des campings espagnols 2026 : rendez-vous \u00e0 l&rsquo;automne prochain en Galice\">Congr\u00e8s des campings espagnols 2026 : rendez-vous \u00e0 l&rsquo;automne prochain en Galice<\/a><\/h4>\n\t\t\t\t\t\t\t\t\t<p class=\"post-meta\"><time class=\"post-date\" datetime=\"2026-04-27T19:30:01+02:00\">27 avril 2026<\/time><\/p>\n\t\t\t\t\t\t\t\t<\/div>\n\t\t\t\t\t\t\t\t\t\t\t\t\t\t<div class=\"clearfix\"><\/div>\n\t\t\t\t\t\t<\/li>\n\n\t\t\t\t\t\t\t\t\t\t\t<li class=\"media\">\n\t\t\t\t\t\t\t\t\t\t\t\t\t\t\t<div class=\"posts-thumb d-flex mr-3\">\n\t\t\t\t\t\t\t\t\t<a href=\"https:\/\/www.mondocamping.com\/fr\/la-catalogne-lance-un-projet-pilote-pour-la-securite-des-campings\/\" rel=\"bookmark\" title=\"La Catalogne lance un projet pilote pour la s\u00e9curit\u00e9 des campings\"><img loading=\"lazy\" decoding=\"async\" width=\"150\" height=\"150\" src=\"https:\/\/www.mondocamping.com\/wp-content\/uploads\/2026\/04\/Foto-2n-congres-dels-campings-catalans-1536x1024-2-150x150.jpg\" class=\"attachment-thumbnail size-thumbnail wp-post-image\" alt=\"Photo credit: campingprofesional.com\" srcset=\"https:\/\/www.mondocamping.com\/wp-content\/uploads\/2026\/04\/Foto-2n-congres-dels-campings-catalans-1536x1024-2-150x150.jpg 150w, https:\/\/www.mondocamping.com\/wp-content\/uploads\/2026\/04\/Foto-2n-congres-dels-campings-catalans-1536x1024-2-300x300.jpg 300w\" sizes=\"(max-width: 150px) 100vw, 150px\" \/><\/a>\n\t\t\t\t\t\t\t\t<\/div>\n\t\t\t\t\t\t\t\t<div class=\"post-info media-body\">\n\t\t\t\t\t\t\t\t\t<h4 class=\"entry-title mt-0 mb-1\"><a href=\"https:\/\/www.mondocamping.com\/fr\/la-catalogne-lance-un-projet-pilote-pour-la-securite-des-campings\/\" rel=\"bookmark\" title=\"La Catalogne lance un projet pilote pour la s\u00e9curit\u00e9 des campings\">La Catalogne lance un projet pilote pour la s\u00e9curit\u00e9 des campings<\/a><\/h4>\n\t\t\t\t\t\t\t\t\t<p class=\"post-meta\"><time class=\"post-date\" datetime=\"2026-04-21T11:04:45+02:00\">21 avril 2026<\/time><\/p>\n\t\t\t\t\t\t\t\t<\/div>\n\t\t\t\t\t\t\t\t\t\t\t\t\t\t<div class=\"clearfix\"><\/div>\n\t\t\t\t\t\t<\/li>\n\n\t\t\t\t\t\t\t\t\t\t\t<li class=\"media\">\n\t\t\t\t\t\t\t\t\t\t\t\t\t\t\t<div class=\"posts-thumb d-flex mr-3\">\n\t\t\t\t\t\t\t\t\t<a href=\"https:\/\/www.mondocamping.com\/fr\/faita-lazio-developpement-et-innovation-pour-le-tourisme-regional-en-plein-air\/\" rel=\"bookmark\" title=\"FAITA Lazio : d\u00e9veloppement et innovation pour le tourisme r\u00e9gional en plein air\"><img loading=\"lazy\" decoding=\"async\" width=\"150\" height=\"150\" src=\"https:\/\/www.mondocamping.com\/wp-content\/uploads\/2026\/04\/robert-anitei-LCatgzy6FRw-unsplash-2-150x150.jpg\" class=\"attachment-thumbnail size-thumbnail wp-post-image\" alt=\"\" srcset=\"https:\/\/www.mondocamping.com\/wp-content\/uploads\/2026\/04\/robert-anitei-LCatgzy6FRw-unsplash-2-150x150.jpg 150w, https:\/\/www.mondocamping.com\/wp-content\/uploads\/2026\/04\/robert-anitei-LCatgzy6FRw-unsplash-2-300x300.jpg 300w\" sizes=\"(max-width: 150px) 100vw, 150px\" \/><\/a>\n\t\t\t\t\t\t\t\t<\/div>\n\t\t\t\t\t\t\t\t<div class=\"post-info media-body\">\n\t\t\t\t\t\t\t\t\t<h4 class=\"entry-title mt-0 mb-1\"><a href=\"https:\/\/www.mondocamping.com\/fr\/faita-lazio-developpement-et-innovation-pour-le-tourisme-regional-en-plein-air\/\" rel=\"bookmark\" title=\"FAITA Lazio : d\u00e9veloppement et innovation pour le tourisme r\u00e9gional en plein air\">FAITA Lazio : d\u00e9veloppement et innovation pour le tourisme r\u00e9gional en plein air<\/a><\/h4>\n\t\t\t\t\t\t\t\t\t<p class=\"post-meta\"><time class=\"post-date\" datetime=\"2026-04-21T10:56:23+02:00\">21 avril 2026<\/time><\/p>\n\t\t\t\t\t\t\t\t<\/div>\n\t\t\t\t\t\t\t\t\t\t\t\t\t\t<div class=\"clearfix\"><\/div>\n\t\t\t\t\t\t<\/li>\n\n\t\t\t\t\t\t\t\t\t\t\t\t\t\t<\/ul>\n\t\t\t<\/div>\n\t\t\t\t<\/div><div id=\"news247_latest_news_widget-12\" class=\"widget news247_latest_news_widget\" ><h3  class=\"widget-title main-block-title title-arrow\"><span>LES ENTREPRISES INFORMENT<\/span><\/h3>\t\t\t\t\t<div class=\"recent-posts-widget\">\n\t\t\t\t<ul class=\"list-unstyled clearfix\">\n\t\t\t\t\t\t\t\t\t\t\t<li class=\"media\">\n\t\t\t\t\t\t\t\t\t\t\t\t\t\t\t<div class=\"posts-thumb d-flex mr-3\">\n\t\t\t\t\t\t\t\t\t<a href=\"https:\/\/www.mondocamping.com\/fr\/bornes-de-recharge-pour-velos-electriques-mobilite-verte-egalement-au-camping\/\" rel=\"bookmark\" title=\"Bornes de recharge pour v\u00e9los \u00e9lectriques, mobilit\u00e9 verte \u00e9galement au camping\"><img loading=\"lazy\" decoding=\"async\" width=\"150\" height=\"150\" src=\"https:\/\/www.mondocamping.com\/wp-content\/uploads\/2025\/02\/gotrax-_WE4BX2k7PY-unsplash-2-150x150.jpg\" class=\"attachment-thumbnail size-thumbnail wp-post-image\" alt=\"\" srcset=\"https:\/\/www.mondocamping.com\/wp-content\/uploads\/2025\/02\/gotrax-_WE4BX2k7PY-unsplash-2-150x150.jpg 150w, https:\/\/www.mondocamping.com\/wp-content\/uploads\/2025\/02\/gotrax-_WE4BX2k7PY-unsplash-2-300x300.jpg 300w\" sizes=\"(max-width: 150px) 100vw, 150px\" \/><\/a>\n\t\t\t\t\t\t\t\t<\/div>\n\t\t\t\t\t\t\t\t<div class=\"post-info media-body\">\n\t\t\t\t\t\t\t\t\t<h4 class=\"entry-title mt-0 mb-1\"><a href=\"https:\/\/www.mondocamping.com\/fr\/bornes-de-recharge-pour-velos-electriques-mobilite-verte-egalement-au-camping\/\" rel=\"bookmark\" title=\"Bornes de recharge pour v\u00e9los \u00e9lectriques, mobilit\u00e9 verte \u00e9galement au camping\">Bornes de recharge pour v\u00e9los \u00e9lectriques, mobilit\u00e9 verte \u00e9galement au camping<\/a><\/h4>\n\t\t\t\t\t\t\t\t\t<p class=\"post-meta\"><time class=\"post-date\" datetime=\"2025-02-28T12:15:29+01:00\">28 f\u00e9vrier 2025<\/time><\/p>\n\t\t\t\t\t\t\t\t<\/div>\n\t\t\t\t\t\t\t\t\t\t\t\t\t\t<div class=\"clearfix\"><\/div>\n\t\t\t\t\t\t<\/li>\n\n\t\t\t\t\t\t\t\t\t\t\t\t\t\t<\/ul>\n\t\t\t<\/div>\n\t\t\t\t<\/div><div id=\"text-4\" class=\"widget widget_text\" ><h3  class=\"widget-title main-block-title title-arrow\"><span>SPONSOR<\/span><\/h3>\t\t\t<div class=\"textwidget\"><div align=\"center\"><div class=\"mondobalneare-banner mondobalneare-banner-banner_2 \">  <a href=\"https:\/\/www.mondocamping.com\/fr\/fornitori\/fm-fratelli-meucci-s-r-l\/\" title=\"FM FRATELLI MEUCCI S.R.L.\"><img decoding=\"async\" src=\"https:\/\/www.mondocamping.com\/wp-content\/uploads\/2023\/05\/meucci-fr-2.jpg\" alt=\"\" \/><\/a><\/div><\/div>\n<\/div>\n\t\t<\/div>\t\t\t\t<\/div>\n\t\t\t\t<\/div>\n\t\t\t\t\t<\/div>\n\t\t<\/div>\n\t\t\t\t\t<\/div>\n\t\t<\/section>\n\t\t\t\t<\/div>\n\t\t","protected":false},"excerpt":{"rendered":"<p>Calendrier des expositions pour les exploitants de camping Sia Expo 2023 Sia Hospitality Design \u00e8 il salone internazionale dedicato al turismo &#8230; 11 &#8211; 13 Ott 2023 10:00 &#8211; 18:00 Fiera di Rimini Italia Scopri di pi\u00f9 Sett 2023 La 44^ edizione del salone Sett di Montpellier si terr\u00e0 &#8230; 07 &#8211; 09 Nov 2023 [&hellip;]<\/p>\n","protected":false},"author":5,"featured_media":0,"parent":0,"menu_order":0,"comment_status":"closed","ping_status":"closed","template":"","meta":{"_acf_changed":false,"_monsterinsights_skip_tracking":false,"_monsterinsights_sitenote_active":false,"_monsterinsights_sitenote_note":"","_monsterinsights_sitenote_category":0,"footnotes":""},"class_list":["post-158751","page","type-page","status-publish","hentry"],"acf":[],"yoast_head":"<!-- This site is optimized with the Yoast SEO plugin v27.5 - https:\/\/yoast.com\/product\/yoast-seo-wordpress\/ -->\n<title>Expositions &#8211; Mondo Camping<\/title>\n<meta name=\"robots\" content=\"index, follow, max-snippet:-1, max-image-preview:large, max-video-preview:-1\" \/>\n<link rel=\"canonical\" href=\"https:\/\/www.mondocamping.com\/fiere-ed-eventi\/\" \/>\n<meta property=\"og:locale\" content=\"fr_FR\" \/>\n<meta property=\"og:type\" content=\"article\" \/>\n<meta property=\"og:title\" content=\"Expositions &#8211; Mondo Camping\" \/>\n<meta property=\"og:description\" content=\"Calendrier des expositions pour les exploitants de camping Sia Expo 2023 Sia Hospitality Design \u00e8 il salone internazionale dedicato al turismo &#8230; 11 &#8211; 13 Ott 2023 10:00 &#8211; 18:00 Fiera di Rimini Italia Scopri di pi\u00f9 Sett 2023 La 44^ edizione del salone Sett di Montpellier si terr\u00e0 &#8230; 07 &#8211; 09 Nov 2023 [&hellip;]\" \/>\n<meta property=\"og:url\" content=\"https:\/\/www.mondocamping.com\/fiere-ed-eventi\/\" \/>\n<meta property=\"og:site_name\" content=\"Mondo Camping\" \/>\n<meta property=\"article:publisher\" content=\"https:\/\/www.facebook.com\/mondobalneare\" \/>\n<meta property=\"article:modified_time\" content=\"2023-03-13T14:49:49+00:00\" \/>\n<meta property=\"og:image\" content=\"https:\/\/www.mondocamping.com\/wp-content\/uploads\/2022\/12\/sia-2023-300x300.jpeg\" \/>\n<meta name=\"twitter:card\" content=\"summary_large_image\" \/>\n<meta name=\"twitter:site\" content=\"@mondobalneare\" \/>\n<meta name=\"twitter:label1\" content=\"Dur\u00e9e de lecture estim\u00e9e\" \/>\n\t<meta name=\"twitter:data1\" content=\"1 minute\" \/>\n<script type=\"application\/ld+json\" class=\"yoast-schema-graph\">{\"@context\":\"https:\\\/\\\/schema.org\",\"@graph\":[{\"@type\":\"WebPage\",\"@id\":\"https:\\\/\\\/www.mondocamping.com\\\/fiere-ed-eventi\\\/\",\"url\":\"https:\\\/\\\/www.mondocamping.com\\\/fiere-ed-eventi\\\/\",\"name\":\"Expositions &#8211; Mondo Camping\",\"isPartOf\":{\"@id\":\"https:\\\/\\\/www.mondocamping.com\\\/#website\"},\"primaryImageOfPage\":{\"@id\":\"https:\\\/\\\/www.mondocamping.com\\\/fiere-ed-eventi\\\/#primaryimage\"},\"image\":{\"@id\":\"https:\\\/\\\/www.mondocamping.com\\\/fiere-ed-eventi\\\/#primaryimage\"},\"thumbnailUrl\":\"https:\\\/\\\/www.mondocamping.com\\\/wp-content\\\/uploads\\\/2022\\\/12\\\/sia-2023-300x300.jpeg\",\"datePublished\":\"2023-03-13T14:49:48+00:00\",\"dateModified\":\"2023-03-13T14:49:49+00:00\",\"breadcrumb\":{\"@id\":\"https:\\\/\\\/www.mondocamping.com\\\/fiere-ed-eventi\\\/#breadcrumb\"},\"inLanguage\":\"fr-FR\",\"potentialAction\":[{\"@type\":\"ReadAction\",\"target\":[\"https:\\\/\\\/www.mondocamping.com\\\/fiere-ed-eventi\\\/\"]}]},{\"@type\":\"ImageObject\",\"inLanguage\":\"fr-FR\",\"@id\":\"https:\\\/\\\/www.mondocamping.com\\\/fiere-ed-eventi\\\/#primaryimage\",\"url\":\"https:\\\/\\\/www.mondocamping.com\\\/wp-content\\\/uploads\\\/2022\\\/12\\\/sia-2023-300x300.jpeg\",\"contentUrl\":\"https:\\\/\\\/www.mondocamping.com\\\/wp-content\\\/uploads\\\/2022\\\/12\\\/sia-2023-300x300.jpeg\"},{\"@type\":\"BreadcrumbList\",\"@id\":\"https:\\\/\\\/www.mondocamping.com\\\/fiere-ed-eventi\\\/#breadcrumb\",\"itemListElement\":[{\"@type\":\"ListItem\",\"position\":1,\"name\":\"Home\",\"item\":\"https:\\\/\\\/www.mondocamping.com\\\/fr\\\/\"},{\"@type\":\"ListItem\",\"position\":2,\"name\":\"Expositions\"}]},{\"@type\":\"WebSite\",\"@id\":\"https:\\\/\\\/www.mondocamping.com\\\/#website\",\"url\":\"https:\\\/\\\/www.mondocamping.com\\\/\",\"name\":\"Mondo Camping\",\"description\":\"Le portail d\u00e9di\u00e9 aux gestionnaires de campings et villages touristiques\",\"publisher\":{\"@id\":\"https:\\\/\\\/www.mondocamping.com\\\/#organization\"},\"potentialAction\":[{\"@type\":\"SearchAction\",\"target\":{\"@type\":\"EntryPoint\",\"urlTemplate\":\"https:\\\/\\\/www.mondocamping.com\\\/?s={search_term_string}\"},\"query-input\":{\"@type\":\"PropertyValueSpecification\",\"valueRequired\":true,\"valueName\":\"search_term_string\"}}],\"inLanguage\":\"fr-FR\"},{\"@type\":\"Organization\",\"@id\":\"https:\\\/\\\/www.mondocamping.com\\\/#organization\",\"name\":\"Mondo Camping\",\"url\":\"https:\\\/\\\/www.mondocamping.com\\\/\",\"logo\":{\"@type\":\"ImageObject\",\"inLanguage\":\"fr-FR\",\"@id\":\"https:\\\/\\\/www.mondocamping.com\\\/#\\\/schema\\\/logo\\\/image\\\/\",\"url\":\"https:\\\/\\\/www.mondocamping.com\\\/wp-content\\\/uploads\\\/2022\\\/04\\\/mondo-camping-logo-contornato-1.png\",\"contentUrl\":\"https:\\\/\\\/www.mondocamping.com\\\/wp-content\\\/uploads\\\/2022\\\/04\\\/mondo-camping-logo-contornato-1.png\",\"width\":280,\"height\":90,\"caption\":\"Mondo Camping\"},\"image\":{\"@id\":\"https:\\\/\\\/www.mondocamping.com\\\/#\\\/schema\\\/logo\\\/image\\\/\"},\"sameAs\":[\"https:\\\/\\\/www.facebook.com\\\/mondobalneare\",\"https:\\\/\\\/x.com\\\/mondobalneare\",\"https:\\\/\\\/www.instagram.com\\\/mondobalneare\\\/\",\"https:\\\/\\\/www.linkedin.com\\\/company\\\/67180810\\\/\",\"https:\\\/\\\/www.youtube.com\\\/user\\\/mondobalnearevideo\"]}]}<\/script>\n<!-- \/ Yoast SEO plugin. -->","yoast_head_json":{"title":"Expositions &#8211; Mondo Camping","robots":{"index":"index","follow":"follow","max-snippet":"max-snippet:-1","max-image-preview":"max-image-preview:large","max-video-preview":"max-video-preview:-1"},"canonical":"https:\/\/www.mondocamping.com\/fiere-ed-eventi\/","og_locale":"fr_FR","og_type":"article","og_title":"Expositions &#8211; Mondo Camping","og_description":"Calendrier des expositions pour les exploitants de camping Sia Expo 2023 Sia Hospitality Design \u00e8 il salone internazionale dedicato al turismo &#8230; 11 &#8211; 13 Ott 2023 10:00 &#8211; 18:00 Fiera di Rimini Italia Scopri di pi\u00f9 Sett 2023 La 44^ edizione del salone Sett di Montpellier si terr\u00e0 &#8230; 07 &#8211; 09 Nov 2023 [&hellip;]","og_url":"https:\/\/www.mondocamping.com\/fiere-ed-eventi\/","og_site_name":"Mondo Camping","article_publisher":"https:\/\/www.facebook.com\/mondobalneare","article_modified_time":"2023-03-13T14:49:49+00:00","og_image":[{"url":"https:\/\/www.mondocamping.com\/wp-content\/uploads\/2022\/12\/sia-2023-300x300.jpeg","type":"","width":"","height":""}],"twitter_card":"summary_large_image","twitter_site":"@mondobalneare","twitter_misc":{"Dur\u00e9e de lecture estim\u00e9e":"1 minute"},"schema":{"@context":"https:\/\/schema.org","@graph":[{"@type":"WebPage","@id":"https:\/\/www.mondocamping.com\/fiere-ed-eventi\/","url":"https:\/\/www.mondocamping.com\/fiere-ed-eventi\/","name":"Expositions &#8211; Mondo Camping","isPartOf":{"@id":"https:\/\/www.mondocamping.com\/#website"},"primaryImageOfPage":{"@id":"https:\/\/www.mondocamping.com\/fiere-ed-eventi\/#primaryimage"},"image":{"@id":"https:\/\/www.mondocamping.com\/fiere-ed-eventi\/#primaryimage"},"thumbnailUrl":"https:\/\/www.mondocamping.com\/wp-content\/uploads\/2022\/12\/sia-2023-300x300.jpeg","datePublished":"2023-03-13T14:49:48+00:00","dateModified":"2023-03-13T14:49:49+00:00","breadcrumb":{"@id":"https:\/\/www.mondocamping.com\/fiere-ed-eventi\/#breadcrumb"},"inLanguage":"fr-FR","potentialAction":[{"@type":"ReadAction","target":["https:\/\/www.mondocamping.com\/fiere-ed-eventi\/"]}]},{"@type":"ImageObject","inLanguage":"fr-FR","@id":"https:\/\/www.mondocamping.com\/fiere-ed-eventi\/#primaryimage","url":"https:\/\/www.mondocamping.com\/wp-content\/uploads\/2022\/12\/sia-2023-300x300.jpeg","contentUrl":"https:\/\/www.mondocamping.com\/wp-content\/uploads\/2022\/12\/sia-2023-300x300.jpeg"},{"@type":"BreadcrumbList","@id":"https:\/\/www.mondocamping.com\/fiere-ed-eventi\/#breadcrumb","itemListElement":[{"@type":"ListItem","position":1,"name":"Home","item":"https:\/\/www.mondocamping.com\/fr\/"},{"@type":"ListItem","position":2,"name":"Expositions"}]},{"@type":"WebSite","@id":"https:\/\/www.mondocamping.com\/#website","url":"https:\/\/www.mondocamping.com\/","name":"Mondo Camping","description":"Le portail d\u00e9di\u00e9 aux gestionnaires de campings et villages touristiques","publisher":{"@id":"https:\/\/www.mondocamping.com\/#organization"},"potentialAction":[{"@type":"SearchAction","target":{"@type":"EntryPoint","urlTemplate":"https:\/\/www.mondocamping.com\/?s={search_term_string}"},"query-input":{"@type":"PropertyValueSpecification","valueRequired":true,"valueName":"search_term_string"}}],"inLanguage":"fr-FR"},{"@type":"Organization","@id":"https:\/\/www.mondocamping.com\/#organization","name":"Mondo Camping","url":"https:\/\/www.mondocamping.com\/","logo":{"@type":"ImageObject","inLanguage":"fr-FR","@id":"https:\/\/www.mondocamping.com\/#\/schema\/logo\/image\/","url":"https:\/\/www.mondocamping.com\/wp-content\/uploads\/2022\/04\/mondo-camping-logo-contornato-1.png","contentUrl":"https:\/\/www.mondocamping.com\/wp-content\/uploads\/2022\/04\/mondo-camping-logo-contornato-1.png","width":280,"height":90,"caption":"Mondo Camping"},"image":{"@id":"https:\/\/www.mondocamping.com\/#\/schema\/logo\/image\/"},"sameAs":["https:\/\/www.facebook.com\/mondobalneare","https:\/\/x.com\/mondobalneare","https:\/\/www.instagram.com\/mondobalneare\/","https:\/\/www.linkedin.com\/company\/67180810\/","https:\/\/www.youtube.com\/user\/mondobalnearevideo"]}]}},"_links":{"self":[{"href":"https:\/\/www.mondocamping.com\/fr\/wp-json\/wp\/v2\/pages\/158751","targetHints":{"allow":["GET"]}}],"collection":[{"href":"https:\/\/www.mondocamping.com\/fr\/wp-json\/wp\/v2\/pages"}],"about":[{"href":"https:\/\/www.mondocamping.com\/fr\/wp-json\/wp\/v2\/types\/page"}],"author":[{"embeddable":true,"href":"https:\/\/www.mondocamping.com\/fr\/wp-json\/wp\/v2\/users\/5"}],"replies":[{"embeddable":true,"href":"https:\/\/www.mondocamping.com\/fr\/wp-json\/wp\/v2\/comments?post=158751"}],"version-history":[{"count":1,"href":"https:\/\/www.mondocamping.com\/fr\/wp-json\/wp\/v2\/pages\/158751\/revisions"}],"predecessor-version":[{"id":158752,"href":"https:\/\/www.mondocamping.com\/fr\/wp-json\/wp\/v2\/pages\/158751\/revisions\/158752"}],"wp:attachment":[{"href":"https:\/\/www.mondocamping.com\/fr\/wp-json\/wp\/v2\/media?parent=158751"}],"curies":[{"name":"wp","href":"https:\/\/api.w.org\/{rel}","templated":true}]}}